{"id":217,"date":"2026-03-14T00:31:22","date_gmt":"2026-03-14T03:31:22","guid":{"rendered":"https:\/\/edelterra.com\/home\/"},"modified":"2026-08-10T15:49:59","modified_gmt":"2026-08-10T19:49:59","slug":"inicio","status":"publish","type":"page","link":"https:\/\/edelterra.com\/en\/","title":{"rendered":"Inicio"},"content":{"rendered":"<div data-spectra-id=\"spectra-mgtdmbip-1pd42c\"\tstyle=\"overflow: visible;--spectra-background-gradient: radial-gradient( at center center, var(--ast-global-color-1) 0%, var(--ast-global-color-0) 100%);--spectra-overlay-opacity: 0.5\" class=\"spectra-background-video has-video-background spectra-is-root-container alignfull spectra-overlay-color spectra-overflow spectra-background-gradient spectra-dim-ratio wp-block-spectra-container\" data-responsive-videos=\"{&quot;lg&quot;:&quot;https:\\\/\\\/edelterra.com\\\/wp-content\\\/uploads\\\/2026\\\/08\\\/edelterra-portada.mp4&quot;}\" data-orientation=\"vertical\"\t>\n\t\t\t\t<div class=\"spectra-background-video__wrapper spectra-overlay-color\">\n\t\t\t\t<video role=\"presentation\" aria-hidden=\"true\" autoPlay loop muted playsinline>\n\t\t\t\t\t<source src=\"https:\/\/edelterra.com\/wp-content\/uploads\/2026\/08\/edelterra-portada.mp4\" type=\"video\/mp4\" \/>\n\t\t\t\t<\/video>\n\t\t\t<\/div>\n\t\t\n<div data-spectra-id=\"spectra-mgq9bwg1-vm0sij\" style=\"overflow: visible\" class=\"spectra-overlay-color spectra-overflow wp-block-spectra-container\" data-orientation=\"vertical\">\n\t\n\t<h2 data-spectra-id=\"spectra-425cc6b4-prefix\" style=\"--spectra-text-color: vivid-green-cyan\" class=\"has-text-color spectra-text-color wp-block-spectra-content has-vivid-green-cyan-color\">\n\t\tEdelterra Portal Inmobiliario\t<\/h2>\n\n\n\t<h1 data-spectra-id=\"spectra-425cc6b4-title\" style=\"--spectra-text-color: var(--ast-global-color-5)\" class=\"has-text-color spectra-text-color wp-block-spectra-content has-var-ast-global-color-5-color\">\n\t\tEncuentra tu propiedad\t<\/h1>\n\n\n\t<p data-spectra-id=\"spectra-425cc6b4-desc\" style=\"--spectra-text-color: ast-global-color-5\" class=\"has-text-color has-link-color spectra-text-color wp-elements-1 wp-block-spectra-content has-ast-global-color-5-color\">\n\t\tbusca en nuestro sitio web tu proximo hogar o inversion, contamos con un amplio listing de propiedades.\t<\/p>\n\n\n<div data-spectra-id=\"spectra-mgqewllh-ncc9wq\" class=\"wp-block-button spectra-buttons wp-block-spectra-buttons\">\n\t\n<a data-spectra-id=\"spectra-mgqewlmz-ta9g4y\" href=\"https:\/\/edelterra.com\/contacto\/\" target=\"_self\" aria-label=\"contacto\" style=\"background-color:#ffffff00;--spectra-text-color: ast-global-color-5;--spectra-background-color-hover: var(--ast-global-color-1);--spectra-border-hover-color: var(--ast-global-color-1)\" class=\"wp-block-button__link wp-element-button has-border-hover spectra-border-hover-override spectra-text-color spectra-background-color-hover spectra-border-hover wp-elements-2 wp-block-spectra-button has-text-color has-ast-global-color-5-color has-background\">\n<div class=\"spectra-button__link\">contacto<\/div><\/a>\n\n\n<a data-spectra-id=\"spectra-mgqexuq5-srzhzu\" href=\"https:\/\/edelterra.com\/property\/\" target=\"_self\" aria-label=\"ver propiedades\" style=\"--spectra-text-color: ast-global-color-0;--spectra-text-color-hover: var(--ast-global-color-5);--spectra-background-color: ast-global-color-5;--spectra-background-color-hover: var(--ast-global-color-1);--spectra-border-hover-color: var(--ast-global-color-1)\" class=\"wp-block-button__link wp-element-button has-border-hover spectra-border-hover-override spectra-text-color spectra-text-color-hover spectra-background-color spectra-background-color-hover spectra-border-hover wp-elements-3 wp-block-spectra-button has-text-color has-ast-global-color-0-color has-background has-ast-global-color-5-background-color\">\n<div class=\"spectra-button__link\">ver propiedades<\/div><\/a>\n\n<\/div>\n\n<\/div>\n\n<\/div>\n\n\n<div data-spectra-id=\"spectra-ms3msxwg-ilpjoz\"\tstyle=\"overflow: visible\" class=\"spectra-is-root-container alignfull spectra-overlay-color spectra-overflow wp-block-spectra-container\" data-orientation=\"vertical\"\t>\n\t\n<div class=\"ere-advanced-search-wrap ere-property-wrap\">\n    <div class=\"ere_property-advanced-search-form-wrap\">\r\n    <div data-options=\"{&quot;ajax_url&quot;:&quot;\\\/wp-admin\\\/admin-ajax.php&quot;,&quot;price_is_slider&quot;:&quot;false&quot;,&quot;enable_filter_location&quot;:&quot;1&quot;}\" class=\"ere-property-advanced-search clearfix tab color-dark \">\n    <div class=\"form-search-wrap has-status-tab\">\r\n    <div class=\"form-search-inner\">\r\n        <div class=\"ere-search-content\">\r\n            <div data-href=\"https:\/\/edelterra.com\/en\/busqueda-de-propiedades\/\" class=\"search-properties-form\">\r\n                                    <div class=\"ere-search-status-tab\">\r\n    <div class=\"ere-search-status-tab-inner\">\r\n        <input class=\"search-field\" type='hidden' name=\"status\" value=\"arriendo\" data-default-value=\"\"\/>\r\n                                <button type=\"button\" data-value=\"arriendo\" class=\"btn-status-filter active\">En Arriendo<\/button>\r\n                                <button type=\"button\" data-value=\"venta\" class=\"btn-status-filter\">En Venta<\/button>\r\n            <\/div>\r\n<\/div>                                <div class=\"form-search\">\r\n                    <div class=\"row\">\r\n                        <div class=\"col-lg-4 col-md-6 col-12 form-group\">\n\t<input type=\"text\" class=\"form-control search-field\" data-default-value=\"\" value=\"\" name=\"keyword\" placeholder=\"Enter Keyword...\">\n<\/div>\n<div class=\"col-lg-4 col-md-6 col-12 form-group\">\r\n    <select name=\"type\" title=\"Property Types\"\r\n            class=\"search-field form-control\" data-default-value=\"\">\r\n        <option value=\"bodega\">Bodega<\/option><option value=\"casa\">Casa<\/option><option value=\"comercial\">Comercial<\/option><option value=\"departamento\">Departamento<\/option><option value=\"edificio\">Edificio<\/option><option value=\"galpon\">Galp\u00f3n<\/option><option value=\"garaje\">Garaje<\/option><option value=\"mansion\">Mansion<\/option><option value=\"oficina\">Oficina<\/option><option value=\"parcela\">Parcela<\/option><option value=\"terreno\">Terreno<\/option>        <option\r\n            value=\"\"  selected='selected'>\r\n            All Types        <\/option>\r\n    <\/select>\r\n<\/div><div class=\"col-lg-4 col-md-6 col-12 form-group\">\r\n    <select name=\"country\" class=\"ere-property-country-ajax search-field form-control\" title=\"Countries\" data-selected=\"\" data-default-value=\"\">\r\n\t    <option  selected='selected' value=\"\">All Countries<\/option>\r\n\t    \t\t    <option  value=\"CL\">Chile<\/option>\r\n\t    \t\t    <option  value=\"SV\">El Salvador<\/option>\r\n\t        <\/select>\r\n<\/div><div class=\"col-lg-4 col-md-6 col-12 form-group\">\r\n    <select name=\"state\" class=\"ere-property-state-ajax search-field form-control\" title=\"States\" data-selected=\"\" data-default-value=\"\">\r\n        <option value=\"chiloe\">Chilo\u00e9<\/option><option value=\"el-salvador\">El Salvador<\/option><option value=\"la-libertad\">La Libertad<\/option><option value=\"valparaiso\">Valparaiso<\/option>        <option value=\"\"  selected='selected'>\r\n            All States        <\/option>\r\n    <\/select>\r\n<\/div><div class=\"col-lg-4 col-md-6 col-12 form-group\">\r\n    <select name=\"city\" class=\"ere-property-city-ajax search-field form-control\" title=\"Cities\" data-selected=\"\" data-default-value=\"\">\r\n        <option value=\"limache\">Limache<\/option><option value=\"papudo\">Papudo<\/option><option value=\"quilen\">Quil\u00e9n<\/option><option value=\"quillota\">Quillota<\/option><option value=\"quilpue\">Quilpue<\/option><option value=\"santa-tecla\">Santa Tecla<\/option><option value=\"valparaiso\">Valparaiso<\/option><option value=\"villa-alemana\">Villa Alemana<\/option><option value=\"vina-del-mar\">Vi\u00f1a del Mar<\/option>        <option value=\"\"  selected='selected'>\r\n            All Cities        <\/option>\r\n    <\/select>\r\n<\/div><div class=\"col-lg-4 col-md-6 col-12 form-group\">\r\n    <input type=\"text\" class=\"ere-property-identity form-control search-field\" data-default-value=\"\"\r\n           value=\"\"\r\n           name=\"property_identity\"\r\n           placeholder=\"Property ID\">\r\n<\/div>                                                    <div class=\"form-group col-lg-4 col-md-6 col-12 submit-search-form\">\r\n                                <button type=\"button\" class=\"ere-advanced-search-btn\"><i class=\"fa fa-search\"><\/i>\r\n                                    Search                                <\/button>\r\n                            <\/div>\r\n                                            <\/div>\r\n                <\/div>\r\n            <\/div>\r\n        <\/div>\r\n    <\/div>\r\n<\/div><\/div>            <div class=\"advanced-saved-searches\">\r\n            <button type=\"button\" class=\"btn btn-primary btn-xs btn-save-search\" data-toggle=\"modal\" data-target=\"#ere_signin_modal\">\r\n                Save Search<\/button>\r\n        <\/div>\r\n        <div class=\"modal fade ere_save_search_modal\" id=\"ere_save_search_modal\" tabindex=\"-1\" role=\"dialog\"\n     aria-labelledby=\"SaveSearchModalLabel\">\n\t<div class=\"modal-dialog\" role=\"document\">\n\t\t<div class=\"modal-content\">\n\t\t\t<div class=\"modal-header\">\n\t\t\t\t<h5 class=\"modal-title mb-0\" id=\"SaveSearchModalLabel\">Saved Search<\/h5>\n                <button type=\"button\" class=\"close\" data-dismiss=\"modal\" aria-label=\"Close\"><span\n                            aria-hidden=\"true\">&times;<\/span><\/button>\n\t\t\t<\/div>\n\t\t\t<div class=\"modal-body\">\n\t\t\t\t<div class=\"alert alert-info\" role=\"alert\">\n\t\t\t\t\t<i class=\"fa fa-info-circle\"><\/i>\n\t\t\t\t\tWith Saved Search, You will receive an email notification whenever someone posts a new property that matches your saved search criteria.\t\t\t\t<\/div>\n\t\t\t\t<form id=\"ere_save_search_form\" method=\"post\">\n\t\t\t\t\t<div class=\"form-group\">\n\t\t\t\t\t\t<label for=\"ere_title\">Title<\/label>\n\t\t\t\t\t\t<input type=\"text\" name=\"ere_title\" id=\"ere_title\"\n\t\t\t\t\t\t       placeholder=\"Input title\"\n\t\t\t\t\t\t       class=\"form-control\"\n\t\t\t\t\t\t       value=\"\" aria-describedby=\"parameters\">\n\t\t\t\t\t\t<input type=\"hidden\" name=\"ere_params\"\n\t\t\t\t\t\t       value=\"U3RhdHVzOiA8c3Ryb25nPmFycmllbmRvPC9zdHJvbmc+\">\n\t\t\t\t\t\t<input type=\"hidden\" name=\"ere_query\"\n\t\t\t\t\t\t       value=\"YTo4OntzOjk6InBvc3RfdHlwZSI7czo4OiJwcm9wZXJ0eSI7czoxNDoicG9zdHNfcGVyX3BhZ2UiO3M6MjoiMTIiO3M6NToicGFnZWQiO2k6MTtzOjExOiJwb3N0X3N0YXR1cyI7czo3OiJwdWJsaXNoIjtzOjc6Im9yZGVyYnkiO2E6Mjp7czoxMDoibWVudV9vcmRlciI7czozOiJBU0MiO3M6NDoiZGF0ZSI7czo0OiJERVNDIjt9czoyMDoiZXJlX29yZGVyYnlfZmVhdHVyZWQiO2I6MTtzOjEwOiJtZXRhX3F1ZXJ5IjthOjE6e3M6ODoicmVsYXRpb24iO3M6MzoiQU5EIjt9czo5OiJ0YXhfcXVlcnkiO2E6Mjp7czo4OiJyZWxhdGlvbiI7czozOiJBTkQiO2k6MDthOjE6e2k6MDthOjM6e3M6ODoidGF4b25vbXkiO3M6MTU6InByb3BlcnR5LXN0YXR1cyI7czo1OiJmaWVsZCI7czo0OiJzbHVnIjtzOjU6InRlcm1zIjtzOjg6ImFycmllbmRvIjt9fX19\">\n\t\t\t\t\t\t<input type=\"hidden\" name=\"ere_url\" value=\"\/en\/wp-json\/wp\/v2\/pages\/217\">\n\t\t\t\t\t\t<input type=\"hidden\" name=\"action\" value='ere_save_search_ajax'>\n\t\t\t\t\t\t<input type=\"hidden\" name=\"ere_save_search_ajax\"\n\t\t\t\t\t\t       value=\"9738ce7bb7\">\n\t\t\t\t\t\t<small id=\"parameters\" class=\"form-text text-muted\">\n                            Parameters: Status: <strong>arriendo<\/strong>                        <\/small>\n\t\t\t\t\t<\/div>\n\t\t\t\t<\/form>\n\t\t\t<\/div>\n\t\t\t<div class=\"modal-footer\">\n\t\t\t\t<button type=\"button\" class=\"btn btn-dark btn-default\"\n\t\t\t\t        data-dismiss=\"modal\">Close<\/button>\n\t\t\t\t<button data-ajax-url=\"\/wp-admin\/admin-ajax.php\" id=\"ere_save_search\"\n\t\t\t\t        class=\"btn btn-primary\"\n\t\t\t\t        type=\"button\">Save<\/button>\n\t\t\t<\/div>\n\t\t<\/div>\n\t<\/div>\n<\/div>    <\/div>\r\n    <div class=\"ere-archive-property\">\n        <div class=\"above-archive-property\">\n            <div class=\"ere-heading\">\r\n\t\t\t<h2>Properties\t\t\t<sub>(9)<\/sub><\/h2>\r\n\t<\/div><div class=\"archive-property-action ere__archive-actions ere__archive-property-actions\">\r\n    <div class=\"ere__apa-item ere__apa-orderby dropdown\">\r\n    <a href=\"#\" class=\"dropdown-toggle\" data-toggle=\"dropdown\">\r\n        Sort By    <\/a>\r\n    <div class=\"dropdown-menu\">\r\n                    <a data-sortby=\"\" title=\"Default Order\" class=\"dropdown-item\" href=\"\/en\/wp-json\/wp\/v2\/pages\/217?sortby=default\">Default Order<\/a>\r\n                    <a data-sortby=\"\" title=\"Featured\" class=\"dropdown-item\" href=\"\/en\/wp-json\/wp\/v2\/pages\/217?sortby=featured\">Featured<\/a>\r\n                    <a data-sortby=\"\" title=\"Most Viewed\" class=\"dropdown-item\" href=\"\/en\/wp-json\/wp\/v2\/pages\/217?sortby=most_viewed\">Most Viewed<\/a>\r\n                    <a data-sortby=\"\" title=\"Price (Low to High)\" class=\"dropdown-item\" href=\"\/en\/wp-json\/wp\/v2\/pages\/217?sortby=a_price\">Price (Low to High)<\/a>\r\n                    <a data-sortby=\"\" title=\"Price (High to Low)\" class=\"dropdown-item\" href=\"\/en\/wp-json\/wp\/v2\/pages\/217?sortby=d_price\">Price (High to Low)<\/a>\r\n                    <a data-sortby=\"\" title=\"Date (Old to New)\" class=\"dropdown-item\" href=\"\/en\/wp-json\/wp\/v2\/pages\/217?sortby=a_date\">Date (Old to New)<\/a>\r\n                    <a data-sortby=\"\" title=\"Date (New to Old)\" class=\"dropdown-item\" href=\"\/en\/wp-json\/wp\/v2\/pages\/217?sortby=d_date\">Date (New to Old)<\/a>\r\n            <\/div>\r\n<\/div>\r\n<div class=\"ere__apa-item ere__apa-switch-layout\">\r\n    <div class=\"view-as\" data-admin-url=\"\/wp-admin\/admin-ajax.php\">\r\n                    <span data-view-as=\"property-list\" class=\"view-as-list\" title=\"View as List\">\r\n                        <i class=\"fa fa-list-ul\"><\/i>\r\n                    <\/span>\r\n        <span data-view-as=\"property-grid\" class=\"view-as-grid\" title=\"View as Grid\">\r\n                        <i class=\"fa fa-th-large\"><\/i>\r\n                    <\/span>\r\n    <\/div>\r\n<\/div>\r\n<\/div>\r\n        <\/div>\n        <div class=\"ere-property clearfix property-grid col-gap-0 columns-3 columns-md-3 columns-sm-2 columns-xs-1 columns-mb-1\">\n            \n                    <div class=\"ere-item-wrap\">\n\t<div class=\"property-inner\">\n        <div class=\"property-image\">\r\n    <img loading=\"lazy\" decoding=\"async\" width=\"330\"\r\n     height=\"180\"\r\n     src=\"https:\/\/edelterra.com\/wp-content\/uploads\/2026\/04\/WWW.EDELTERRA.CL_foto1-58-p2533-330x180.jpg\"\r\n     onerror=\"this.src = 'https:\/\/edelterra.com\/wp-content\/plugins\/essential-real-estate\/public\/assets\/images\/map-marker-icon.png';\"\r\n     alt=\"Excelente Local Comercial de 60 m\u00b2 &#8211; Sector Colegio Champagnat\"\r\n     title=\"Excelente Local Comercial de 60 m\u00b2 &#8211; Sector Colegio Champagnat\">\r\n\r\n<div class=\"ere__loop-property-action property-action\">\r\n    <a data-toggle=\"tooltip\"\r\n   title=\"(7) Photos\"\r\n   data-property-id=\"2533\"\r\n   href=\"javascript:void(0)\" class=\"property-view-gallery ere__loop-property_action-item\">\r\n    <i class=\"fa fa-camera\"><\/i>\r\n<\/a>\r\n<a href=\"javascript:void(0)\" class=\"property-favorite ere__loop-property_action-item\" data-property-id=\"2533\"\r\n   data-toggle=\"tooltip\"\r\n   title=\"Add to Favorite\"\r\n   data-title-not-favorite=\"Add to Favorite\"\r\n   data-title-favorited=\"It is my favorite\"\r\n   data-icon-not-favorite=\"fa fa-star-o\"\r\n   data-icon-favorited=\"fa fa-star\">\r\n    <i class=\"fa fa-star-o\"><\/i>\r\n<\/a>\r\n<a class=\"compare-property ere__loop-property_action-item\" href=\"javascript:void(0)\"\r\n   data-property-id=\"2533\" data-toggle=\"tooltip\"\r\n   title=\"Compare\">\r\n    <i class=\"fa fa-plus\"><\/i>\r\n<\/a>\r\n<\/div><div class=\"ere__loop-property-badge ere__lpb-status\">\r\n                    <span style=\"--ere-loop-property-badge-bg-color:#888\" class=\"ere__loop-property-badge-item ere__term-status arriendo\" >\r\n            <span class=\"ere__lpbi-inner\">\r\n                En Arriendo            <\/span>\r\n        <\/span>\r\n    <\/div>\r\n<a class=\"property-link\" href=\"https:\/\/edelterra.com\/en\/property\/excelente-local-comercial-de-60-m%c2%b2-sector-colegio-champagnat\/\" title=\"Excelente Local Comercial de 60 m\u00b2 &#8211; Sector Colegio Champagnat\"><\/a>\r\n<\/div>\r\n\r\n\t\t<div class=\"property-item-content\">\n\t\t\t<div class=\"property-heading\">\n                <h2 class=\"property-title\">\n    <a href=\"https:\/\/edelterra.com\/en\/property\/excelente-local-comercial-de-60-m%c2%b2-sector-colegio-champagnat\/\" title=\"Excelente Local Comercial de 60 m\u00b2 &#8211; Sector Colegio Champagnat\">Excelente Local Comercial de 60 m\u00b2 &#8211; Sector Colegio Champagnat<\/a>\n<\/h2>\n\t<span class=\"property-price ere__loop-property-price\">\n\t\t\t\t$1.300.000\t\t\t\t\t<span class=\"property-price-postfix\">\/ mensual<\/span>\n\t\t\t<\/span>\n\t\t\t<\/div>\n            <div class=\"property-location ere__loop-property-location\" title=\"292 Paul Harris &amp; Pedro Montt Villa Alemana\">\n\t<i class=\"fa fa-map-marker\"><\/i>\n\t<a target=\"_blank\" href=\"http:\/\/maps.google.com\/?q=292%20Paul%20Harris%20&#038;%20Pedro%20Montt%20Villa%20Alemana\"><span>292 Paul Harris &amp; Pedro Montt Villa Alemana<\/span><\/a>\n<\/div>\n<div class=\"property-element-inline\">\r\n    <div class=\"property-type-list\"><i class=\"fa fa-tag\"><\/i><a href=\"https:\/\/edelterra.com\/en\/property-type\/comercial\/\" rel=\"tag\">Comercial<\/a><\/div><div class=\"property-agent\">\r\n    <a href=\"#\" title=\"German Adasme\">\r\n        <i class=\"fa fa-user\"><\/i>\r\n        <span>German Adasme<\/span>\r\n    <\/a>\r\n<\/div>\r\n<div class=\"property-date\">\r\n    <i class=\"fa fa-calendar\"><\/i>\r\n     4 months ago<\/div>\r\n<\/div>\r\n<div class=\"property-excerpt\">\r\n    <p>Se arrienda amplio local comercial a estrenar en Villa Alemana. Ubicado estrat\u00e9gicamente en la intersecci\u00f3n de Paul Harris con Pedro Montt, a solo pasos del Colegio Champagnat. Superficie: 60 m\u00b2 (Planta libre). Equipamiento: Cortina met\u00e1lica de seguridad y ba\u00f1o privado. Estado: Nuevo, listo para habilitar. Valor: $1.300.000 mensuales.<\/p>\n<\/div>\r\n<div class=\"ere__loop-property-info property-info layout-1\">\r\n    <div class=\"property-info-inner\">\r\n        <div class=\"ere__loop-property-info-item property-area\" data-toggle=\"tooltip\" title=\"Size\">\r\n    <i class=\"fa fa-arrows\"><\/i>\r\n    <div class=\"ere__lpi-content\">\r\n        <span class=\"ere__lpi-value\">60 m<sup>2<\/sup><\/span>\r\n        <span class=\"ere__lpi-label\">Size<\/span>\r\n    <\/div>\r\n<\/div>\r\n\r\n<div class=\"ere__loop-property-info-item property-bathrooms\" data-toggle=\"tooltip\" title=\"1 Bathroom\">\r\n    <i class=\"fa fa-bath\"><\/i>\r\n    <div class=\"ere__lpi-content\">\r\n        <span class=\"ere__lpi-value\">1<\/span>\r\n        <span class=\"ere__lpi-label\">Bathroom<\/span>\r\n    <\/div>\r\n<\/div>\r\n    <\/div>\r\n<\/div>\r\n\n\t\t<\/div>\n\t<\/div>\n<\/div>\n                \n                    <div class=\"ere-item-wrap\">\n\t<div class=\"property-inner\">\n        <div class=\"property-image\">\r\n    <img loading=\"lazy\" decoding=\"async\" width=\"330\"\r\n     height=\"180\"\r\n     src=\"https:\/\/edelterra.com\/wp-content\/uploads\/2026\/04\/WWW.EDELTERRA.COM_foto1-60-p2554-330x180.jpg\"\r\n     onerror=\"this.src = 'https:\/\/edelterra.com\/wp-content\/plugins\/essential-real-estate\/public\/assets\/images\/map-marker-icon.png';\"\r\n     alt=\"Arriendo Excelente Casa Comercial con Gran Terreno y Conectividad\"\r\n     title=\"Arriendo Excelente Casa Comercial con Gran Terreno y Conectividad\">\r\n\r\n<div class=\"ere__loop-property-action property-action\">\r\n    <a data-toggle=\"tooltip\"\r\n   title=\"(18) Photos\"\r\n   data-property-id=\"2554\"\r\n   href=\"javascript:void(0)\" class=\"property-view-gallery ere__loop-property_action-item\">\r\n    <i class=\"fa fa-camera\"><\/i>\r\n<\/a>\r\n<a href=\"javascript:void(0)\" class=\"property-favorite ere__loop-property_action-item\" data-property-id=\"2554\"\r\n   data-toggle=\"tooltip\"\r\n   title=\"Add to Favorite\"\r\n   data-title-not-favorite=\"Add to Favorite\"\r\n   data-title-favorited=\"It is my favorite\"\r\n   data-icon-not-favorite=\"fa fa-star-o\"\r\n   data-icon-favorited=\"fa fa-star\">\r\n    <i class=\"fa fa-star-o\"><\/i>\r\n<\/a>\r\n<a class=\"compare-property ere__loop-property_action-item\" href=\"javascript:void(0)\"\r\n   data-property-id=\"2554\" data-toggle=\"tooltip\"\r\n   title=\"Compare\">\r\n    <i class=\"fa fa-plus\"><\/i>\r\n<\/a>\r\n<\/div><div class=\"ere__loop-property-badge ere__lpb-status\">\r\n                    <span style=\"--ere-loop-property-badge-bg-color:#888\" class=\"ere__loop-property-badge-item ere__term-status arriendo\" >\r\n            <span class=\"ere__lpbi-inner\">\r\n                En Arriendo            <\/span>\r\n        <\/span>\r\n    <\/div>\r\n<a class=\"property-link\" href=\"https:\/\/edelterra.com\/en\/property\/arriendo-excelente-casa-comercial-con-gran-terreno-y-conectividad\/\" title=\"Arriendo Excelente Casa Comercial con Gran Terreno y Conectividad\"><\/a>\r\n<\/div>\r\n\r\n\t\t<div class=\"property-item-content\">\n\t\t\t<div class=\"property-heading\">\n                <h2 class=\"property-title\">\n    <a href=\"https:\/\/edelterra.com\/en\/property\/arriendo-excelente-casa-comercial-con-gran-terreno-y-conectividad\/\" title=\"Arriendo Excelente Casa Comercial con Gran Terreno y Conectividad\">Arriendo Excelente Casa Comercial con Gran Terreno y Conectividad<\/a>\n<\/h2>\n\t<span class=\"property-price ere__loop-property-price\">\n\t\t\t\t$2.000.000\t\t\t\t\t<span class=\"property-price-postfix\">\/ mensual<\/span>\n\t\t\t<\/span>\n\t\t\t<\/div>\n            <div class=\"property-location ere__loop-property-location\" title=\"061 Pedro Montt Villa Alemana\">\n\t<i class=\"fa fa-map-marker\"><\/i>\n\t<a target=\"_blank\" href=\"http:\/\/maps.google.com\/?q=061%20Pedro%20Montt%20Villa%20Alemana\"><span>061 Pedro Montt Villa Alemana<\/span><\/a>\n<\/div>\n<div class=\"property-element-inline\">\r\n    <div class=\"property-type-list\"><i class=\"fa fa-tag\"><\/i><a href=\"https:\/\/edelterra.com\/en\/property-type\/comercial\/\" rel=\"tag\">Comercial<\/a><\/div><div class=\"property-agent\">\r\n    <a href=\"#\" title=\"German Adasme\">\r\n        <i class=\"fa fa-user\"><\/i>\r\n        <span>German Adasme<\/span>\r\n    <\/a>\r\n<\/div>\r\n<div class=\"property-date\">\r\n    <i class=\"fa fa-calendar\"><\/i>\r\n     4 months ago<\/div>\r\n<\/div>\r\n<div class=\"property-excerpt\">\r\n    <p>Ideal para instituciones, oficinas o servicios que requieran espacio y seguridad. Esta propiedad ofrece 1.000 m\u00b2 de terreno con abundante espacio libre para estacionamientos y una bodega de gran tama\u00f1o. La construcci\u00f3n de 140 m\u00b2 incluye 4 privados (dormitorios) y 2 ba\u00f1os. Ubicada en el sector estrat\u00e9gico de Pedro Montt, Villa Alemana, garantizando flujo y [&hellip;]<\/p>\n<\/div>\r\n<div class=\"ere__loop-property-info property-info layout-1\">\r\n    <div class=\"property-info-inner\">\r\n        <div class=\"ere__loop-property-info-item property-area\" data-toggle=\"tooltip\" title=\"Size\">\r\n    <i class=\"fa fa-arrows\"><\/i>\r\n    <div class=\"ere__lpi-content\">\r\n        <span class=\"ere__lpi-value\">142 m<sup>2<\/sup><\/span>\r\n        <span class=\"ere__lpi-label\">Size<\/span>\r\n    <\/div>\r\n<\/div>\r\n\r\n<div class=\"ere__loop-property-info-item property-bathrooms\" data-toggle=\"tooltip\" title=\"2 Bathrooms\">\r\n    <i class=\"fa fa-bath\"><\/i>\r\n    <div class=\"ere__lpi-content\">\r\n        <span class=\"ere__lpi-value\">2<\/span>\r\n        <span class=\"ere__lpi-label\">Bathrooms<\/span>\r\n    <\/div>\r\n<\/div>\r\n    <\/div>\r\n<\/div>\r\n\n\t\t<\/div>\n\t<\/div>\n<\/div>\n                \n                    <div class=\"ere-item-wrap\">\n\t<div class=\"property-inner\">\n        <div class=\"property-image\">\r\n    <img loading=\"lazy\" decoding=\"async\" width=\"330\"\r\n     height=\"180\"\r\n     src=\"https:\/\/edelterra.com\/wp-content\/uploads\/2026\/03\/foto2-p21-2026-01-04-330x180.jpg\"\r\n     onerror=\"this.src = 'https:\/\/edelterra.com\/wp-content\/plugins\/essential-real-estate\/public\/assets\/images\/map-marker-icon.png';\"\r\n     alt=\"ARRIENDO COMERCIAL \u2013 Centro Comercial CARACOL, Villa Alemana\"\r\n     title=\"ARRIENDO COMERCIAL \u2013 Centro Comercial CARACOL, Villa Alemana\">\r\n\r\n<div class=\"ere__loop-property-action property-action\">\r\n    <a data-toggle=\"tooltip\"\r\n   title=\"(8) Photos\"\r\n   data-property-id=\"2108\"\r\n   href=\"javascript:void(0)\" class=\"property-view-gallery ere__loop-property_action-item\">\r\n    <i class=\"fa fa-camera\"><\/i>\r\n<\/a>\r\n<a href=\"javascript:void(0)\" class=\"property-favorite ere__loop-property_action-item\" data-property-id=\"2108\"\r\n   data-toggle=\"tooltip\"\r\n   title=\"Add to Favorite\"\r\n   data-title-not-favorite=\"Add to Favorite\"\r\n   data-title-favorited=\"It is my favorite\"\r\n   data-icon-not-favorite=\"fa fa-star-o\"\r\n   data-icon-favorited=\"fa fa-star\">\r\n    <i class=\"fa fa-star-o\"><\/i>\r\n<\/a>\r\n<a class=\"compare-property ere__loop-property_action-item\" href=\"javascript:void(0)\"\r\n   data-property-id=\"2108\" data-toggle=\"tooltip\"\r\n   title=\"Compare\">\r\n    <i class=\"fa fa-plus\"><\/i>\r\n<\/a>\r\n<\/div><div class=\"ere__loop-property-badge ere__lpb-status\">\r\n                    <span style=\"--ere-loop-property-badge-bg-color:#888\" class=\"ere__loop-property-badge-item ere__term-status arriendo\" >\r\n            <span class=\"ere__lpbi-inner\">\r\n                En Arriendo            <\/span>\r\n        <\/span>\r\n    <\/div>\r\n<a class=\"property-link\" href=\"https:\/\/edelterra.com\/en\/property\/arriendo-comercial-centro-comercial-caracol-villa-alemana\/\" title=\"ARRIENDO COMERCIAL \u2013 Centro Comercial CARACOL, Villa Alemana\"><\/a>\r\n<\/div>\r\n\r\n\t\t<div class=\"property-item-content\">\n\t\t\t<div class=\"property-heading\">\n                <h2 class=\"property-title\">\n    <a href=\"https:\/\/edelterra.com\/en\/property\/arriendo-comercial-centro-comercial-caracol-villa-alemana\/\" title=\"ARRIENDO COMERCIAL \u2013 Centro Comercial CARACOL, Villa Alemana\">ARRIENDO COMERCIAL \u2013 Centro Comercial CARACOL, Villa Alemana<\/a>\n<\/h2>\n\t<span class=\"property-price ere__loop-property-price\">\n\t\t\t\t\t<span class=\"property-price-prefix\">UF<\/span>\n\t\t\t\t$12\t\t\t\t\t<span class=\"property-price-postfix\">\/ desde\/mes<\/span>\n\t\t\t<\/span>\n\t\t\t<\/div>\n            <div class=\"property-location ere__loop-property-location\" title=\"Almte. Latorre 91, Local 2&amp;3, 6500000 Villa Alemana, Valpara\u00edso, Chile\">\n\t<i class=\"fa fa-map-marker\"><\/i>\n\t<a target=\"_blank\" href=\"http:\/\/maps.google.com\/?q=Almte.%20Latorre%2091,%20Local%202&#038;3,%206500000%20Villa%20Alemana,%20Valpara\u00edso,%20Chile\"><span>Almte. Latorre 91, Local 2&amp;3, 6500000 Villa Alemana, Valpara\u00edso, Chile<\/span><\/a>\n<\/div>\n<div class=\"property-element-inline\">\r\n    <div class=\"property-type-list\"><i class=\"fa fa-tag\"><\/i><a href=\"https:\/\/edelterra.com\/en\/property-type\/comercial\/\" rel=\"tag\">Comercial<\/a><\/div><div class=\"property-agent\">\r\n    <a href=\"#\" title=\"German Adasme\">\r\n        <i class=\"fa fa-user\"><\/i>\r\n        <span>German Adasme<\/span>\r\n    <\/a>\r\n<\/div>\r\n<div class=\"property-date\">\r\n    <i class=\"fa fa-calendar\"><\/i>\r\n     5 months ago<\/div>\r\n<\/div>\r\n<div class=\"property-excerpt\">\r\n    <p>Excelente oportunidad de arriendo en el coraz\u00f3n de la ciudad. Disponemos de locales comerciales estrat\u00e9gicamente ubicados en Paseo Latorre 91, un sector de alto flujo peatonal y conectividad total. Disponibilidad y Valores: 46 m\u00b2: 14 UF Local 14 60 m\u00b2: 12 UF Local 16 72 m\u00b2: 15 UF Local 10 Caracter\u00edsticas Destacadas: Plantas vers\u00e1tiles aptas [&hellip;]<\/p>\n<\/div>\r\n<div class=\"ere__loop-property-info property-info layout-1\">\r\n    <div class=\"property-info-inner\">\r\n        <div class=\"ere__loop-property-info-item property-area\" data-toggle=\"tooltip\" title=\"Size\">\r\n    <i class=\"fa fa-arrows\"><\/i>\r\n    <div class=\"ere__lpi-content\">\r\n        <span class=\"ere__lpi-value\">30 m<sup>2<\/sup><\/span>\r\n        <span class=\"ere__lpi-label\">Size<\/span>\r\n    <\/div>\r\n<\/div>\r\n\r\n    <\/div>\r\n<\/div>\r\n\n\t\t<\/div>\n\t<\/div>\n<\/div>\n                \n                    <div class=\"ere-item-wrap\">\n\t<div class=\"property-inner\">\n        <div class=\"property-image\">\r\n    <img loading=\"lazy\" decoding=\"async\" width=\"330\"\r\n     height=\"180\"\r\n     src=\"https:\/\/edelterra.com\/wp-content\/uploads\/2026\/03\/26-p2122-foto12-330x180.jpg\"\r\n     onerror=\"this.src = 'https:\/\/edelterra.com\/wp-content\/plugins\/essential-real-estate\/public\/assets\/images\/map-marker-icon.png';\"\r\n     alt=\"Oficina o Local en el Centro de Villa Alemana \u2013 Paseo Latorre\"\r\n     title=\"Oficina o Local en el Centro de Villa Alemana \u2013 Paseo Latorre\">\r\n\r\n<div class=\"ere__loop-property-action property-action\">\r\n    <a data-toggle=\"tooltip\"\r\n   title=\"(11) Photos\"\r\n   data-property-id=\"2057\"\r\n   href=\"javascript:void(0)\" class=\"property-view-gallery ere__loop-property_action-item\">\r\n    <i class=\"fa fa-camera\"><\/i>\r\n<\/a>\r\n<a href=\"javascript:void(0)\" class=\"property-favorite ere__loop-property_action-item\" data-property-id=\"2057\"\r\n   data-toggle=\"tooltip\"\r\n   title=\"Add to Favorite\"\r\n   data-title-not-favorite=\"Add to Favorite\"\r\n   data-title-favorited=\"It is my favorite\"\r\n   data-icon-not-favorite=\"fa fa-star-o\"\r\n   data-icon-favorited=\"fa fa-star\">\r\n    <i class=\"fa fa-star-o\"><\/i>\r\n<\/a>\r\n<a class=\"compare-property ere__loop-property_action-item\" href=\"javascript:void(0)\"\r\n   data-property-id=\"2057\" data-toggle=\"tooltip\"\r\n   title=\"Compare\">\r\n    <i class=\"fa fa-plus\"><\/i>\r\n<\/a>\r\n<\/div><div class=\"ere__loop-property-badge ere__lpb-status\">\r\n                    <span style=\"--ere-loop-property-badge-bg-color:#888\" class=\"ere__loop-property-badge-item ere__term-status arriendo\" >\r\n            <span class=\"ere__lpbi-inner\">\r\n                En Arriendo            <\/span>\r\n        <\/span>\r\n    <\/div>\r\n<a class=\"property-link\" href=\"https:\/\/edelterra.com\/en\/property\/oficina-o-local-en-el-centro-de-villa-alemana-paseo-latorre\/\" title=\"Oficina o Local en el Centro de Villa Alemana \u2013 Paseo Latorre\"><\/a>\r\n<\/div>\r\n\r\n\t\t<div class=\"property-item-content\">\n\t\t\t<div class=\"property-heading\">\n                <h2 class=\"property-title\">\n    <a href=\"https:\/\/edelterra.com\/en\/property\/oficina-o-local-en-el-centro-de-villa-alemana-paseo-latorre\/\" title=\"Oficina o Local en el Centro de Villa Alemana \u2013 Paseo Latorre\">Oficina o Local en el Centro de Villa Alemana \u2013 Paseo Latorre<\/a>\n<\/h2>\n\t<span class=\"property-price ere__loop-property-price\">\n\t\t\t\t$250.000\t\t\t<\/span>\n\t\t\t<\/div>\n            <div class=\"property-location ere__loop-property-location\" title=\"Almte. Latorre 91, 6500000 Villa Alemana, Valpara\u00edso, Chile\">\n\t<i class=\"fa fa-map-marker\"><\/i>\n\t<a target=\"_blank\" href=\"http:\/\/maps.google.com\/?q=Almte.%20Latorre%2091,%206500000%20Villa%20Alemana,%20Valpara\u00edso,%20Chile\"><span>Almte. Latorre 91, 6500000 Villa Alemana, Valpara\u00edso, Chile<\/span><\/a>\n<\/div>\n<div class=\"property-element-inline\">\r\n    <div class=\"property-type-list\"><i class=\"fa fa-tag\"><\/i><a href=\"https:\/\/edelterra.com\/en\/property-type\/comercial\/\" rel=\"tag\">Comercial<\/a><\/div><div class=\"property-agent\">\r\n    <a href=\"#\" title=\"German Adasme\">\r\n        <i class=\"fa fa-user\"><\/i>\r\n        <span>German Adasme<\/span>\r\n    <\/a>\r\n<\/div>\r\n<div class=\"property-date\">\r\n    <i class=\"fa fa-calendar\"><\/i>\r\n     5 months ago<\/div>\r\n<\/div>\r\n<div class=\"property-excerpt\">\r\n    <p>Potencia tu negocio en una ubicaci\u00f3n estrat\u00e9gica. Se arrienda propiedad de 22 m\u00b2 en la reconocida Galer\u00eda Comercial Paseo Latorre. Un espacio destacado por su luminosidad y vista privilegiada, perfecto para servicios profesionales o emprendimientos comerciales. Canon: $250.000 mensuales. Ventajas: Entrega inmediata, excelente conectividad y alto flujo peatonal. Nota: Cuenta con ba\u00f1o compartido.<\/p>\n<\/div>\r\n<div class=\"ere__loop-property-info property-info layout-1\">\r\n    <div class=\"property-info-inner\">\r\n        <div class=\"ere__loop-property-info-item property-area\" data-toggle=\"tooltip\" title=\"Size\">\r\n    <i class=\"fa fa-arrows\"><\/i>\r\n    <div class=\"ere__lpi-content\">\r\n        <span class=\"ere__lpi-value\">22 m<sup>2<\/sup><\/span>\r\n        <span class=\"ere__lpi-label\">Size<\/span>\r\n    <\/div>\r\n<\/div>\r\n\r\n    <\/div>\r\n<\/div>\r\n\n\t\t<\/div>\n\t<\/div>\n<\/div>\n                \n                    <div class=\"ere-item-wrap\">\n\t<div class=\"property-inner\">\n        <div class=\"property-image\">\r\n    <img loading=\"lazy\" decoding=\"async\" width=\"330\"\r\n     height=\"180\"\r\n     src=\"https:\/\/edelterra.com\/wp-content\/uploads\/2026\/04\/foto28-55-p2423_1-330x180.webp\"\r\n     onerror=\"this.src = 'https:\/\/edelterra.com\/wp-content\/plugins\/essential-real-estate\/public\/assets\/images\/map-marker-icon.png';\"\r\n     alt=\"Arriendo Local Comercial en Pleno Centro de Vi\u00f1a del Mar\"\r\n     title=\"Arriendo Local Comercial en Pleno Centro de Vi\u00f1a del Mar\">\r\n\r\n<div class=\"ere__loop-property-action property-action\">\r\n    <a data-toggle=\"tooltip\"\r\n   title=\"(14) Photos\"\r\n   data-property-id=\"2423\"\r\n   href=\"javascript:void(0)\" class=\"property-view-gallery ere__loop-property_action-item\">\r\n    <i class=\"fa fa-camera\"><\/i>\r\n<\/a>\r\n<a href=\"javascript:void(0)\" class=\"property-favorite ere__loop-property_action-item\" data-property-id=\"2423\"\r\n   data-toggle=\"tooltip\"\r\n   title=\"Add to Favorite\"\r\n   data-title-not-favorite=\"Add to Favorite\"\r\n   data-title-favorited=\"It is my favorite\"\r\n   data-icon-not-favorite=\"fa fa-star-o\"\r\n   data-icon-favorited=\"fa fa-star\">\r\n    <i class=\"fa fa-star-o\"><\/i>\r\n<\/a>\r\n<a class=\"compare-property ere__loop-property_action-item\" href=\"javascript:void(0)\"\r\n   data-property-id=\"2423\" data-toggle=\"tooltip\"\r\n   title=\"Compare\">\r\n    <i class=\"fa fa-plus\"><\/i>\r\n<\/a>\r\n<\/div><div class=\"ere__loop-property-badge ere__lpb-status\">\r\n                    <span style=\"--ere-loop-property-badge-bg-color:#888\" class=\"ere__loop-property-badge-item ere__term-status arriendo\" >\r\n            <span class=\"ere__lpbi-inner\">\r\n                En Arriendo            <\/span>\r\n        <\/span>\r\n    <\/div>\r\n<a class=\"property-link\" href=\"https:\/\/edelterra.com\/en\/property\/arriendo-local-comercial-en-pleno-centro-de-vina-del-mar\/\" title=\"Arriendo Local Comercial en Pleno Centro de Vi\u00f1a del Mar\"><\/a>\r\n<\/div>\r\n\r\n\t\t<div class=\"property-item-content\">\n\t\t\t<div class=\"property-heading\">\n                <h2 class=\"property-title\">\n    <a href=\"https:\/\/edelterra.com\/en\/property\/arriendo-local-comercial-en-pleno-centro-de-vina-del-mar\/\" title=\"Arriendo Local Comercial en Pleno Centro de Vi\u00f1a del Mar\">Arriendo Local Comercial en Pleno Centro de Vi\u00f1a del Mar<\/a>\n<\/h2>\n\t<span class=\"property-price ere__loop-property-price\">\n\t\t\t\t$990.000\t\t\t\t\t<span class=\"property-price-postfix\">\/ Mensual<\/span>\n\t\t\t<\/span>\n\t\t\t<\/div>\n            <div class=\"property-location ere__loop-property-location\" title=\"Calle Ecuador 211, Vi\u00f1a del Mar\">\n\t<i class=\"fa fa-map-marker\"><\/i>\n\t<a target=\"_blank\" href=\"http:\/\/maps.google.com\/?q=Calle%20Ecuador%20211,%20Vi\u00f1a%20del%20Mar\"><span>Calle Ecuador 211, Vi\u00f1a del Mar<\/span><\/a>\n<\/div>\n<div class=\"property-element-inline\">\r\n    <div class=\"property-type-list\"><i class=\"fa fa-tag\"><\/i><a href=\"https:\/\/edelterra.com\/en\/property-type\/comercial\/\" rel=\"tag\">Comercial<\/a><\/div><div class=\"property-agent\">\r\n    <a href=\"#\" title=\"German Adasme\">\r\n        <i class=\"fa fa-user\"><\/i>\r\n        <span>German Adasme<\/span>\r\n    <\/a>\r\n<\/div>\r\n<div class=\"property-date\">\r\n    <i class=\"fa fa-calendar\"><\/i>\r\n     4 months ago<\/div>\r\n<\/div>\r\n<div class=\"property-excerpt\">\r\n    <p>Arriendo Local Comercial en Pleno Centro de Vi\u00f1a del Mar Se ofrece excelente local de 35 m\u00b2 con ba\u00f1o privado, estrat\u00e9gicamente ubicado en calle Ecuador (entre Av. Valpara\u00edso y Viana). Un sector de alto flujo peatonal y vehicular. Valor mensual: $990.000 Garant\u00eda: 2 meses de arriendo. Condiciones: Se solicita documentaci\u00f3n con cheques por el a\u00f1o [&hellip;]<\/p>\n<\/div>\r\n<div class=\"ere__loop-property-info property-info layout-1\">\r\n    <div class=\"property-info-inner\">\r\n        <div class=\"ere__loop-property-info-item property-area\" data-toggle=\"tooltip\" title=\"Size\">\r\n    <i class=\"fa fa-arrows\"><\/i>\r\n    <div class=\"ere__lpi-content\">\r\n        <span class=\"ere__lpi-value\">35 m<sup>2<\/sup><\/span>\r\n        <span class=\"ere__lpi-label\">Size<\/span>\r\n    <\/div>\r\n<\/div>\r\n\r\n<div class=\"ere__loop-property-info-item property-bathrooms\" data-toggle=\"tooltip\" title=\"1 Bathroom\">\r\n    <i class=\"fa fa-bath\"><\/i>\r\n    <div class=\"ere__lpi-content\">\r\n        <span class=\"ere__lpi-value\">1<\/span>\r\n        <span class=\"ere__lpi-label\">Bathroom<\/span>\r\n    <\/div>\r\n<\/div>\r\n    <\/div>\r\n<\/div>\r\n\n\t\t<\/div>\n\t<\/div>\n<\/div>\n                \n                    <div class=\"ere-item-wrap\">\n\t<div class=\"property-inner\">\n        <div class=\"property-image\">\r\n    <img loading=\"lazy\" decoding=\"async\" width=\"330\"\r\n     height=\"180\"\r\n     src=\"https:\/\/edelterra.com\/wp-content\/uploads\/2026\/06\/75-p3139-foto3-scaled-330x180.jpg\"\r\n     onerror=\"this.src = 'https:\/\/edelterra.com\/wp-content\/plugins\/essential-real-estate\/public\/assets\/images\/map-marker-icon.png';\"\r\n     alt=\"Arriendo de Oficina \/ Bodega \u2013 Centro de Villa Alemana\"\r\n     title=\"Arriendo de Oficina \/ Bodega \u2013 Centro de Villa Alemana\">\r\n\r\n<div class=\"ere__loop-property-action property-action\">\r\n    <a data-toggle=\"tooltip\"\r\n   title=\"(9) Photos\"\r\n   data-property-id=\"3139\"\r\n   href=\"javascript:void(0)\" class=\"property-view-gallery ere__loop-property_action-item\">\r\n    <i class=\"fa fa-camera\"><\/i>\r\n<\/a>\r\n<a href=\"javascript:void(0)\" class=\"property-favorite ere__loop-property_action-item\" data-property-id=\"3139\"\r\n   data-toggle=\"tooltip\"\r\n   title=\"Add to Favorite\"\r\n   data-title-not-favorite=\"Add to Favorite\"\r\n   data-title-favorited=\"It is my favorite\"\r\n   data-icon-not-favorite=\"fa fa-star-o\"\r\n   data-icon-favorited=\"fa fa-star\">\r\n    <i class=\"fa fa-star-o\"><\/i>\r\n<\/a>\r\n<a class=\"compare-property ere__loop-property_action-item\" href=\"javascript:void(0)\"\r\n   data-property-id=\"3139\" data-toggle=\"tooltip\"\r\n   title=\"Compare\">\r\n    <i class=\"fa fa-plus\"><\/i>\r\n<\/a>\r\n<\/div><div class=\"ere__loop-property-badge ere__lpb-status\">\r\n                    <span style=\"--ere-loop-property-badge-bg-color:#888\" class=\"ere__loop-property-badge-item ere__term-status arriendo\" >\r\n            <span class=\"ere__lpbi-inner\">\r\n                En Arriendo            <\/span>\r\n        <\/span>\r\n    <\/div>\r\n<a class=\"property-link\" href=\"https:\/\/edelterra.com\/en\/property\/arriendo-de-oficina-bodega-centro-de-villa-alemana\/\" title=\"Arriendo de Oficina \/ Bodega \u2013 Centro de Villa Alemana\"><\/a>\r\n<\/div>\r\n\r\n\t\t<div class=\"property-item-content\">\n\t\t\t<div class=\"property-heading\">\n                <h2 class=\"property-title\">\n    <a href=\"https:\/\/edelterra.com\/en\/property\/arriendo-de-oficina-bodega-centro-de-villa-alemana\/\" title=\"Arriendo de Oficina \/ Bodega \u2013 Centro de Villa Alemana\">Arriendo de Oficina \/ Bodega \u2013 Centro de Villa Alemana<\/a>\n<\/h2>\n\t<span class=\"property-price ere__loop-property-price\">\n\t\t\t\t$290.000\t\t\t\t\t<span class=\"property-price-postfix\">\/ Mes<\/span>\n\t\t\t<\/span>\n\t\t\t<\/div>\n            <div class=\"property-location ere__loop-property-location\" title=\"calle Santiago 790, Villa Alemana\">\n\t<i class=\"fa fa-map-marker\"><\/i>\n\t<a target=\"_blank\" href=\"http:\/\/maps.google.com\/?q=calle%20Santiago%20790,%20Villa%20Alemana\"><span>calle Santiago 790, Villa Alemana<\/span><\/a>\n<\/div>\n<div class=\"property-element-inline\">\r\n    <div class=\"property-type-list\"><i class=\"fa fa-tag\"><\/i><a href=\"https:\/\/edelterra.com\/en\/property-type\/bodega\/\" rel=\"tag\">Bodega<\/a>, <a href=\"https:\/\/edelterra.com\/en\/property-type\/oficina\/\" rel=\"tag\">Oficina<\/a><\/div><div class=\"property-agent\">\r\n    <a href=\"#\" title=\"German Adasme\">\r\n        <i class=\"fa fa-user\"><\/i>\r\n        <span>German Adasme<\/span>\r\n    <\/a>\r\n<\/div>\r\n<div class=\"property-date\">\r\n    <i class=\"fa fa-calendar\"><\/i>\r\n     2 months ago<\/div>\r\n<\/div>\r\n<div class=\"property-excerpt\">\r\n    <p>Disponible para uso como oficina o bodega, excelente propiedad de 25 m\u00b2 ubicada al interior de la Galer\u00eda Santa Elena. Cuenta con ba\u00f1o privado y una ubicaci\u00f3n estrat\u00e9gica en pleno centro de la comuna. Canon de arriendo: $290.000 mensuales. Gastos comunes: $20.000. Condiciones de ingreso: Mes de arriendo, mes de garant\u00eda y comisi\u00f3n de corretaje. [&hellip;]<\/p>\n<\/div>\r\n<div class=\"ere__loop-property-info property-info layout-1\">\r\n    <div class=\"property-info-inner\">\r\n        <div class=\"ere__loop-property-info-item property-area\" data-toggle=\"tooltip\" title=\"Size\">\r\n    <i class=\"fa fa-arrows\"><\/i>\r\n    <div class=\"ere__lpi-content\">\r\n        <span class=\"ere__lpi-value\">25 m<sup>2<\/sup><\/span>\r\n        <span class=\"ere__lpi-label\">Size<\/span>\r\n    <\/div>\r\n<\/div>\r\n\r\n<div class=\"ere__loop-property-info-item property-bathrooms\" data-toggle=\"tooltip\" title=\"1 Bathroom\">\r\n    <i class=\"fa fa-bath\"><\/i>\r\n    <div class=\"ere__lpi-content\">\r\n        <span class=\"ere__lpi-value\">1<\/span>\r\n        <span class=\"ere__lpi-label\">Bathroom<\/span>\r\n    <\/div>\r\n<\/div>\r\n    <\/div>\r\n<\/div>\r\n\n\t\t<\/div>\n\t<\/div>\n<\/div>\n                \n                    <div class=\"ere-item-wrap\">\n\t<div class=\"property-inner\">\n        <div class=\"property-image\">\r\n    <img loading=\"lazy\" decoding=\"async\" width=\"330\"\r\n     height=\"180\"\r\n     src=\"https:\/\/edelterra.com\/wp-content\/uploads\/2026\/05\/www.edelterra.com_foto1-64-p2704-330x180.jpg\"\r\n     onerror=\"this.src = 'https:\/\/edelterra.com\/wp-content\/plugins\/essential-real-estate\/public\/assets\/images\/map-marker-icon.png';\"\r\n     alt=\"Arriendo Departamento 3D 2B | San Mart\u00edn, Villa Alemana Centro | Gtos. Comunes Incluidos\"\r\n     title=\"Arriendo Departamento 3D 2B | San Mart\u00edn, Villa Alemana Centro | Gtos. Comunes Incluidos\">\r\n\r\n<div class=\"ere__loop-property-action property-action\">\r\n    <a data-toggle=\"tooltip\"\r\n   title=\"(36) Photos\"\r\n   data-property-id=\"2704\"\r\n   href=\"javascript:void(0)\" class=\"property-view-gallery ere__loop-property_action-item\">\r\n    <i class=\"fa fa-camera\"><\/i>\r\n<\/a>\r\n<a href=\"javascript:void(0)\" class=\"property-favorite ere__loop-property_action-item\" data-property-id=\"2704\"\r\n   data-toggle=\"tooltip\"\r\n   title=\"Add to Favorite\"\r\n   data-title-not-favorite=\"Add to Favorite\"\r\n   data-title-favorited=\"It is my favorite\"\r\n   data-icon-not-favorite=\"fa fa-star-o\"\r\n   data-icon-favorited=\"fa fa-star\">\r\n    <i class=\"fa fa-star-o\"><\/i>\r\n<\/a>\r\n<a class=\"compare-property ere__loop-property_action-item\" href=\"javascript:void(0)\"\r\n   data-property-id=\"2704\" data-toggle=\"tooltip\"\r\n   title=\"Compare\">\r\n    <i class=\"fa fa-plus\"><\/i>\r\n<\/a>\r\n<\/div><div class=\"ere__loop-property-badge ere__lpb-status\">\r\n                    <span style=\"--ere-loop-property-badge-bg-color:#888\" class=\"ere__loop-property-badge-item ere__term-status arriendo\" >\r\n            <span class=\"ere__lpbi-inner\">\r\n                En Arriendo            <\/span>\r\n        <\/span>\r\n    <\/div>\r\n<a class=\"property-link\" href=\"https:\/\/edelterra.com\/en\/property\/arriendo-departamento-3d-2b-san-martin-villa-alemana-centro-gtos-comunes-incluidos\/\" title=\"Arriendo Departamento 3D 2B | San Mart\u00edn, Villa Alemana Centro | Gtos. Comunes Incluidos\"><\/a>\r\n<\/div>\r\n\r\n\t\t<div class=\"property-item-content\">\n\t\t\t<div class=\"property-heading\">\n                <h2 class=\"property-title\">\n    <a href=\"https:\/\/edelterra.com\/en\/property\/arriendo-departamento-3d-2b-san-martin-villa-alemana-centro-gtos-comunes-incluidos\/\" title=\"Arriendo Departamento 3D 2B | San Mart\u00edn, Villa Alemana Centro | Gtos. Comunes Incluidos\">Arriendo Departamento 3D 2B | San Mart\u00edn, Villa Alemana Centro | Gtos. Comunes Incluidos<\/a>\n<\/h2>\n\t<span class=\"property-price ere__loop-property-price\">\n\t\t\t\t$620.000\t\t\t\t\t<span class=\"property-price-postfix\">\/ mes (Gastos comunes incluidos en el valor).<\/span>\n\t\t\t<\/span>\n\t\t\t<\/div>\n            <div class=\"property-location ere__loop-property-location\" title=\"San Martin, Villa Alemana\">\n\t<i class=\"fa fa-map-marker\"><\/i>\n\t<a target=\"_blank\" href=\"http:\/\/maps.google.com\/?q=San%20Martin,%20Villa%20Alemana\"><span>San Martin, Villa Alemana<\/span><\/a>\n<\/div>\n<div class=\"property-element-inline\">\r\n    <div class=\"property-type-list\"><i class=\"fa fa-tag\"><\/i><a href=\"https:\/\/edelterra.com\/en\/property-type\/departamento\/\" rel=\"tag\">Departamento<\/a><\/div><div class=\"property-agent\">\r\n    <a href=\"#\" title=\"German Adasme\">\r\n        <i class=\"fa fa-user\"><\/i>\r\n        <span>German Adasme<\/span>\r\n    <\/a>\r\n<\/div>\r\n<div class=\"property-date\">\r\n    <i class=\"fa fa-calendar\"><\/i>\r\n     3 months ago<\/div>\r\n<\/div>\r\n<div class=\"property-excerpt\">\r\n    <p>Excelente oportunidad de arriendo en pleno centro de Villa Alemana (San Mart\u00edn 141). Este c\u00f3modo y luminoso departamento cuenta con 3 dormitorios (principal en suite), 2 ba\u00f1os y estacionamiento techado. Ubicado en un condominio con excelente conectividad y equipamiento de primer nivel: Seguridad y Accesibilidad: Conserjer\u00eda 24\/7, control de acceso, ascensor y enfermer\u00eda. \u00c1reas Comunes: [&hellip;]<\/p>\n<\/div>\r\n<div class=\"ere__loop-property-info property-info layout-1\">\r\n    <div class=\"property-info-inner\">\r\n        <div class=\"ere__loop-property-info-item property-bedrooms\" data-toggle=\"tooltip\" title=\"3 Bedrooms\">\r\n    <i class=\"fa fa-hotel\"><\/i>\r\n    <div class=\"ere__lpi-content\">\r\n        <span class=\"ere__lpi-value\">3<\/span>\r\n        <span class=\"ere__lpi-label\">Bedrooms<\/span>\r\n    <\/div>\r\n<\/div><div class=\"ere__loop-property-info-item property-bathrooms\" data-toggle=\"tooltip\" title=\"2 Bathrooms\">\r\n    <i class=\"fa fa-bath\"><\/i>\r\n    <div class=\"ere__lpi-content\">\r\n        <span class=\"ere__lpi-value\">2<\/span>\r\n        <span class=\"ere__lpi-label\">Bathrooms<\/span>\r\n    <\/div>\r\n<\/div>\r\n    <\/div>\r\n<\/div>\r\n\n\t\t<\/div>\n\t<\/div>\n<\/div>\n                \n                    <div class=\"ere-item-wrap\">\n\t<div class=\"property-inner\">\n        <div class=\"property-image\">\r\n    <img loading=\"lazy\" decoding=\"async\" width=\"330\"\r\n     height=\"180\"\r\n     src=\"https:\/\/edelterra.com\/wp-content\/uploads\/2026\/04\/foto8-p2857-2026-04-06-330x180.jpg\"\r\n     onerror=\"this.src = 'https:\/\/edelterra.com\/wp-content\/plugins\/essential-real-estate\/public\/assets\/images\/map-marker-icon.png';\"\r\n     alt=\"Arriendo Conjunto de 3 Bodegas en Villa Alemana &#8211; Excelente Conectividad\"\r\n     title=\"Arriendo Conjunto de 3 Bodegas en Villa Alemana &#8211; Excelente Conectividad\">\r\n\r\n<div class=\"ere__loop-property-action property-action\">\r\n    <a data-toggle=\"tooltip\"\r\n   title=\"(9) Photos\"\r\n   data-property-id=\"2203\"\r\n   href=\"javascript:void(0)\" class=\"property-view-gallery ere__loop-property_action-item\">\r\n    <i class=\"fa fa-camera\"><\/i>\r\n<\/a>\r\n<a href=\"javascript:void(0)\" class=\"property-favorite ere__loop-property_action-item\" data-property-id=\"2203\"\r\n   data-toggle=\"tooltip\"\r\n   title=\"Add to Favorite\"\r\n   data-title-not-favorite=\"Add to Favorite\"\r\n   data-title-favorited=\"It is my favorite\"\r\n   data-icon-not-favorite=\"fa fa-star-o\"\r\n   data-icon-favorited=\"fa fa-star\">\r\n    <i class=\"fa fa-star-o\"><\/i>\r\n<\/a>\r\n<a class=\"compare-property ere__loop-property_action-item\" href=\"javascript:void(0)\"\r\n   data-property-id=\"2203\" data-toggle=\"tooltip\"\r\n   title=\"Compare\">\r\n    <i class=\"fa fa-plus\"><\/i>\r\n<\/a>\r\n<\/div><div class=\"ere__loop-property-badge ere__lpb-status\">\r\n                    <span style=\"--ere-loop-property-badge-bg-color:#888\" class=\"ere__loop-property-badge-item ere__term-status arriendo\" >\r\n            <span class=\"ere__lpbi-inner\">\r\n                En Arriendo            <\/span>\r\n        <\/span>\r\n    <\/div>\r\n<a class=\"property-link\" href=\"https:\/\/edelterra.com\/en\/property\/arriendo-conjunto-de-3-bodegas-en-villa-alemana-excelente-conectividad\/\" title=\"Arriendo Conjunto de 3 Bodegas en Villa Alemana &#8211; Excelente Conectividad\"><\/a>\r\n<\/div>\r\n\r\n\t\t<div class=\"property-item-content\">\n\t\t\t<div class=\"property-heading\">\n                <h2 class=\"property-title\">\n    <a href=\"https:\/\/edelterra.com\/en\/property\/arriendo-conjunto-de-3-bodegas-en-villa-alemana-excelente-conectividad\/\" title=\"Arriendo Conjunto de 3 Bodegas en Villa Alemana &#8211; Excelente Conectividad\">Arriendo Conjunto de 3 Bodegas en Villa Alemana &#8211; Excelente Conectividad<\/a>\n<\/h2>\n\t<span class=\"property-price ere__loop-property-price\">\n\t\t\t\t$380.000\t\t\t\t\t<span class=\"property-price-postfix\">\/ Mensual<\/span>\n\t\t\t<\/span>\n\t\t\t<\/div>\n            <div class=\"property-location ere__loop-property-location\" title=\"Calle Bellavista, Quebrada Escobares, Villa alemana\">\n\t<i class=\"fa fa-map-marker\"><\/i>\n\t<a target=\"_blank\" href=\"http:\/\/maps.google.com\/?q=Calle%20Bellavista,%20Quebrada%20Escobares,%20Villa%20alemana\"><span>Calle Bellavista, Quebrada Escobares, Villa alemana<\/span><\/a>\n<\/div>\n<div class=\"property-element-inline\">\r\n    <div class=\"property-type-list\"><i class=\"fa fa-tag\"><\/i><a href=\"https:\/\/edelterra.com\/en\/property-type\/bodega\/\" rel=\"tag\">Bodega<\/a><\/div><div class=\"property-agent\">\r\n    <a href=\"#\" title=\"German Adasme\">\r\n        <i class=\"fa fa-user\"><\/i>\r\n        <span>German Adasme<\/span>\r\n    <\/a>\r\n<\/div>\r\n<div class=\"property-date\">\r\n    <i class=\"fa fa-calendar\"><\/i>\r\n     5 months ago<\/div>\r\n<\/div>\r\n<div class=\"property-excerpt\">\r\n    <p>Se arrienda exclusivo conjunto de tres bodegas de 15 m\u00b2 cada una, sumando una superficie total de 45 m\u00b2. Ubicadas estrat\u00e9gicamente en Calle Bellavista, Quebrada Escobares, a solo 300 metros del Camino Troncal. Dimensiones totales: 9 m de largo x 5 m de ancho. Altura: 2,90 m. Construcci\u00f3n: Muros de adobe y piso de cemento [&hellip;]<\/p>\n<\/div>\r\n<div class=\"ere__loop-property-info property-info layout-1\">\r\n    <div class=\"property-info-inner\">\r\n        <div class=\"ere__loop-property-info-item property-area\" data-toggle=\"tooltip\" title=\"Size\">\r\n    <i class=\"fa fa-arrows\"><\/i>\r\n    <div class=\"ere__lpi-content\">\r\n        <span class=\"ere__lpi-value\">45 m<sup>2<\/sup><\/span>\r\n        <span class=\"ere__lpi-label\">Size<\/span>\r\n    <\/div>\r\n<\/div>\r\n\r\n    <\/div>\r\n<\/div>\r\n\n\t\t<\/div>\n\t<\/div>\n<\/div>\n                \n                    <div class=\"ere-item-wrap\">\n\t<div class=\"property-inner\">\n        <div class=\"property-image\">\r\n    <img loading=\"lazy\" decoding=\"async\" width=\"330\"\r\n     height=\"180\"\r\n     src=\"https:\/\/edelterra.com\/wp-content\/uploads\/2026\/03\/Propiedades-Ellusives_front-330x180.jpg\"\r\n     onerror=\"this.src = 'https:\/\/edelterra.com\/wp-content\/plugins\/essential-real-estate\/public\/assets\/images\/map-marker-icon.png';\"\r\n     alt=\"Propiedad Comercial en Arriendo \u2013 Ubicaci\u00f3n Estrat\u00e9gica en Paradero 28\"\r\n     title=\"Propiedad Comercial en Arriendo \u2013 Ubicaci\u00f3n Estrat\u00e9gica en Paradero 28\">\r\n\r\n<div class=\"ere__loop-property-action property-action\">\r\n    <a data-toggle=\"tooltip\"\r\n   title=\"(20) Photos\"\r\n   data-property-id=\"2086\"\r\n   href=\"javascript:void(0)\" class=\"property-view-gallery ere__loop-property_action-item\">\r\n    <i class=\"fa fa-camera\"><\/i>\r\n<\/a>\r\n<a href=\"javascript:void(0)\" class=\"property-favorite ere__loop-property_action-item\" data-property-id=\"2086\"\r\n   data-toggle=\"tooltip\"\r\n   title=\"Add to Favorite\"\r\n   data-title-not-favorite=\"Add to Favorite\"\r\n   data-title-favorited=\"It is my favorite\"\r\n   data-icon-not-favorite=\"fa fa-star-o\"\r\n   data-icon-favorited=\"fa fa-star\">\r\n    <i class=\"fa fa-star-o\"><\/i>\r\n<\/a>\r\n<a class=\"compare-property ere__loop-property_action-item\" href=\"javascript:void(0)\"\r\n   data-property-id=\"2086\" data-toggle=\"tooltip\"\r\n   title=\"Compare\">\r\n    <i class=\"fa fa-plus\"><\/i>\r\n<\/a>\r\n<\/div><div class=\"ere__loop-property-badge ere__lpb-status\">\r\n                    <span style=\"--ere-loop-property-badge-bg-color:#888\" class=\"ere__loop-property-badge-item ere__term-status arriendo\" >\r\n            <span class=\"ere__lpbi-inner\">\r\n                En Arriendo            <\/span>\r\n        <\/span>\r\n    <\/div>\r\n<a class=\"property-link\" href=\"https:\/\/edelterra.com\/en\/property\/propiedad-comercial-en-arriendo-ubicacion-estrategica-en-paradero-28\/\" title=\"Propiedad Comercial en Arriendo \u2013 Ubicaci\u00f3n Estrat\u00e9gica en Paradero 28\"><\/a>\r\n<\/div>\r\n\r\n\t\t<div class=\"property-item-content\">\n\t\t\t<div class=\"property-heading\">\n                <h2 class=\"property-title\">\n    <a href=\"https:\/\/edelterra.com\/en\/property\/propiedad-comercial-en-arriendo-ubicacion-estrategica-en-paradero-28\/\" title=\"Propiedad Comercial en Arriendo \u2013 Ubicaci\u00f3n Estrat\u00e9gica en Paradero 28\">Propiedad Comercial en Arriendo \u2013 Ubicaci\u00f3n Estrat\u00e9gica en Paradero 28<\/a>\n<\/h2>\n\t<span class=\"property-price ere__loop-property-price\">\n\t\t\t\t\t<span class=\"property-price-prefix\">UF<\/span>\n\t\t\t\t$80\t\t\t\t\t<span class=\"property-price-postfix\">\/ mensual<\/span>\n\t\t\t<\/span>\n\t\t\t<\/div>\n            <div class=\"property-location ere__loop-property-location\" title=\"Miraflores &amp; Avenida Los Carrera, Quilpu\u00e9, Valpara\u00edso, Chile\">\n\t<i class=\"fa fa-map-marker\"><\/i>\n\t<a target=\"_blank\" href=\"http:\/\/maps.google.com\/?q=Miraflores%20&#038;%20Avenida%20Los%20Carrera,%20Quilpu\u00e9,%20Valpara\u00edso,%20Chile\"><span>Miraflores &amp; Avenida Los Carrera, Quilpu\u00e9, Valpara\u00edso, Chile<\/span><\/a>\n<\/div>\n<div class=\"property-element-inline\">\r\n    <div class=\"property-type-list\"><i class=\"fa fa-tag\"><\/i><a href=\"https:\/\/edelterra.com\/en\/property-type\/comercial\/\" rel=\"tag\">Comercial<\/a><\/div><div class=\"property-agent\">\r\n    <a href=\"#\" title=\"German Adasme\">\r\n        <i class=\"fa fa-user\"><\/i>\r\n        <span>German Adasme<\/span>\r\n    <\/a>\r\n<\/div>\r\n<div class=\"property-date\">\r\n    <i class=\"fa fa-calendar\"><\/i>\r\n     5 months ago<\/div>\r\n<\/div>\r\n<div class=\"property-excerpt\">\r\n    <p>Propiedad Comercial en Arriendo \u2013 Ubicaci\u00f3n Estrat\u00e9gica en Paradero 28 Excelente oportunidad para instituciones o empresas que buscan conectividad y funcionalidad. Ubicada en el Paradero 28, esta propiedad garantiza un acceso fluido entre Vi\u00f1a del Mar y las comunas del interior. Infraestructura: 8 privados amplios, 5 ba\u00f1os (con accesibilidad universal) y \u00e1rea de recepci\u00f3n. Comodidades: [&hellip;]<\/p>\n<\/div>\r\n<div class=\"ere__loop-property-info property-info layout-1\">\r\n    <div class=\"property-info-inner\">\r\n        <div class=\"ere__loop-property-info-item property-area\" data-toggle=\"tooltip\" title=\"Size\">\r\n    <i class=\"fa fa-arrows\"><\/i>\r\n    <div class=\"ere__lpi-content\">\r\n        <span class=\"ere__lpi-value\">263,1 m<sup>2<\/sup><\/span>\r\n        <span class=\"ere__lpi-label\">Size<\/span>\r\n    <\/div>\r\n<\/div>\r\n\r\n<div class=\"ere__loop-property-info-item property-bathrooms\" data-toggle=\"tooltip\" title=\"5 Bathrooms\">\r\n    <i class=\"fa fa-bath\"><\/i>\r\n    <div class=\"ere__lpi-content\">\r\n        <span class=\"ere__lpi-value\">5<\/span>\r\n        <span class=\"ere__lpi-label\">Bathrooms<\/span>\r\n    <\/div>\r\n<\/div>\r\n    <\/div>\r\n<\/div>\r\n\n\t\t<\/div>\n\t<\/div>\n<\/div>\n                        <\/div>\n            <\/div>\n    <\/div>\n\n<\/div>\n\n\n<div data-spectra-id=\"spectra-mmrsonf7-omjtio\"\tstyle=\"overflow: visible\" class=\"spectra-is-root-container alignfull spectra-overlay-color spectra-overflow wp-block-spectra-container spectra-hide-desktop spectra-hide-tablet spectra-hide-mobile\" data-orientation=\"vertical\"\t>\n\t\n<div data-spectra-id=\"spectra-mmrss082-f995zh\" style=\"overflow: visible\" class=\"spectra-overlay-color spectra-overflow wp-block-spectra-container spectra-hide-desktop spectra-hide-tablet spectra-hide-mobile\" data-orientation=\"vertical\">\n\t\n\n<h2 class=\"wp-block-heading\" style=\"text-transform:capitalize\">propiedades destacadas<\/h2>\n\n<\/div>\n\n<\/div>\n\n\n<div data-spectra-id=\"spectra-ms3pyx4c-162y21\"\tstyle=\"overflow: visible\" class=\"spectra-is-root-container alignfull spectra-overlay-color spectra-overflow wp-block-spectra-container spectra-hide-desktop spectra-hide-tablet spectra-hide-mobile\" data-orientation=\"vertical\"\t>\n\t\n\n<div class=\"ere-property-featured ere-property property-list clearfix property-list-two-columns color-dark \">\r\n                <div class=\"property-content-wrap row columns-2\">\r\n                                    <div class=\"ere-item-wrap mg-bottom-30\">\r\n                <div class=\"property-inner\">\r\n                    <div class=\"property-image\">\r\n    <img loading=\"lazy\" decoding=\"async\" width=\"240\"\r\n     height=\"180\"\r\n     src=\"https:\/\/edelterra.com\/wp-content\/uploads\/2026\/07\/78-p3255-foto15-240x180.jpg\"\r\n     onerror=\"this.src = 'https:\/\/edelterra.com\/wp-content\/plugins\/essential-real-estate\/public\/assets\/images\/map-marker-icon.png';\"\r\n     alt=\"Venta Individual: 3 Parcelas en Lo Rojas, La Cruz \u2013 Con Proyecci\u00f3n Agr\u00edcola y Alta Plusval\u00eda\"\r\n     title=\"Venta Individual: 3 Parcelas en Lo Rojas, La Cruz \u2013 Con Proyecci\u00f3n Agr\u00edcola y Alta Plusval\u00eda\">\r\n\r\n<div class=\"ere__loop-property-action property-action\">\r\n    <a data-toggle=\"tooltip\"\r\n   title=\"(17) Photos\"\r\n   data-property-id=\"3255\"\r\n   href=\"javascript:void(0)\" class=\"property-view-gallery ere__loop-property_action-item\">\r\n    <i class=\"fa fa-camera\"><\/i>\r\n<\/a>\r\n<a href=\"javascript:void(0)\" class=\"property-favorite ere__loop-property_action-item\" data-property-id=\"3255\"\r\n   data-toggle=\"tooltip\"\r\n   title=\"Add to Favorite\"\r\n   data-title-not-favorite=\"Add to Favorite\"\r\n   data-title-favorited=\"It is my favorite\"\r\n   data-icon-not-favorite=\"fa fa-star-o\"\r\n   data-icon-favorited=\"fa fa-star\">\r\n    <i class=\"fa fa-star-o\"><\/i>\r\n<\/a>\r\n<a class=\"compare-property ere__loop-property_action-item\" href=\"javascript:void(0)\"\r\n   data-property-id=\"3255\" data-toggle=\"tooltip\"\r\n   title=\"Compare\">\r\n    <i class=\"fa fa-plus\"><\/i>\r\n<\/a>\r\n<\/div><div class=\"ere__loop-property-badge ere__lpb-featured-label\">\r\n            <span class=\"ere__loop-property-badge-item ere__featured\">\r\n    <span class=\"ere__lpbi-inner\">\r\n        Featured    <\/span>\r\n<\/span>\r\n    <\/div>\r\n<div class=\"ere__loop-property-badge ere__lpb-status\">\r\n                    <span style=\"--ere-loop-property-badge-bg-color:#888\" class=\"ere__loop-property-badge-item ere__term-status venta\" >\r\n            <span class=\"ere__lpbi-inner\">\r\n                En Venta            <\/span>\r\n        <\/span>\r\n    <\/div>\r\n<a class=\"property-link\" href=\"https:\/\/edelterra.com\/en\/property\/venta-individual-3-parcelas-en-lo-rojas-la-cruz-con-proyeccion-agricola-y-alta-plusvalia\/\" title=\"Venta Individual: 3 Parcelas en Lo Rojas, La Cruz \u2013 Con Proyecci\u00f3n Agr\u00edcola y Alta Plusval\u00eda\"><\/a>\r\n<\/div>\r\n\r\n                    <div class=\"property-item-content\">\r\n                        <h2 class=\"property-title\">\n    <a href=\"https:\/\/edelterra.com\/en\/property\/venta-individual-3-parcelas-en-lo-rojas-la-cruz-con-proyeccion-agricola-y-alta-plusvalia\/\" title=\"Venta Individual: 3 Parcelas en Lo Rojas, La Cruz \u2013 Con Proyecci\u00f3n Agr\u00edcola y Alta Plusval\u00eda\">Venta Individual: 3 Parcelas en Lo Rojas, La Cruz \u2013 Con Proyecci\u00f3n Agr\u00edcola y Alta Plusval\u00eda<\/a>\n<\/h2>\n\t<span class=\"property-price ere__loop-property-price\">\n\t\t\t\t$120.000.000\t\t\t<\/span>\n<div class=\"property-location ere__loop-property-location\" title=\"Lo Rojas, Quillota\">\n\t<i class=\"fa fa-map-marker\"><\/i>\n\t<a target=\"_blank\" href=\"http:\/\/maps.google.com\/?q=Lo%20Rojas,%20Quillota\"><span>Lo Rojas, Quillota<\/span><\/a>\n<\/div>\n<div class=\"property-excerpt\">\r\n    <p>\u00bfBuscas un activo inmobiliario con gran potencial de crecimiento? Ponemos a disposici\u00f3n la venta individual de 3 excelentes parcelas en el prestigioso sector de Lo Rojas, Quillota: Parcela 30: 6.672 m\u00b2 (ya plantada con paltos). Parcela 31: 7.535 m\u00b2 (en proceso de plantaci\u00f3n). Parcela 32: 7.335 m\u00b2 (en proceso de plantaci\u00f3n). Una oportunidad \u00fanica de [&hellip;]<\/p>\n<\/div>\r\n<div class=\"property-link-detail\">\r\n    <a  href=\"https:\/\/edelterra.com\/en\/property\/venta-individual-3-parcelas-en-lo-rojas-la-cruz-con-proyeccion-agricola-y-alta-plusvalia\/\" title=\"Venta Individual: 3 Parcelas en Lo Rojas, La Cruz \u2013 Con Proyecci\u00f3n Agr\u00edcola y Alta Plusval\u00eda\"> <span>Details<\/span>\r\n        <i class=\"fa fa-long-arrow-right\"><\/i><\/a>\r\n<\/div>\r\n\r\n                    <\/div>\r\n                <\/div>\r\n            <\/div>\r\n                                    <div class=\"ere-item-wrap mg-bottom-30\">\r\n                <div class=\"property-inner\">\r\n                    <div class=\"property-image\">\r\n    <img loading=\"lazy\" decoding=\"async\" width=\"240\"\r\n     height=\"180\"\r\n     src=\"https:\/\/edelterra.com\/wp-content\/uploads\/2026\/07\/77-p3243-foto4-240x180.jpg\"\r\n     onerror=\"this.src = 'https:\/\/edelterra.com\/wp-content\/plugins\/essential-real-estate\/public\/assets\/images\/map-marker-icon.png';\"\r\n     alt=\"Oportunidad en Papudo: Gran propiedad de 30.000 m\u00b2 con piscina en sector El Tome\"\r\n     title=\"Oportunidad en Papudo: Gran propiedad de 30.000 m\u00b2 con piscina en sector El Tome\">\r\n\r\n<div class=\"ere__loop-property-action property-action\">\r\n    <a data-toggle=\"tooltip\"\r\n   title=\"(9) Photos\"\r\n   data-property-id=\"3243\"\r\n   href=\"javascript:void(0)\" class=\"property-view-gallery ere__loop-property_action-item\">\r\n    <i class=\"fa fa-camera\"><\/i>\r\n<\/a>\r\n<a href=\"javascript:void(0)\" class=\"property-favorite ere__loop-property_action-item\" data-property-id=\"3243\"\r\n   data-toggle=\"tooltip\"\r\n   title=\"Add to Favorite\"\r\n   data-title-not-favorite=\"Add to Favorite\"\r\n   data-title-favorited=\"It is my favorite\"\r\n   data-icon-not-favorite=\"fa fa-star-o\"\r\n   data-icon-favorited=\"fa fa-star\">\r\n    <i class=\"fa fa-star-o\"><\/i>\r\n<\/a>\r\n<a class=\"compare-property ere__loop-property_action-item\" href=\"javascript:void(0)\"\r\n   data-property-id=\"3243\" data-toggle=\"tooltip\"\r\n   title=\"Compare\">\r\n    <i class=\"fa fa-plus\"><\/i>\r\n<\/a>\r\n<\/div><div class=\"ere__loop-property-badge ere__lpb-featured-label\">\r\n            <span class=\"ere__loop-property-badge-item ere__featured\">\r\n    <span class=\"ere__lpbi-inner\">\r\n        Featured    <\/span>\r\n<\/span>\r\n    <\/div>\r\n<div class=\"ere__loop-property-badge ere__lpb-status\">\r\n                    <span style=\"--ere-loop-property-badge-bg-color:#888\" class=\"ere__loop-property-badge-item ere__term-status venta\" >\r\n            <span class=\"ere__lpbi-inner\">\r\n                En Venta            <\/span>\r\n        <\/span>\r\n    <\/div>\r\n<a class=\"property-link\" href=\"https:\/\/edelterra.com\/en\/property\/oportunidad-en-papudo-parcela-de-3-hectareas-en-el-sector-el-tome\/\" title=\"Oportunidad en Papudo: Gran propiedad de 30.000 m\u00b2 con piscina en sector El Tome\"><\/a>\r\n<\/div>\r\n\r\n                    <div class=\"property-item-content\">\r\n                        <h2 class=\"property-title\">\n    <a href=\"https:\/\/edelterra.com\/en\/property\/oportunidad-en-papudo-parcela-de-3-hectareas-en-el-sector-el-tome\/\" title=\"Oportunidad en Papudo: Gran propiedad de 30.000 m\u00b2 con piscina en sector El Tome\">Oportunidad en Papudo: Gran propiedad de 30.000 m\u00b2 con piscina en sector El Tome<\/a>\n<\/h2>\n\t<span class=\"property-price ere__loop-property-price\">\n\t\t\t\t$280.000.000\t\t\t<\/span>\n<div class=\"property-location ere__loop-property-location\" title=\" Los Corrales, Papudo, Valparaiso (Parcelas El Tome)\">\n\t<i class=\"fa fa-map-marker\"><\/i>\n\t<a target=\"_blank\" href=\"http:\/\/maps.google.com\/?q=%20Los%20Corrales,%20Papudo,%20Valparaiso%20(Parcelas%20El%20Tome)\"><span> Los Corrales, Papudo, Valparaiso (Parcelas El Tome)<\/span><\/a>\n<\/div>\n<div class=\"property-excerpt\">\r\n    <p>Se vende espectacular terreno con amplia casa de 209 m\u00b2, ideal para quienes buscan espacio, tranquilidad y un estilo de vida relajado cerca de la playa. Terreno: Gran extensi\u00f3n de 30.000 m\u00b2. Exteriores: Piscina privada para disfrutar en familia. Autonom\u00eda total: Sistema el\u00e9ctrico mediante paneles solares y agua de pozo profundo. Comodidad: Casa de 209 [&hellip;]<\/p>\n<\/div>\r\n<div class=\"property-link-detail\">\r\n    <a  href=\"https:\/\/edelterra.com\/en\/property\/oportunidad-en-papudo-parcela-de-3-hectareas-en-el-sector-el-tome\/\" title=\"Oportunidad en Papudo: Gran propiedad de 30.000 m\u00b2 con piscina en sector El Tome\"> <span>Details<\/span>\r\n        <i class=\"fa fa-long-arrow-right\"><\/i><\/a>\r\n<\/div>\r\n\r\n                    <\/div>\r\n                <\/div>\r\n            <\/div>\r\n                                    <div class=\"ere-item-wrap mg-bottom-30\">\r\n                <div class=\"property-inner\">\r\n                    <div class=\"property-image\">\r\n    <img loading=\"lazy\" decoding=\"async\" width=\"240\"\r\n     height=\"180\"\r\n     src=\"https:\/\/edelterra.com\/wp-content\/uploads\/2026\/06\/PortoFino-20-240x180.jpg\"\r\n     onerror=\"this.src = 'https:\/\/edelterra.com\/wp-content\/plugins\/essential-real-estate\/public\/assets\/images\/map-marker-icon.png';\"\r\n     alt=\"VENTA DEPARTAMENTO CENTRO DE VILLA ALEMANA Condominio Portofino | UF 3.925\"\r\n     title=\"VENTA DEPARTAMENTO CENTRO DE VILLA ALEMANA Condominio Portofino | UF 3.925\">\r\n\r\n<div class=\"ere__loop-property-action property-action\">\r\n    <a data-toggle=\"tooltip\"\r\n   title=\"(47) Photos\"\r\n   data-property-id=\"3049\"\r\n   href=\"javascript:void(0)\" class=\"property-view-gallery ere__loop-property_action-item\">\r\n    <i class=\"fa fa-camera\"><\/i>\r\n<\/a>\r\n<a href=\"javascript:void(0)\" class=\"property-favorite ere__loop-property_action-item\" data-property-id=\"3049\"\r\n   data-toggle=\"tooltip\"\r\n   title=\"Add to Favorite\"\r\n   data-title-not-favorite=\"Add to Favorite\"\r\n   data-title-favorited=\"It is my favorite\"\r\n   data-icon-not-favorite=\"fa fa-star-o\"\r\n   data-icon-favorited=\"fa fa-star\">\r\n    <i class=\"fa fa-star-o\"><\/i>\r\n<\/a>\r\n<a class=\"compare-property ere__loop-property_action-item\" href=\"javascript:void(0)\"\r\n   data-property-id=\"3049\" data-toggle=\"tooltip\"\r\n   title=\"Compare\">\r\n    <i class=\"fa fa-plus\"><\/i>\r\n<\/a>\r\n<\/div><div class=\"ere__loop-property-badge ere__lpb-featured-label\">\r\n            <span class=\"ere__loop-property-badge-item ere__featured\">\r\n    <span class=\"ere__lpbi-inner\">\r\n        Featured    <\/span>\r\n<\/span>\r\n    <\/div>\r\n<div class=\"ere__loop-property-badge ere__lpb-status\">\r\n                    <span style=\"--ere-loop-property-badge-bg-color:#888\" class=\"ere__loop-property-badge-item ere__term-status venta\" >\r\n            <span class=\"ere__lpbi-inner\">\r\n                En Venta            <\/span>\r\n        <\/span>\r\n    <\/div>\r\n<a class=\"property-link\" href=\"https:\/\/edelterra.com\/en\/property\/venta-departamento-centro-de-villa-alemana-condominio-portofino-uf-3-925\/\" title=\"VENTA DEPARTAMENTO CENTRO DE VILLA ALEMANA Condominio Portofino | UF 3.925\"><\/a>\r\n<\/div>\r\n\r\n                    <div class=\"property-item-content\">\r\n                        <h2 class=\"property-title\">\n    <a href=\"https:\/\/edelterra.com\/en\/property\/venta-departamento-centro-de-villa-alemana-condominio-portofino-uf-3-925\/\" title=\"VENTA DEPARTAMENTO CENTRO DE VILLA ALEMANA Condominio Portofino | UF 3.925\">VENTA DEPARTAMENTO CENTRO DE VILLA ALEMANA Condominio Portofino | UF 3.925<\/a>\n<\/h2>\n\t<span class=\"property-price ere__loop-property-price\">\n\t\t\t\t\t<span class=\"property-price-prefix\">UF<\/span>\n\t\t\t\t$3.925\t\t\t\t\t<span class=\"property-price-postfix\">\/ (~$160.100.000 CLP ref.)<\/span>\n\t\t\t<\/span>\n<div class=\"property-location ere__loop-property-location\" title=\"San Martin 141, Villa Alemana\">\n\t<i class=\"fa fa-map-marker\"><\/i>\n\t<a target=\"_blank\" href=\"http:\/\/maps.google.com\/?q=San%20Martin%20141,%20Villa%20Alemana\"><span>San Martin 141, Villa Alemana<\/span><\/a>\n<\/div>\n<div class=\"property-excerpt\">\r\n    <p>Disponible para la venta departamento de alta plusval\u00eda, listo para habitar o arrendar. Un activo inmobiliario con excelente relaci\u00f3n precio-calidad. DESTACADOS COMERCIALES: Propiedad DFL2 | Sin pago de IVA | Exenta de Contribuciones | Bodega incluida | Estacionamiento subterr\u00e1neo disponible. Direcci\u00f3n: San Mart\u00edn N\u00b0 141, Villa Alemana (A pasos de la Estaci\u00f3n de Metro). Superficie: [&hellip;]<\/p>\n<\/div>\r\n<div class=\"property-link-detail\">\r\n    <a  href=\"https:\/\/edelterra.com\/en\/property\/venta-departamento-centro-de-villa-alemana-condominio-portofino-uf-3-925\/\" title=\"VENTA DEPARTAMENTO CENTRO DE VILLA ALEMANA Condominio Portofino | UF 3.925\"> <span>Details<\/span>\r\n        <i class=\"fa fa-long-arrow-right\"><\/i><\/a>\r\n<\/div>\r\n\r\n                    <\/div>\r\n                <\/div>\r\n            <\/div>\r\n                                    <div class=\"ere-item-wrap mg-bottom-30\">\r\n                <div class=\"property-inner\">\r\n                    <div class=\"property-image\">\r\n    <img loading=\"lazy\" decoding=\"async\" width=\"240\"\r\n     height=\"180\"\r\n     src=\"https:\/\/edelterra.com\/wp-content\/uploads\/2026\/06\/71-p3039-foto11-240x180.jpg\"\r\n     onerror=\"this.src = 'https:\/\/edelterra.com\/wp-content\/plugins\/essential-real-estate\/public\/assets\/images\/map-marker-icon.png';\"\r\n     alt=\"\u00a1Gran Oportunidad de Inversi\u00f3n en Villa Alemana! Parcela con 3 Casas y Rentabilidad Inmediata\"\r\n     title=\"\u00a1Gran Oportunidad de Inversi\u00f3n en Villa Alemana! Parcela con 3 Casas y Rentabilidad Inmediata\">\r\n\r\n<div class=\"ere__loop-property-action property-action\">\r\n    <a data-toggle=\"tooltip\"\r\n   title=\"(22) Photos\"\r\n   data-property-id=\"3039\"\r\n   href=\"javascript:void(0)\" class=\"property-view-gallery ere__loop-property_action-item\">\r\n    <i class=\"fa fa-camera\"><\/i>\r\n<\/a>\r\n<a href=\"javascript:void(0)\" class=\"property-favorite ere__loop-property_action-item\" data-property-id=\"3039\"\r\n   data-toggle=\"tooltip\"\r\n   title=\"Add to Favorite\"\r\n   data-title-not-favorite=\"Add to Favorite\"\r\n   data-title-favorited=\"It is my favorite\"\r\n   data-icon-not-favorite=\"fa fa-star-o\"\r\n   data-icon-favorited=\"fa fa-star\">\r\n    <i class=\"fa fa-star-o\"><\/i>\r\n<\/a>\r\n<a class=\"compare-property ere__loop-property_action-item\" href=\"javascript:void(0)\"\r\n   data-property-id=\"3039\" data-toggle=\"tooltip\"\r\n   title=\"Compare\">\r\n    <i class=\"fa fa-plus\"><\/i>\r\n<\/a>\r\n<\/div><div class=\"ere__loop-property-badge ere__lpb-featured-label\">\r\n            <span class=\"ere__loop-property-badge-item ere__featured\">\r\n    <span class=\"ere__lpbi-inner\">\r\n        Featured    <\/span>\r\n<\/span>\r\n    <\/div>\r\n<div class=\"ere__loop-property-badge ere__lpb-status\">\r\n                    <span style=\"--ere-loop-property-badge-bg-color:#888\" class=\"ere__loop-property-badge-item ere__term-status venta\" >\r\n            <span class=\"ere__lpbi-inner\">\r\n                En Venta            <\/span>\r\n        <\/span>\r\n    <\/div>\r\n<a class=\"property-link\" href=\"https:\/\/edelterra.com\/en\/property\/gran-oportunidad-de-inversion-en-villa-alemana-parcela-con-3-casas-y-rentabilidad-inmediata\/\" title=\"\u00a1Gran Oportunidad de Inversi\u00f3n en Villa Alemana! Parcela con 3 Casas y Rentabilidad Inmediata\"><\/a>\r\n<\/div>\r\n\r\n                    <div class=\"property-item-content\">\r\n                        <h2 class=\"property-title\">\n    <a href=\"https:\/\/edelterra.com\/en\/property\/gran-oportunidad-de-inversion-en-villa-alemana-parcela-con-3-casas-y-rentabilidad-inmediata\/\" title=\"\u00a1Gran Oportunidad de Inversi\u00f3n en Villa Alemana! Parcela con 3 Casas y Rentabilidad Inmediata\">\u00a1Gran Oportunidad de Inversi\u00f3n en Villa Alemana! Parcela con 3 Casas y Rentabilidad Inmediata<\/a>\n<\/h2>\n\t<span class=\"property-price ere__loop-property-price\">\n\t\t\t\t$280.000.000\t\t\t<\/span>\n<div class=\"property-location ere__loop-property-location\" title=\"El Patagual,Villa Alemana\">\n\t<i class=\"fa fa-map-marker\"><\/i>\n\t<a target=\"_blank\" href=\"http:\/\/maps.google.com\/?q=El%20Patagual,Villa%20Alemana\"><span>El Patagual,Villa Alemana<\/span><\/a>\n<\/div>\n<div class=\"property-excerpt\">\r\n    <p>Valor: $280.000.000.- Ubicaci\u00f3n: Sector El Patagual, Villa Alemana. \u00bfBuscas un negocio inmobiliario listo para generar ingresos? Esta parcela de agrado de 6.550 m\u00b2 es la oportunidad perfecta. Cuenta con un excelente terreno de topograf\u00eda plana y regular, optimizado con un complejo habitacional que genera $1.200.000 mensuales en arriendos (con ocupaci\u00f3n total). Caracter\u00edsticas principales: Superficie Total: [&hellip;]<\/p>\n<\/div>\r\n<div class=\"property-link-detail\">\r\n    <a  href=\"https:\/\/edelterra.com\/en\/property\/gran-oportunidad-de-inversion-en-villa-alemana-parcela-con-3-casas-y-rentabilidad-inmediata\/\" title=\"\u00a1Gran Oportunidad de Inversi\u00f3n en Villa Alemana! Parcela con 3 Casas y Rentabilidad Inmediata\"> <span>Details<\/span>\r\n        <i class=\"fa fa-long-arrow-right\"><\/i><\/a>\r\n<\/div>\r\n\r\n                    <\/div>\r\n                <\/div>\r\n            <\/div>\r\n                                    <div class=\"ere-item-wrap mg-bottom-30\">\r\n                <div class=\"property-inner\">\r\n                    <div class=\"property-image\">\r\n    <img loading=\"lazy\" decoding=\"async\" width=\"240\"\r\n     height=\"180\"\r\n     src=\"https:\/\/edelterra.com\/wp-content\/uploads\/2026\/03\/2531-Propiedades-Ellusives_foto1-p39-2026-02-03-scaled-240x180.jpg\"\r\n     onerror=\"this.src = 'https:\/\/edelterra.com\/wp-content\/plugins\/essential-real-estate\/public\/assets\/images\/map-marker-icon.png';\"\r\n     alt=\"Terrenos con Rol Propio en Chorrillos: Alta Rentabilidad para Proyectos de Construcci\u00f3n\"\r\n     title=\"Terrenos con Rol Propio en Chorrillos: Alta Rentabilidad para Proyectos de Construcci\u00f3n\">\r\n\r\n<div class=\"ere__loop-property-action property-action\">\r\n    <a data-toggle=\"tooltip\"\r\n   title=\"(16) Photos\"\r\n   data-property-id=\"37\"\r\n   href=\"javascript:void(0)\" class=\"property-view-gallery ere__loop-property_action-item\">\r\n    <i class=\"fa fa-camera\"><\/i>\r\n<\/a>\r\n<a href=\"javascript:void(0)\" class=\"property-favorite ere__loop-property_action-item\" data-property-id=\"37\"\r\n   data-toggle=\"tooltip\"\r\n   title=\"Add to Favorite\"\r\n   data-title-not-favorite=\"Add to Favorite\"\r\n   data-title-favorited=\"It is my favorite\"\r\n   data-icon-not-favorite=\"fa fa-star-o\"\r\n   data-icon-favorited=\"fa fa-star\">\r\n    <i class=\"fa fa-star-o\"><\/i>\r\n<\/a>\r\n<a class=\"compare-property ere__loop-property_action-item\" href=\"javascript:void(0)\"\r\n   data-property-id=\"37\" data-toggle=\"tooltip\"\r\n   title=\"Compare\">\r\n    <i class=\"fa fa-plus\"><\/i>\r\n<\/a>\r\n<\/div><div class=\"ere__loop-property-badge ere__lpb-featured-label\">\r\n            <span class=\"ere__loop-property-badge-item ere__featured\">\r\n    <span class=\"ere__lpbi-inner\">\r\n        Featured    <\/span>\r\n<\/span>\r\n    <\/div>\r\n<div class=\"ere__loop-property-badge ere__lpb-status\">\r\n                    <span style=\"--ere-loop-property-badge-bg-color:#888\" class=\"ere__loop-property-badge-item ere__term-status venta\" >\r\n            <span class=\"ere__lpbi-inner\">\r\n                En Venta            <\/span>\r\n        <\/span>\r\n    <\/div>\r\n<a class=\"property-link\" href=\"https:\/\/edelterra.com\/en\/property\/se-vende-propiedad-de-400-m%c2%b2-en-sector-chorrillos-vina-del-mar\/\" title=\"Terrenos con Rol Propio en Chorrillos: Alta Rentabilidad para Proyectos de Construcci\u00f3n\"><\/a>\r\n<\/div>\r\n\r\n                    <div class=\"property-item-content\">\r\n                        <h2 class=\"property-title\">\n    <a href=\"https:\/\/edelterra.com\/en\/property\/se-vende-propiedad-de-400-m%c2%b2-en-sector-chorrillos-vina-del-mar\/\" title=\"Terrenos con Rol Propio en Chorrillos: Alta Rentabilidad para Proyectos de Construcci\u00f3n\">Terrenos con Rol Propio en Chorrillos: Alta Rentabilidad para Proyectos de Construcci\u00f3n<\/a>\n<\/h2>\n\t<span class=\"property-price ere__loop-property-price\">\n\t\t\t\t\t<span class=\"property-price-prefix\">UF<\/span>\n\t\t\t\t$2.450\t\t\t\t\t<span class=\"property-price-postfix\">\/ (Aprox.$100.000.000)<\/span>\n\t\t\t<\/span>\n<div class=\"property-location ere__loop-property-location\" title=\"Pje. Siete 2409 chorrillos, vi\u00f1a del mar\">\n\t<i class=\"fa fa-map-marker\"><\/i>\n\t<a target=\"_blank\" href=\"http:\/\/maps.google.com\/?q=Pje.%20Siete%202409%20chorrillos,%20vi\u00f1a%20del%20mar\"><span>Pje. Siete 2409 chorrillos, vi\u00f1a del mar<\/span><\/a>\n<\/div>\n<div class=\"property-excerpt\">\r\n    <p>Se encuentra disponible para la venta una propiedad con una superficie total de 400 m\u00b2, ubicada en el sector de Chorrillos, Vi\u00f1a del Mar. Esta oferta representa una oportunidad \u00fanica para quienes buscan invertir en un sector con alta demanda habitacional y excelente conectividad. La propiedad se compone de dos lotes de 200 m\u00b2 cada [&hellip;]<\/p>\n<\/div>\r\n<div class=\"property-link-detail\">\r\n    <a  href=\"https:\/\/edelterra.com\/en\/property\/se-vende-propiedad-de-400-m%c2%b2-en-sector-chorrillos-vina-del-mar\/\" title=\"Terrenos con Rol Propio en Chorrillos: Alta Rentabilidad para Proyectos de Construcci\u00f3n\"> <span>Details<\/span>\r\n        <i class=\"fa fa-long-arrow-right\"><\/i><\/a>\r\n<\/div>\r\n\r\n                    <\/div>\r\n                <\/div>\r\n            <\/div>\r\n                                    <div class=\"ere-item-wrap mg-bottom-30\">\r\n                <div class=\"property-inner\">\r\n                    <div class=\"property-image\">\r\n    <img loading=\"lazy\" decoding=\"async\" width=\"240\"\r\n     height=\"180\"\r\n     src=\"https:\/\/edelterra.com\/wp-content\/uploads\/2026\/07\/79-p3264-foto5-240x180.jpg\"\r\n     onerror=\"this.src = 'https:\/\/edelterra.com\/wp-content\/plugins\/essential-real-estate\/public\/assets\/images\/map-marker-icon.png';\"\r\n     alt=\"\u00a1Oportunidad de Inversi\u00f3n en Papudo! Propiedad con 3 Casas Independientes y Rentabilidad Inmediata\"\r\n     title=\"\u00a1Oportunidad de Inversi\u00f3n en Papudo! Propiedad con 3 Casas Independientes y Rentabilidad Inmediata\">\r\n\r\n<div class=\"ere__loop-property-action property-action\">\r\n    <a data-toggle=\"tooltip\"\r\n   title=\"(5) Photos\"\r\n   data-property-id=\"3264\"\r\n   href=\"javascript:void(0)\" class=\"property-view-gallery ere__loop-property_action-item\">\r\n    <i class=\"fa fa-camera\"><\/i>\r\n<\/a>\r\n<a href=\"javascript:void(0)\" class=\"property-favorite ere__loop-property_action-item\" data-property-id=\"3264\"\r\n   data-toggle=\"tooltip\"\r\n   title=\"Add to Favorite\"\r\n   data-title-not-favorite=\"Add to Favorite\"\r\n   data-title-favorited=\"It is my favorite\"\r\n   data-icon-not-favorite=\"fa fa-star-o\"\r\n   data-icon-favorited=\"fa fa-star\">\r\n    <i class=\"fa fa-star-o\"><\/i>\r\n<\/a>\r\n<a class=\"compare-property ere__loop-property_action-item\" href=\"javascript:void(0)\"\r\n   data-property-id=\"3264\" data-toggle=\"tooltip\"\r\n   title=\"Compare\">\r\n    <i class=\"fa fa-plus\"><\/i>\r\n<\/a>\r\n<\/div><div class=\"ere__loop-property-badge ere__lpb-featured-label\">\r\n            <span class=\"ere__loop-property-badge-item ere__featured\">\r\n    <span class=\"ere__lpbi-inner\">\r\n        Featured    <\/span>\r\n<\/span>\r\n    <\/div>\r\n<div class=\"ere__loop-property-badge ere__lpb-status\">\r\n                    <span style=\"--ere-loop-property-badge-bg-color:#888\" class=\"ere__loop-property-badge-item ere__term-status venta\" >\r\n            <span class=\"ere__lpbi-inner\">\r\n                En Venta            <\/span>\r\n        <\/span>\r\n    <\/div>\r\n<a class=\"property-link\" href=\"https:\/\/edelterra.com\/en\/property\/oportunidad-de-inversion-en-papudo-propiedad-con-3-casas-independientes-y-rentabilidad-inmediata\/\" title=\"\u00a1Oportunidad de Inversi\u00f3n en Papudo! Propiedad con 3 Casas Independientes y Rentabilidad Inmediata\"><\/a>\r\n<\/div>\r\n\r\n                    <div class=\"property-item-content\">\r\n                        <h2 class=\"property-title\">\n    <a href=\"https:\/\/edelterra.com\/en\/property\/oportunidad-de-inversion-en-papudo-propiedad-con-3-casas-independientes-y-rentabilidad-inmediata\/\" title=\"\u00a1Oportunidad de Inversi\u00f3n en Papudo! Propiedad con 3 Casas Independientes y Rentabilidad Inmediata\">\u00a1Oportunidad de Inversi\u00f3n en Papudo! Propiedad con 3 Casas Independientes y Rentabilidad Inmediata<\/a>\n<\/h2>\n\t<span class=\"property-price ere__loop-property-price\">\n\t\t\t\t$275.000.000\t\t\t<\/span>\n<div class=\"property-location ere__loop-property-location\" title=\"Papudo, Provincia de Petorca, Valparaiso\">\n\t<i class=\"fa fa-map-marker\"><\/i>\n\t<a target=\"_blank\" href=\"http:\/\/maps.google.com\/?q=Papudo,%20Provincia%20de%20Petorca,%20Valparaiso\"><span>Papudo, Provincia de Petorca, Valparaiso<\/span><\/a>\n<\/div>\n<div class=\"property-excerpt\">\r\n    <p>\u00bfBuscas una inversi\u00f3n segura y con flujo de caja garantizado? Esta propiedad en el coraz\u00f3n de Papudo es la opci\u00f3n ideal para inversionistas que buscan rentabilidad desde el primer d\u00eda. Situada en una ubicaci\u00f3n privilegiada, a solo 100 metros del CESFAM y en pleno centro de la comuna, esta propiedad cuenta con una infraestructura s\u00f3lida [&hellip;]<\/p>\n<\/div>\r\n<div class=\"property-link-detail\">\r\n    <a  href=\"https:\/\/edelterra.com\/en\/property\/oportunidad-de-inversion-en-papudo-propiedad-con-3-casas-independientes-y-rentabilidad-inmediata\/\" title=\"\u00a1Oportunidad de Inversi\u00f3n en Papudo! Propiedad con 3 Casas Independientes y Rentabilidad Inmediata\"> <span>Details<\/span>\r\n        <i class=\"fa fa-long-arrow-right\"><\/i><\/a>\r\n<\/div>\r\n\r\n                    <\/div>\r\n                <\/div>\r\n            <\/div>\r\n                                    <div class=\"ere-item-wrap mg-bottom-30\">\r\n                <div class=\"property-inner\">\r\n                    <div class=\"property-image\">\r\n    <img loading=\"lazy\" decoding=\"async\" width=\"240\"\r\n     height=\"180\"\r\n     src=\"https:\/\/edelterra.com\/wp-content\/uploads\/2026\/06\/www.edelterra.com_foto22-p2819-240x180.jpg\"\r\n     onerror=\"this.src = 'https:\/\/edelterra.com\/wp-content\/plugins\/essential-real-estate\/public\/assets\/images\/map-marker-icon.png';\"\r\n     alt=\"Parcela de 5.000 m\u00b2 en Fundo Caj\u00f3n de Lebu: Proyecto con Base Avanzada y Gran Conectividad\"\r\n     title=\"Parcela de 5.000 m\u00b2 en Fundo Caj\u00f3n de Lebu: Proyecto con Base Avanzada y Gran Conectividad\">\r\n\r\n<div class=\"ere__loop-property-action property-action\">\r\n    <a data-toggle=\"tooltip\"\r\n   title=\"(36) Photos\"\r\n   data-property-id=\"2819\"\r\n   href=\"javascript:void(0)\" class=\"property-view-gallery ere__loop-property_action-item\">\r\n    <i class=\"fa fa-camera\"><\/i>\r\n<\/a>\r\n<a href=\"javascript:void(0)\" class=\"property-favorite ere__loop-property_action-item\" data-property-id=\"2819\"\r\n   data-toggle=\"tooltip\"\r\n   title=\"Add to Favorite\"\r\n   data-title-not-favorite=\"Add to Favorite\"\r\n   data-title-favorited=\"It is my favorite\"\r\n   data-icon-not-favorite=\"fa fa-star-o\"\r\n   data-icon-favorited=\"fa fa-star\">\r\n    <i class=\"fa fa-star-o\"><\/i>\r\n<\/a>\r\n<a class=\"compare-property ere__loop-property_action-item\" href=\"javascript:void(0)\"\r\n   data-property-id=\"2819\" data-toggle=\"tooltip\"\r\n   title=\"Compare\">\r\n    <i class=\"fa fa-plus\"><\/i>\r\n<\/a>\r\n<\/div><div class=\"ere__loop-property-badge ere__lpb-featured-label\">\r\n            <span class=\"ere__loop-property-badge-item ere__featured\">\r\n    <span class=\"ere__lpbi-inner\">\r\n        Featured    <\/span>\r\n<\/span>\r\n    <\/div>\r\n<div class=\"ere__loop-property-badge ere__lpb-status\">\r\n                    <span style=\"--ere-loop-property-badge-bg-color:#888\" class=\"ere__loop-property-badge-item ere__term-status venta\" >\r\n            <span class=\"ere__lpbi-inner\">\r\n                En Venta            <\/span>\r\n        <\/span>\r\n    <\/div>\r\n<a class=\"property-link\" href=\"https:\/\/edelterra.com\/en\/property\/parcela-de-5-000-m%c2%b2-en-fundo-cajon-de-lebu-proyecto-con-base-avanzada-y-gran-conectividad\/\" title=\"Parcela de 5.000 m\u00b2 en Fundo Caj\u00f3n de Lebu: Proyecto con Base Avanzada y Gran Conectividad\"><\/a>\r\n<\/div>\r\n\r\n                    <div class=\"property-item-content\">\r\n                        <h2 class=\"property-title\">\n    <a href=\"https:\/\/edelterra.com\/en\/property\/parcela-de-5-000-m%c2%b2-en-fundo-cajon-de-lebu-proyecto-con-base-avanzada-y-gran-conectividad\/\" title=\"Parcela de 5.000 m\u00b2 en Fundo Caj\u00f3n de Lebu: Proyecto con Base Avanzada y Gran Conectividad\">Parcela de 5.000 m\u00b2 en Fundo Caj\u00f3n de Lebu: Proyecto con Base Avanzada y Gran Conectividad<\/a>\n<\/h2>\n\t<span class=\"property-price ere__loop-property-price\">\n\t\t\t\t$68.000.000\t\t\t<\/span>\n<div class=\"property-location ere__loop-property-location\" title=\"Parcelas Cajon de Lebu, Villa Alemana, Limache, Valpara\u00edso\">\n\t<i class=\"fa fa-map-marker\"><\/i>\n\t<a target=\"_blank\" href=\"http:\/\/maps.google.com\/?q=Parcelas%20Cajon%20de%20Lebu,%20Villa%20Alemana,%20Limache,%20Valpara\u00edso\"><span>Parcelas Cajon de Lebu, Villa Alemana, Limache, Valpara\u00edso<\/span><\/a>\n<\/div>\n<div class=\"property-excerpt\">\r\n    <p>Precio: $68.000.000 CLP Descripci\u00f3n:Atractiva propiedad de 5.000 m\u00b2 disponible para venta en el consolidado sector de Fundo Caj\u00f3n de Lebu (comuna de Limache, con acceso inmediato por el \u00e1rea de Pe\u00f1ablanca, Villa Alemana). El inmueble destaca por su relieve plano de f\u00e1cil aprovechamiento, un frente resguardado por port\u00f3n vehicular y cierres perimetrales completos que protegen [&hellip;]<\/p>\n<\/div>\r\n<div class=\"property-link-detail\">\r\n    <a  href=\"https:\/\/edelterra.com\/en\/property\/parcela-de-5-000-m%c2%b2-en-fundo-cajon-de-lebu-proyecto-con-base-avanzada-y-gran-conectividad\/\" title=\"Parcela de 5.000 m\u00b2 en Fundo Caj\u00f3n de Lebu: Proyecto con Base Avanzada y Gran Conectividad\"> <span>Details<\/span>\r\n        <i class=\"fa fa-long-arrow-right\"><\/i><\/a>\r\n<\/div>\r\n\r\n                    <\/div>\r\n                <\/div>\r\n            <\/div>\r\n                                    <div class=\"ere-item-wrap mg-bottom-30\">\r\n                <div class=\"property-inner\">\r\n                    <div class=\"property-image\">\r\n    <img loading=\"lazy\" decoding=\"async\" width=\"240\"\r\n     height=\"180\"\r\n     src=\"https:\/\/edelterra.com\/wp-content\/uploads\/2026\/06\/www.edelterra.com_foto2-p67-240x180.jpg\"\r\n     onerror=\"this.src = 'https:\/\/edelterra.com\/wp-content\/plugins\/essential-real-estate\/public\/assets\/images\/map-marker-icon.png';\"\r\n     alt=\"Venta: Propiedad Industrial-Agr\u00edcola y Residencial en Limache (20.000 m2)\"\r\n     title=\"Venta: Propiedad Industrial-Agr\u00edcola y Residencial en Limache (20.000 m2)\">\r\n\r\n<div class=\"ere__loop-property-action property-action\">\r\n    <a data-toggle=\"tooltip\"\r\n   title=\"(35) Photos\"\r\n   data-property-id=\"2781\"\r\n   href=\"javascript:void(0)\" class=\"property-view-gallery ere__loop-property_action-item\">\r\n    <i class=\"fa fa-camera\"><\/i>\r\n<\/a>\r\n<a href=\"javascript:void(0)\" class=\"property-favorite ere__loop-property_action-item\" data-property-id=\"2781\"\r\n   data-toggle=\"tooltip\"\r\n   title=\"Add to Favorite\"\r\n   data-title-not-favorite=\"Add to Favorite\"\r\n   data-title-favorited=\"It is my favorite\"\r\n   data-icon-not-favorite=\"fa fa-star-o\"\r\n   data-icon-favorited=\"fa fa-star\">\r\n    <i class=\"fa fa-star-o\"><\/i>\r\n<\/a>\r\n<a class=\"compare-property ere__loop-property_action-item\" href=\"javascript:void(0)\"\r\n   data-property-id=\"2781\" data-toggle=\"tooltip\"\r\n   title=\"Compare\">\r\n    <i class=\"fa fa-plus\"><\/i>\r\n<\/a>\r\n<\/div><div class=\"ere__loop-property-badge ere__lpb-featured-label\">\r\n            <span class=\"ere__loop-property-badge-item ere__featured\">\r\n    <span class=\"ere__lpbi-inner\">\r\n        Featured    <\/span>\r\n<\/span>\r\n    <\/div>\r\n<div class=\"ere__loop-property-badge ere__lpb-status\">\r\n                    <span style=\"--ere-loop-property-badge-bg-color:#888\" class=\"ere__loop-property-badge-item ere__term-status venta\" >\r\n            <span class=\"ere__lpbi-inner\">\r\n                En Venta            <\/span>\r\n        <\/span>\r\n    <\/div>\r\n<a class=\"property-link\" href=\"https:\/\/edelterra.com\/en\/property\/venta-propiedad-industrial-agricola-y-residencial-en-limache-20-000-m2\/\" title=\"Venta: Propiedad Industrial-Agr\u00edcola y Residencial en Limache (20.000 m2)\"><\/a>\r\n<\/div>\r\n\r\n                    <div class=\"property-item-content\">\r\n                        <h2 class=\"property-title\">\n    <a href=\"https:\/\/edelterra.com\/en\/property\/venta-propiedad-industrial-agricola-y-residencial-en-limache-20-000-m2\/\" title=\"Venta: Propiedad Industrial-Agr\u00edcola y Residencial en Limache (20.000 m2)\">Venta: Propiedad Industrial-Agr\u00edcola y Residencial en Limache (20.000 m2)<\/a>\n<\/h2>\n\t<span class=\"property-price ere__loop-property-price\">\n\t\t\t\t\t<span class=\"property-price-prefix\">UF<\/span>\n\t\t\t\t$44.000\t\t\t\t\t<span class=\"property-price-postfix\">\/ (~$1.792.089.640 CLP)<\/span>\n\t\t\t<\/span>\n<div class=\"property-location ere__loop-property-location\" title=\"Limache, Valparaiso\">\n\t<i class=\"fa fa-map-marker\"><\/i>\n\t<a target=\"_blank\" href=\"http:\/\/maps.google.com\/?q=Limache,%20Valparaiso\"><span>Limache, Valparaiso<\/span><\/a>\n<\/div>\n<div class=\"property-excerpt\">\r\n    <p>Espectacular Propiedad de 20.000m2 (2 Ha) en Limache: Casa Patronal, Galpones y Centro de Eventos Descripci\u00f3n:Gran oportunidad de inversi\u00f3n en Limache, Regi\u00f3n de Valpara\u00edso. Propiedad de 2 hect\u00e1reas (20.000 m\u00b2) con conectividad estrat\u00e9gica, infraestructura de primer nivel y alto potencial comercial, tur\u00edstico o inmobiliario. \ud83d\udccd UBICACI\u00d3N Y CONECTIVIDAD Situada en Limache, a pasos del Troncal [&hellip;]<\/p>\n<\/div>\r\n<div class=\"property-link-detail\">\r\n    <a  href=\"https:\/\/edelterra.com\/en\/property\/venta-propiedad-industrial-agricola-y-residencial-en-limache-20-000-m2\/\" title=\"Venta: Propiedad Industrial-Agr\u00edcola y Residencial en Limache (20.000 m2)\"> <span>Details<\/span>\r\n        <i class=\"fa fa-long-arrow-right\"><\/i><\/a>\r\n<\/div>\r\n\r\n                    <\/div>\r\n                <\/div>\r\n            <\/div>\r\n                                    <div class=\"ere-item-wrap mg-bottom-30\">\r\n                <div class=\"property-inner\">\r\n                    <div class=\"property-image\">\r\n    <img loading=\"lazy\" decoding=\"async\" width=\"240\"\r\n     height=\"180\"\r\n     src=\"https:\/\/edelterra.com\/wp-content\/uploads\/2026\/04\/WWW.EDELTERRA.COM_foto2-56-p2437-240x180.jpg\"\r\n     onerror=\"this.src = 'https:\/\/edelterra.com\/wp-content\/plugins\/essential-real-estate\/public\/assets\/images\/map-marker-icon.png';\"\r\n     alt=\"Vende Amplio Departamento en Condominio Puerta de Hierro \u2013 Quilpu\u00e9 Centro\"\r\n     title=\"Vende Amplio Departamento en Condominio Puerta de Hierro \u2013 Quilpu\u00e9 Centro\">\r\n\r\n<div class=\"ere__loop-property-action property-action\">\r\n    <a data-toggle=\"tooltip\"\r\n   title=\"(35) Photos\"\r\n   data-property-id=\"2437\"\r\n   href=\"javascript:void(0)\" class=\"property-view-gallery ere__loop-property_action-item\">\r\n    <i class=\"fa fa-camera\"><\/i>\r\n<\/a>\r\n<a href=\"javascript:void(0)\" class=\"property-favorite ere__loop-property_action-item\" data-property-id=\"2437\"\r\n   data-toggle=\"tooltip\"\r\n   title=\"Add to Favorite\"\r\n   data-title-not-favorite=\"Add to Favorite\"\r\n   data-title-favorited=\"It is my favorite\"\r\n   data-icon-not-favorite=\"fa fa-star-o\"\r\n   data-icon-favorited=\"fa fa-star\">\r\n    <i class=\"fa fa-star-o\"><\/i>\r\n<\/a>\r\n<a class=\"compare-property ere__loop-property_action-item\" href=\"javascript:void(0)\"\r\n   data-property-id=\"2437\" data-toggle=\"tooltip\"\r\n   title=\"Compare\">\r\n    <i class=\"fa fa-plus\"><\/i>\r\n<\/a>\r\n<\/div><div class=\"ere__loop-property-badge ere__lpb-featured-label\">\r\n            <span class=\"ere__loop-property-badge-item ere__featured\">\r\n    <span class=\"ere__lpbi-inner\">\r\n        Featured    <\/span>\r\n<\/span>\r\n    <\/div>\r\n<div class=\"ere__loop-property-badge ere__lpb-status\">\r\n                    <span style=\"--ere-loop-property-badge-bg-color:#888\" class=\"ere__loop-property-badge-item ere__term-status venta\" >\r\n            <span class=\"ere__lpbi-inner\">\r\n                En Venta            <\/span>\r\n        <\/span>\r\n    <\/div>\r\n<a class=\"property-link\" href=\"https:\/\/edelterra.com\/en\/property\/vende-amplio-departamento-en-condominio-puerta-de-hierro-quilpue-centro\/\" title=\"Vende Amplio Departamento en Condominio Puerta de Hierro \u2013 Quilpu\u00e9 Centro\"><\/a>\r\n<\/div>\r\n\r\n                    <div class=\"property-item-content\">\r\n                        <h2 class=\"property-title\">\n    <a href=\"https:\/\/edelterra.com\/en\/property\/vende-amplio-departamento-en-condominio-puerta-de-hierro-quilpue-centro\/\" title=\"Vende Amplio Departamento en Condominio Puerta de Hierro \u2013 Quilpu\u00e9 Centro\">Vende Amplio Departamento en Condominio Puerta de Hierro \u2013 Quilpu\u00e9 Centro<\/a>\n<\/h2>\n\t<span class=\"property-price ere__loop-property-price\">\n\t\t\t\t$173.000.000\t\t\t<\/span>\n<div class=\"property-location ere__loop-property-location\" title=\"Sta. Mar\u00eda 910, 2432529 Quilpu\u00e9, Valpara\u00edso\">\n\t<i class=\"fa fa-map-marker\"><\/i>\n\t<a target=\"_blank\" href=\"http:\/\/maps.google.com\/?q=Sta.%20Mar\u00eda%20910,%202432529%20Quilpu\u00e9,%20Valpara\u00edso\"><span>Sta. Mar\u00eda 910, 2432529 Quilpu\u00e9, Valpara\u00edso<\/span><\/a>\n<\/div>\n<div class=\"property-excerpt\">\r\n    <p>Se vende excelente departamento de 90 m\u00b2 ubicado en el exclusivo Edificio La Fragua (Calle Santa Mar\u00eda 910). Una propiedad ideal para familias que buscan amplitud y seguridad en el coraz\u00f3n de Quilpu\u00e9. Distribuci\u00f3n: 4 dormitorios, 2 ba\u00f1os, luminoso living-comedor con salida a una gran terraza, cocina independiente con logia. Comodidades: Incluye 1 estacionamiento y [&hellip;]<\/p>\n<\/div>\r\n<div class=\"property-link-detail\">\r\n    <a  href=\"https:\/\/edelterra.com\/en\/property\/vende-amplio-departamento-en-condominio-puerta-de-hierro-quilpue-centro\/\" title=\"Vende Amplio Departamento en Condominio Puerta de Hierro \u2013 Quilpu\u00e9 Centro\"> <span>Details<\/span>\r\n        <i class=\"fa fa-long-arrow-right\"><\/i><\/a>\r\n<\/div>\r\n\r\n                    <\/div>\r\n                <\/div>\r\n            <\/div>\r\n                                    <div class=\"ere-item-wrap mg-bottom-30\">\r\n                <div class=\"property-inner\">\r\n                    <div class=\"property-image\">\r\n    <img loading=\"lazy\" decoding=\"async\" width=\"240\"\r\n     height=\"180\"\r\n     src=\"https:\/\/edelterra.com\/wp-content\/uploads\/2026\/04\/www.edelterra.com_foto52-p2237-51-240x180.jpg\"\r\n     onerror=\"this.src = 'https:\/\/edelterra.com\/wp-content\/plugins\/essential-real-estate\/public\/assets\/images\/map-marker-icon.png';\"\r\n     alt=\"Mansion en Sierra Santa Elena: La Cumbre del Lujo y la Privacidad\"\r\n     title=\"Mansion en Sierra Santa Elena: La Cumbre del Lujo y la Privacidad\">\r\n\r\n<div class=\"ere__loop-property-action property-action\">\r\n    <a data-toggle=\"tooltip\"\r\n   title=\"(62) Photos\"\r\n   data-property-id=\"2237\"\r\n   href=\"javascript:void(0)\" class=\"property-view-gallery ere__loop-property_action-item\">\r\n    <i class=\"fa fa-camera\"><\/i>\r\n<\/a>\r\n<a href=\"javascript:void(0)\" class=\"property-favorite ere__loop-property_action-item\" data-property-id=\"2237\"\r\n   data-toggle=\"tooltip\"\r\n   title=\"Add to Favorite\"\r\n   data-title-not-favorite=\"Add to Favorite\"\r\n   data-title-favorited=\"It is my favorite\"\r\n   data-icon-not-favorite=\"fa fa-star-o\"\r\n   data-icon-favorited=\"fa fa-star\">\r\n    <i class=\"fa fa-star-o\"><\/i>\r\n<\/a>\r\n<a class=\"compare-property ere__loop-property_action-item\" href=\"javascript:void(0)\"\r\n   data-property-id=\"2237\" data-toggle=\"tooltip\"\r\n   title=\"Compare\">\r\n    <i class=\"fa fa-plus\"><\/i>\r\n<\/a>\r\n<\/div><div class=\"ere__loop-property-badge ere__lpb-featured-label\">\r\n            <span class=\"ere__loop-property-badge-item ere__featured\">\r\n    <span class=\"ere__lpbi-inner\">\r\n        Featured    <\/span>\r\n<\/span>\r\n    <\/div>\r\n<div class=\"ere__loop-property-badge ere__lpb-status\">\r\n                    <span style=\"--ere-loop-property-badge-bg-color:#888\" class=\"ere__loop-property-badge-item ere__term-status venta\" >\r\n            <span class=\"ere__lpbi-inner\">\r\n                En Venta            <\/span>\r\n        <\/span>\r\n    <\/div>\r\n<a class=\"property-link\" href=\"https:\/\/edelterra.com\/en\/property\/mansion-en-sierra-santa-elena\/\" title=\"Mansion en Sierra Santa Elena: La Cumbre del Lujo y la Privacidad\"><\/a>\r\n<\/div>\r\n\r\n                    <div class=\"property-item-content\">\r\n                        <h2 class=\"property-title\">\n    <a href=\"https:\/\/edelterra.com\/en\/property\/mansion-en-sierra-santa-elena\/\" title=\"Mansion en Sierra Santa Elena: La Cumbre del Lujo y la Privacidad\">Mansion en Sierra Santa Elena: La Cumbre del Lujo y la Privacidad<\/a>\n<\/h2>\n\t<span class=\"property-price ere__loop-property-price\">\n\t\t\t\t\t<span class=\"property-price-prefix\">US<\/span>\n\t\t\t\t$2.300.000\t\t\t\t\t<span class=\"property-price-postfix\">\/ US Dollar<\/span>\n\t\t\t<\/span>\n<div class=\"property-location ere__loop-property-location\" title=\"Sierra Santa Elena, El Salvador\">\n\t<i class=\"fa fa-map-marker\"><\/i>\n\t<a target=\"_blank\" href=\"http:\/\/maps.google.com\/?q=Sierra%20Santa%20Elena,%20El%20Salvador\"><span>Sierra Santa Elena, El Salvador<\/span><\/a>\n<\/div>\n<div class=\"property-excerpt\">\r\n    <p>Residencia de Autor en Sierra Santa Elena: Un Refugio Elevado sobre la Ciudad Precio de Venta: $2,300,000 USD Ubicada en el enclave m\u00e1s prestigioso y seguro de San Salvador, esta majestuosa mansi\u00f3n redefine el concepto de sofisticaci\u00f3n. Con una imponente construcci\u00f3n de 1,330 m\u00b2 sobre un terreno que garantiza privacidad absoluta, la propiedad es una [&hellip;]<\/p>\n<\/div>\r\n<div class=\"property-link-detail\">\r\n    <a  href=\"https:\/\/edelterra.com\/en\/property\/mansion-en-sierra-santa-elena\/\" title=\"Mansion en Sierra Santa Elena: La Cumbre del Lujo y la Privacidad\"> <span>Details<\/span>\r\n        <i class=\"fa fa-long-arrow-right\"><\/i><\/a>\r\n<\/div>\r\n\r\n                    <\/div>\r\n                <\/div>\r\n            <\/div>\r\n                                    <div class=\"ere-item-wrap mg-bottom-30\">\r\n                <div class=\"property-inner\">\r\n                    <div class=\"property-image\">\r\n    <img loading=\"lazy\" decoding=\"async\" width=\"240\"\r\n     height=\"180\"\r\n     src=\"https:\/\/edelterra.com\/wp-content\/uploads\/2026\/03\/Propiedades-Ellusives_foto3-p33-20260107-240x180.jpg\"\r\n     onerror=\"this.src = 'https:\/\/edelterra.com\/wp-content\/plugins\/essential-real-estate\/public\/assets\/images\/map-marker-icon.png';\"\r\n     alt=\"Oportunidad de Inversi\u00f3n: Edificio con Vista al Mar en Playa Ancha\"\r\n     title=\"Oportunidad de Inversi\u00f3n: Edificio con Vista al Mar en Playa Ancha\">\r\n\r\n<div class=\"ere__loop-property-action property-action\">\r\n    <a data-toggle=\"tooltip\"\r\n   title=\"(8) Photos\"\r\n   data-property-id=\"2047\"\r\n   href=\"javascript:void(0)\" class=\"property-view-gallery ere__loop-property_action-item\">\r\n    <i class=\"fa fa-camera\"><\/i>\r\n<\/a>\r\n<a href=\"javascript:void(0)\" class=\"property-favorite ere__loop-property_action-item\" data-property-id=\"2047\"\r\n   data-toggle=\"tooltip\"\r\n   title=\"Add to Favorite\"\r\n   data-title-not-favorite=\"Add to Favorite\"\r\n   data-title-favorited=\"It is my favorite\"\r\n   data-icon-not-favorite=\"fa fa-star-o\"\r\n   data-icon-favorited=\"fa fa-star\">\r\n    <i class=\"fa fa-star-o\"><\/i>\r\n<\/a>\r\n<a class=\"compare-property ere__loop-property_action-item\" href=\"javascript:void(0)\"\r\n   data-property-id=\"2047\" data-toggle=\"tooltip\"\r\n   title=\"Compare\">\r\n    <i class=\"fa fa-plus\"><\/i>\r\n<\/a>\r\n<\/div><div class=\"ere__loop-property-badge ere__lpb-featured-label\">\r\n            <span class=\"ere__loop-property-badge-item ere__featured\">\r\n    <span class=\"ere__lpbi-inner\">\r\n        Featured    <\/span>\r\n<\/span>\r\n    <\/div>\r\n<div class=\"ere__loop-property-badge ere__lpb-status\">\r\n                    <span style=\"--ere-loop-property-badge-bg-color:#888\" class=\"ere__loop-property-badge-item ere__term-status venta\" >\r\n            <span class=\"ere__lpbi-inner\">\r\n                En Venta            <\/span>\r\n        <\/span>\r\n    <\/div>\r\n<a class=\"property-link\" href=\"https:\/\/edelterra.com\/en\/property\/oportunidad-de-inversion-edificio-con-vista-al-mar-en-playa-ancha\/\" title=\"Oportunidad de Inversi\u00f3n: Edificio con Vista al Mar en Playa Ancha\"><\/a>\r\n<\/div>\r\n\r\n                    <div class=\"property-item-content\">\r\n                        <h2 class=\"property-title\">\n    <a href=\"https:\/\/edelterra.com\/en\/property\/oportunidad-de-inversion-edificio-con-vista-al-mar-en-playa-ancha\/\" title=\"Oportunidad de Inversi\u00f3n: Edificio con Vista al Mar en Playa Ancha\">Oportunidad de Inversi\u00f3n: Edificio con Vista al Mar en Playa Ancha<\/a>\n<\/h2>\n\t<span class=\"property-price ere__loop-property-price\">\n\t\t\t\t\t<span class=\"property-price-prefix\">UF<\/span>\n\t\t\t\t$15.500\t\t\t<\/span>\n<div class=\"property-location ere__loop-property-location\" title=\"Av. Playa Ancha, Valpara\u00edso, Chile\">\n\t<i class=\"fa fa-map-marker\"><\/i>\n\t<a target=\"_blank\" href=\"http:\/\/maps.google.com\/?q=Av.%20Playa%20Ancha,%20Valpara\u00edso,%20Chile\"><span>Av. Playa Ancha, Valpara\u00edso, Chile<\/span><\/a>\n<\/div>\n<div class=\"property-excerpt\">\r\n    <p>Oportunidad de Inversi\u00f3n: Edificio con Vista al Mar en Playa Ancha Se vende propiedad de 1.260 m\u00b2 construidos, distribuida en tres niveles y estrat\u00e9gicamente ubicada a pasos del Paseo 21 de Mayo. Con una vista panor\u00e1mica al oc\u00e9ano y emplazada en una zona de alta plusval\u00eda tur\u00edstica, este inmueble es ideal para proyectos hoteleros o [&hellip;]<\/p>\n<\/div>\r\n<div class=\"property-link-detail\">\r\n    <a  href=\"https:\/\/edelterra.com\/en\/property\/oportunidad-de-inversion-edificio-con-vista-al-mar-en-playa-ancha\/\" title=\"Oportunidad de Inversi\u00f3n: Edificio con Vista al Mar en Playa Ancha\"> <span>Details<\/span>\r\n        <i class=\"fa fa-long-arrow-right\"><\/i><\/a>\r\n<\/div>\r\n\r\n                    <\/div>\r\n                <\/div>\r\n            <\/div>\r\n                    <\/div>\r\n    <\/div>\r\n\n\n<\/div>\n\n\n<div data-spectra-id=\"spectra-6e8e6c1f-1756-4aca-8fd7-a3a5f35cf830\"\tstyle=\"overflow: visible\" class=\"spectra-is-root-container alignfull spectra-overlay-color spectra-overflow wp-block-spectra-container\" data-orientation=\"vertical\"\t>\n\t\n\t<h2 data-spectra-id=\"spectra-mmse0oqr-436lub\" class=\"wp-block-spectra-content\">\n\t\tdesliza &lt;&#8211; izq o derecha &#8211;&gt; para ver mas&#8230;\t<\/h2>\n\n<\/div>\n\n\n<div data-spectra-id=\"spectra-mmsez9ie-a9jx3f\"\tstyle=\"overflow: visible\" class=\"spectra-is-root-container alignfull spectra-overlay-color spectra-overflow wp-block-spectra-container\" data-orientation=\"vertical\"\t>\n\t\n\n<div class=\"ere-property-wrap\">\n    <div class=\"ere-property-carousel ere-property property-carousel owl-nav-inline color-dark \">\n        <div class=\"navigation-wrap\">\n                    <\/div>\n        <div class=\"property-content owl-carousel ere__owl-carousel\" data-callback=\"owl_callback\" data-plugin-options=\"{&quot;dots&quot;:false,&quot;nav&quot;:true,&quot;responsive&quot;:{&quot;0&quot;:{&quot;items&quot;:1,&quot;margin&quot;:0},&quot;768&quot;:{&quot;items&quot;:2,&quot;margin&quot;:0},&quot;1200&quot;:{&quot;items&quot;:3,&quot;margin&quot;:0},&quot;1820&quot;:{&quot;items&quot;:4,&quot;margin&quot;:0}}}\">\n           <div class=\"property-item ere-property-is-featured\">\n\t<div class=\"property-inner\">\n        <div class=\"property-image\">\r\n    <img loading=\"lazy\" decoding=\"async\" width=\"330\"\r\n     height=\"180\"\r\n     src=\"https:\/\/edelterra.com\/wp-content\/uploads\/2026\/07\/78-p3255-foto15-330x180.jpg\"\r\n     onerror=\"this.src = 'https:\/\/edelterra.com\/wp-content\/plugins\/essential-real-estate\/public\/assets\/images\/map-marker-icon.png';\"\r\n     alt=\"Venta Individual: 3 Parcelas en Lo Rojas, La Cruz \u2013 Con Proyecci\u00f3n Agr\u00edcola y Alta Plusval\u00eda\"\r\n     title=\"Venta Individual: 3 Parcelas en Lo Rojas, La Cruz \u2013 Con Proyecci\u00f3n Agr\u00edcola y Alta Plusval\u00eda\">\r\n\r\n<div class=\"ere__loop-property-action property-action\">\r\n    <a data-toggle=\"tooltip\"\r\n   title=\"(17) Photos\"\r\n   data-property-id=\"3255\"\r\n   href=\"javascript:void(0)\" class=\"property-view-gallery ere__loop-property_action-item\">\r\n    <i class=\"fa fa-camera\"><\/i>\r\n<\/a>\r\n<a href=\"javascript:void(0)\" class=\"property-favorite ere__loop-property_action-item\" data-property-id=\"3255\"\r\n   data-toggle=\"tooltip\"\r\n   title=\"Add to Favorite\"\r\n   data-title-not-favorite=\"Add to Favorite\"\r\n   data-title-favorited=\"It is my favorite\"\r\n   data-icon-not-favorite=\"fa fa-star-o\"\r\n   data-icon-favorited=\"fa fa-star\">\r\n    <i class=\"fa fa-star-o\"><\/i>\r\n<\/a>\r\n<a class=\"compare-property ere__loop-property_action-item\" href=\"javascript:void(0)\"\r\n   data-property-id=\"3255\" data-toggle=\"tooltip\"\r\n   title=\"Compare\">\r\n    <i class=\"fa fa-plus\"><\/i>\r\n<\/a>\r\n<\/div><div class=\"ere__loop-property-badge ere__lpb-featured-label\">\r\n            <span class=\"ere__loop-property-badge-item ere__featured\">\r\n    <span class=\"ere__lpbi-inner\">\r\n        Featured    <\/span>\r\n<\/span>\r\n    <\/div>\r\n<div class=\"ere__loop-property-badge ere__lpb-status\">\r\n                    <span style=\"--ere-loop-property-badge-bg-color:#888\" class=\"ere__loop-property-badge-item ere__term-status venta\" >\r\n            <span class=\"ere__lpbi-inner\">\r\n                En Venta            <\/span>\r\n        <\/span>\r\n    <\/div>\r\n<a class=\"property-link\" href=\"https:\/\/edelterra.com\/en\/property\/venta-individual-3-parcelas-en-lo-rojas-la-cruz-con-proyeccion-agricola-y-alta-plusvalia\/\" title=\"Venta Individual: 3 Parcelas en Lo Rojas, La Cruz \u2013 Con Proyecci\u00f3n Agr\u00edcola y Alta Plusval\u00eda\"><\/a>\r\n<\/div>\r\n\r\n\t\t<div class=\"property-item-content\">\n\t\t\t<div class=\"property-heading\">\n                <h2 class=\"property-title\">\n    <a href=\"https:\/\/edelterra.com\/en\/property\/venta-individual-3-parcelas-en-lo-rojas-la-cruz-con-proyeccion-agricola-y-alta-plusvalia\/\" title=\"Venta Individual: 3 Parcelas en Lo Rojas, La Cruz \u2013 Con Proyecci\u00f3n Agr\u00edcola y Alta Plusval\u00eda\">Venta Individual: 3 Parcelas en Lo Rojas, La Cruz \u2013 Con Proyecci\u00f3n Agr\u00edcola y Alta Plusval\u00eda<\/a>\n<\/h2>\n\t<span class=\"property-price ere__loop-property-price\">\n\t\t\t\t$120.000.000\t\t\t<\/span>\n\t\t\t<\/div>\n            <div class=\"property-location ere__loop-property-location\" title=\"Lo Rojas, Quillota\">\n\t<i class=\"fa fa-map-marker\"><\/i>\n\t<a target=\"_blank\" href=\"http:\/\/maps.google.com\/?q=Lo%20Rojas,%20Quillota\"><span>Lo Rojas, Quillota<\/span><\/a>\n<\/div>\n<div class=\"property-element-inline\">\r\n    <div class=\"property-type-list\"><i class=\"fa fa-tag\"><\/i><a href=\"https:\/\/edelterra.com\/en\/property-type\/parcela\/\" rel=\"tag\">Parcela<\/a><\/div><div class=\"property-agent\">\r\n    <a href=\"#\" title=\"German Adasme\">\r\n        <i class=\"fa fa-user\"><\/i>\r\n        <span>German Adasme<\/span>\r\n    <\/a>\r\n<\/div>\r\n<div class=\"property-date\">\r\n    <i class=\"fa fa-calendar\"><\/i>\r\n     2 months ago<\/div>\r\n<\/div>\r\n<div class=\"property-excerpt\">\r\n    <p>\u00bfBuscas un activo inmobiliario con gran potencial de crecimiento? Ponemos a disposici\u00f3n la venta individual de 3 excelentes parcelas en el prestigioso sector de Lo Rojas, Quillota: Parcela 30: 6.672 m\u00b2 (ya plantada con paltos). Parcela 31: 7.535 m\u00b2 (en proceso de plantaci\u00f3n). Parcela 32: 7.335 m\u00b2 (en proceso de plantaci\u00f3n). Una oportunidad \u00fanica de [&hellip;]<\/p>\n<\/div>\r\n<div class=\"ere__loop-property-info property-info layout-1\">\r\n    <div class=\"property-info-inner\">\r\n            <\/div>\r\n<\/div>\r\n\n\t\t<\/div>\n\t<\/div>\n<\/div><div class=\"property-item ere-property-is-featured\">\n\t<div class=\"property-inner\">\n        <div class=\"property-image\">\r\n    <img loading=\"lazy\" decoding=\"async\" width=\"330\"\r\n     height=\"180\"\r\n     src=\"https:\/\/edelterra.com\/wp-content\/uploads\/2026\/07\/77-p3243-foto4-330x180.jpg\"\r\n     onerror=\"this.src = 'https:\/\/edelterra.com\/wp-content\/plugins\/essential-real-estate\/public\/assets\/images\/map-marker-icon.png';\"\r\n     alt=\"Oportunidad en Papudo: Gran propiedad de 30.000 m\u00b2 con piscina en sector El Tome\"\r\n     title=\"Oportunidad en Papudo: Gran propiedad de 30.000 m\u00b2 con piscina en sector El Tome\">\r\n\r\n<div class=\"ere__loop-property-action property-action\">\r\n    <a data-toggle=\"tooltip\"\r\n   title=\"(9) Photos\"\r\n   data-property-id=\"3243\"\r\n   href=\"javascript:void(0)\" class=\"property-view-gallery ere__loop-property_action-item\">\r\n    <i class=\"fa fa-camera\"><\/i>\r\n<\/a>\r\n<a href=\"javascript:void(0)\" class=\"property-favorite ere__loop-property_action-item\" data-property-id=\"3243\"\r\n   data-toggle=\"tooltip\"\r\n   title=\"Add to Favorite\"\r\n   data-title-not-favorite=\"Add to Favorite\"\r\n   data-title-favorited=\"It is my favorite\"\r\n   data-icon-not-favorite=\"fa fa-star-o\"\r\n   data-icon-favorited=\"fa fa-star\">\r\n    <i class=\"fa fa-star-o\"><\/i>\r\n<\/a>\r\n<a class=\"compare-property ere__loop-property_action-item\" href=\"javascript:void(0)\"\r\n   data-property-id=\"3243\" data-toggle=\"tooltip\"\r\n   title=\"Compare\">\r\n    <i class=\"fa fa-plus\"><\/i>\r\n<\/a>\r\n<\/div><div class=\"ere__loop-property-badge ere__lpb-featured-label\">\r\n            <span class=\"ere__loop-property-badge-item ere__featured\">\r\n    <span class=\"ere__lpbi-inner\">\r\n        Featured    <\/span>\r\n<\/span>\r\n    <\/div>\r\n<div class=\"ere__loop-property-badge ere__lpb-status\">\r\n                    <span style=\"--ere-loop-property-badge-bg-color:#888\" class=\"ere__loop-property-badge-item ere__term-status venta\" >\r\n            <span class=\"ere__lpbi-inner\">\r\n                En Venta            <\/span>\r\n        <\/span>\r\n    <\/div>\r\n<a class=\"property-link\" href=\"https:\/\/edelterra.com\/en\/property\/oportunidad-en-papudo-parcela-de-3-hectareas-en-el-sector-el-tome\/\" title=\"Oportunidad en Papudo: Gran propiedad de 30.000 m\u00b2 con piscina en sector El Tome\"><\/a>\r\n<\/div>\r\n\r\n\t\t<div class=\"property-item-content\">\n\t\t\t<div class=\"property-heading\">\n                <h2 class=\"property-title\">\n    <a href=\"https:\/\/edelterra.com\/en\/property\/oportunidad-en-papudo-parcela-de-3-hectareas-en-el-sector-el-tome\/\" title=\"Oportunidad en Papudo: Gran propiedad de 30.000 m\u00b2 con piscina en sector El Tome\">Oportunidad en Papudo: Gran propiedad de 30.000 m\u00b2 con piscina en sector El Tome<\/a>\n<\/h2>\n\t<span class=\"property-price ere__loop-property-price\">\n\t\t\t\t$280.000.000\t\t\t<\/span>\n\t\t\t<\/div>\n            <div class=\"property-location ere__loop-property-location\" title=\" Los Corrales, Papudo, Valparaiso (Parcelas El Tome)\">\n\t<i class=\"fa fa-map-marker\"><\/i>\n\t<a target=\"_blank\" href=\"http:\/\/maps.google.com\/?q=%20Los%20Corrales,%20Papudo,%20Valparaiso%20(Parcelas%20El%20Tome)\"><span> Los Corrales, Papudo, Valparaiso (Parcelas El Tome)<\/span><\/a>\n<\/div>\n<div class=\"property-element-inline\">\r\n    <div class=\"property-type-list\"><i class=\"fa fa-tag\"><\/i><a href=\"https:\/\/edelterra.com\/en\/property-type\/parcela\/\" rel=\"tag\">Parcela<\/a><\/div><div class=\"property-agent\">\r\n    <a href=\"#\" title=\"German Adasme\">\r\n        <i class=\"fa fa-user\"><\/i>\r\n        <span>German Adasme<\/span>\r\n    <\/a>\r\n<\/div>\r\n<div class=\"property-date\">\r\n    <i class=\"fa fa-calendar\"><\/i>\r\n     2 months ago<\/div>\r\n<\/div>\r\n<div class=\"property-excerpt\">\r\n    <p>Se vende espectacular terreno con amplia casa de 209 m\u00b2, ideal para quienes buscan espacio, tranquilidad y un estilo de vida relajado cerca de la playa. Terreno: Gran extensi\u00f3n de 30.000 m\u00b2. Exteriores: Piscina privada para disfrutar en familia. Autonom\u00eda total: Sistema el\u00e9ctrico mediante paneles solares y agua de pozo profundo. Comodidad: Casa de 209 [&hellip;]<\/p>\n<\/div>\r\n<div class=\"ere__loop-property-info property-info layout-1\">\r\n    <div class=\"property-info-inner\">\r\n        <div class=\"ere__loop-property-info-item property-area\" data-toggle=\"tooltip\" title=\"Size\">\r\n    <i class=\"fa fa-arrows\"><\/i>\r\n    <div class=\"ere__lpi-content\">\r\n        <span class=\"ere__lpi-value\">209 m<sup>2<\/sup><\/span>\r\n        <span class=\"ere__lpi-label\">Size<\/span>\r\n    <\/div>\r\n<\/div>\r\n\r\n    <\/div>\r\n<\/div>\r\n\n\t\t<\/div>\n\t<\/div>\n<\/div><div class=\"property-item ere-property-is-featured\">\n\t<div class=\"property-inner\">\n        <div class=\"property-image\">\r\n    <img loading=\"lazy\" decoding=\"async\" width=\"330\"\r\n     height=\"180\"\r\n     src=\"https:\/\/edelterra.com\/wp-content\/uploads\/2026\/06\/PortoFino-20-330x180.jpg\"\r\n     onerror=\"this.src = 'https:\/\/edelterra.com\/wp-content\/plugins\/essential-real-estate\/public\/assets\/images\/map-marker-icon.png';\"\r\n     alt=\"VENTA DEPARTAMENTO CENTRO DE VILLA ALEMANA Condominio Portofino | UF 3.925\"\r\n     title=\"VENTA DEPARTAMENTO CENTRO DE VILLA ALEMANA Condominio Portofino | UF 3.925\">\r\n\r\n<div class=\"ere__loop-property-action property-action\">\r\n    <a data-toggle=\"tooltip\"\r\n   title=\"(47) Photos\"\r\n   data-property-id=\"3049\"\r\n   href=\"javascript:void(0)\" class=\"property-view-gallery ere__loop-property_action-item\">\r\n    <i class=\"fa fa-camera\"><\/i>\r\n<\/a>\r\n<a href=\"javascript:void(0)\" class=\"property-favorite ere__loop-property_action-item\" data-property-id=\"3049\"\r\n   data-toggle=\"tooltip\"\r\n   title=\"Add to Favorite\"\r\n   data-title-not-favorite=\"Add to Favorite\"\r\n   data-title-favorited=\"It is my favorite\"\r\n   data-icon-not-favorite=\"fa fa-star-o\"\r\n   data-icon-favorited=\"fa fa-star\">\r\n    <i class=\"fa fa-star-o\"><\/i>\r\n<\/a>\r\n<a class=\"compare-property ere__loop-property_action-item\" href=\"javascript:void(0)\"\r\n   data-property-id=\"3049\" data-toggle=\"tooltip\"\r\n   title=\"Compare\">\r\n    <i class=\"fa fa-plus\"><\/i>\r\n<\/a>\r\n<\/div><div class=\"ere__loop-property-badge ere__lpb-featured-label\">\r\n            <span class=\"ere__loop-property-badge-item ere__featured\">\r\n    <span class=\"ere__lpbi-inner\">\r\n        Featured    <\/span>\r\n<\/span>\r\n    <\/div>\r\n<div class=\"ere__loop-property-badge ere__lpb-status\">\r\n                    <span style=\"--ere-loop-property-badge-bg-color:#888\" class=\"ere__loop-property-badge-item ere__term-status venta\" >\r\n            <span class=\"ere__lpbi-inner\">\r\n                En Venta            <\/span>\r\n        <\/span>\r\n    <\/div>\r\n<a class=\"property-link\" href=\"https:\/\/edelterra.com\/en\/property\/venta-departamento-centro-de-villa-alemana-condominio-portofino-uf-3-925\/\" title=\"VENTA DEPARTAMENTO CENTRO DE VILLA ALEMANA Condominio Portofino | UF 3.925\"><\/a>\r\n<\/div>\r\n\r\n\t\t<div class=\"property-item-content\">\n\t\t\t<div class=\"property-heading\">\n                <h2 class=\"property-title\">\n    <a href=\"https:\/\/edelterra.com\/en\/property\/venta-departamento-centro-de-villa-alemana-condominio-portofino-uf-3-925\/\" title=\"VENTA DEPARTAMENTO CENTRO DE VILLA ALEMANA Condominio Portofino | UF 3.925\">VENTA DEPARTAMENTO CENTRO DE VILLA ALEMANA Condominio Portofino | UF 3.925<\/a>\n<\/h2>\n\t<span class=\"property-price ere__loop-property-price\">\n\t\t\t\t\t<span class=\"property-price-prefix\">UF<\/span>\n\t\t\t\t$3.925\t\t\t\t\t<span class=\"property-price-postfix\">\/ (~$160.100.000 CLP ref.)<\/span>\n\t\t\t<\/span>\n\t\t\t<\/div>\n            <div class=\"property-location ere__loop-property-location\" title=\"San Martin 141, Villa Alemana\">\n\t<i class=\"fa fa-map-marker\"><\/i>\n\t<a target=\"_blank\" href=\"http:\/\/maps.google.com\/?q=San%20Martin%20141,%20Villa%20Alemana\"><span>San Martin 141, Villa Alemana<\/span><\/a>\n<\/div>\n<div class=\"property-element-inline\">\r\n    <div class=\"property-type-list\"><i class=\"fa fa-tag\"><\/i><a href=\"https:\/\/edelterra.com\/en\/property-type\/departamento\/\" rel=\"tag\">Departamento<\/a><\/div><div class=\"property-agent\">\r\n    <a href=\"#\" title=\"German Adasme\">\r\n        <i class=\"fa fa-user\"><\/i>\r\n        <span>German Adasme<\/span>\r\n    <\/a>\r\n<\/div>\r\n<div class=\"property-date\">\r\n    <i class=\"fa fa-calendar\"><\/i>\r\n     2 months ago<\/div>\r\n<\/div>\r\n<div class=\"property-excerpt\">\r\n    <p>Disponible para la venta departamento de alta plusval\u00eda, listo para habitar o arrendar. Un activo inmobiliario con excelente relaci\u00f3n precio-calidad. DESTACADOS COMERCIALES: Propiedad DFL2 | Sin pago de IVA | Exenta de Contribuciones | Bodega incluida | Estacionamiento subterr\u00e1neo disponible. Direcci\u00f3n: San Mart\u00edn N\u00b0 141, Villa Alemana (A pasos de la Estaci\u00f3n de Metro). Superficie: [&hellip;]<\/p>\n<\/div>\r\n<div class=\"ere__loop-property-info property-info layout-1\">\r\n    <div class=\"property-info-inner\">\r\n        <div class=\"ere__loop-property-info-item property-area\" data-toggle=\"tooltip\" title=\"Size\">\r\n    <i class=\"fa fa-arrows\"><\/i>\r\n    <div class=\"ere__lpi-content\">\r\n        <span class=\"ere__lpi-value\">68,95 m<sup>2<\/sup><\/span>\r\n        <span class=\"ere__lpi-label\">Size<\/span>\r\n    <\/div>\r\n<\/div>\r\n\r\n<div class=\"ere__loop-property-info-item property-bedrooms\" data-toggle=\"tooltip\" title=\"3 Bedrooms\">\r\n    <i class=\"fa fa-hotel\"><\/i>\r\n    <div class=\"ere__lpi-content\">\r\n        <span class=\"ere__lpi-value\">3<\/span>\r\n        <span class=\"ere__lpi-label\">Bedrooms<\/span>\r\n    <\/div>\r\n<\/div><div class=\"ere__loop-property-info-item property-bathrooms\" data-toggle=\"tooltip\" title=\"2 Bathrooms\">\r\n    <i class=\"fa fa-bath\"><\/i>\r\n    <div class=\"ere__lpi-content\">\r\n        <span class=\"ere__lpi-value\">2<\/span>\r\n        <span class=\"ere__lpi-label\">Bathrooms<\/span>\r\n    <\/div>\r\n<\/div>\r\n    <\/div>\r\n<\/div>\r\n\n\t\t<\/div>\n\t<\/div>\n<\/div><div class=\"property-item ere-property-is-featured\">\n\t<div class=\"property-inner\">\n        <div class=\"property-image\">\r\n    <img loading=\"lazy\" decoding=\"async\" width=\"330\"\r\n     height=\"180\"\r\n     src=\"https:\/\/edelterra.com\/wp-content\/uploads\/2026\/06\/71-p3039-foto11-330x180.jpg\"\r\n     onerror=\"this.src = 'https:\/\/edelterra.com\/wp-content\/plugins\/essential-real-estate\/public\/assets\/images\/map-marker-icon.png';\"\r\n     alt=\"\u00a1Gran Oportunidad de Inversi\u00f3n en Villa Alemana! Parcela con 3 Casas y Rentabilidad Inmediata\"\r\n     title=\"\u00a1Gran Oportunidad de Inversi\u00f3n en Villa Alemana! Parcela con 3 Casas y Rentabilidad Inmediata\">\r\n\r\n<div class=\"ere__loop-property-action property-action\">\r\n    <a data-toggle=\"tooltip\"\r\n   title=\"(22) Photos\"\r\n   data-property-id=\"3039\"\r\n   href=\"javascript:void(0)\" class=\"property-view-gallery ere__loop-property_action-item\">\r\n    <i class=\"fa fa-camera\"><\/i>\r\n<\/a>\r\n<a href=\"javascript:void(0)\" class=\"property-favorite ere__loop-property_action-item\" data-property-id=\"3039\"\r\n   data-toggle=\"tooltip\"\r\n   title=\"Add to Favorite\"\r\n   data-title-not-favorite=\"Add to Favorite\"\r\n   data-title-favorited=\"It is my favorite\"\r\n   data-icon-not-favorite=\"fa fa-star-o\"\r\n   data-icon-favorited=\"fa fa-star\">\r\n    <i class=\"fa fa-star-o\"><\/i>\r\n<\/a>\r\n<a class=\"compare-property ere__loop-property_action-item\" href=\"javascript:void(0)\"\r\n   data-property-id=\"3039\" data-toggle=\"tooltip\"\r\n   title=\"Compare\">\r\n    <i class=\"fa fa-plus\"><\/i>\r\n<\/a>\r\n<\/div><div class=\"ere__loop-property-badge ere__lpb-featured-label\">\r\n            <span class=\"ere__loop-property-badge-item ere__featured\">\r\n    <span class=\"ere__lpbi-inner\">\r\n        Featured    <\/span>\r\n<\/span>\r\n    <\/div>\r\n<div class=\"ere__loop-property-badge ere__lpb-status\">\r\n                    <span style=\"--ere-loop-property-badge-bg-color:#888\" class=\"ere__loop-property-badge-item ere__term-status venta\" >\r\n            <span class=\"ere__lpbi-inner\">\r\n                En Venta            <\/span>\r\n        <\/span>\r\n    <\/div>\r\n<a class=\"property-link\" href=\"https:\/\/edelterra.com\/en\/property\/gran-oportunidad-de-inversion-en-villa-alemana-parcela-con-3-casas-y-rentabilidad-inmediata\/\" title=\"\u00a1Gran Oportunidad de Inversi\u00f3n en Villa Alemana! Parcela con 3 Casas y Rentabilidad Inmediata\"><\/a>\r\n<\/div>\r\n\r\n\t\t<div class=\"property-item-content\">\n\t\t\t<div class=\"property-heading\">\n                <h2 class=\"property-title\">\n    <a href=\"https:\/\/edelterra.com\/en\/property\/gran-oportunidad-de-inversion-en-villa-alemana-parcela-con-3-casas-y-rentabilidad-inmediata\/\" title=\"\u00a1Gran Oportunidad de Inversi\u00f3n en Villa Alemana! Parcela con 3 Casas y Rentabilidad Inmediata\">\u00a1Gran Oportunidad de Inversi\u00f3n en Villa Alemana! Parcela con 3 Casas y Rentabilidad Inmediata<\/a>\n<\/h2>\n\t<span class=\"property-price ere__loop-property-price\">\n\t\t\t\t$280.000.000\t\t\t<\/span>\n\t\t\t<\/div>\n            <div class=\"property-location ere__loop-property-location\" title=\"El Patagual,Villa Alemana\">\n\t<i class=\"fa fa-map-marker\"><\/i>\n\t<a target=\"_blank\" href=\"http:\/\/maps.google.com\/?q=El%20Patagual,Villa%20Alemana\"><span>El Patagual,Villa Alemana<\/span><\/a>\n<\/div>\n<div class=\"property-element-inline\">\r\n    <div class=\"property-type-list\"><i class=\"fa fa-tag\"><\/i><a href=\"https:\/\/edelterra.com\/en\/property-type\/parcela\/\" rel=\"tag\">Parcela<\/a><\/div><div class=\"property-agent\">\r\n    <a href=\"#\" title=\"German Adasme\">\r\n        <i class=\"fa fa-user\"><\/i>\r\n        <span>German Adasme<\/span>\r\n    <\/a>\r\n<\/div>\r\n<div class=\"property-date\">\r\n    <i class=\"fa fa-calendar\"><\/i>\r\n     2 months ago<\/div>\r\n<\/div>\r\n<div class=\"property-excerpt\">\r\n    <p>Valor: $280.000.000.- Ubicaci\u00f3n: Sector El Patagual, Villa Alemana. \u00bfBuscas un negocio inmobiliario listo para generar ingresos? Esta parcela de agrado de 6.550 m\u00b2 es la oportunidad perfecta. Cuenta con un excelente terreno de topograf\u00eda plana y regular, optimizado con un complejo habitacional que genera $1.200.000 mensuales en arriendos (con ocupaci\u00f3n total). Caracter\u00edsticas principales: Superficie Total: [&hellip;]<\/p>\n<\/div>\r\n<div class=\"ere__loop-property-info property-info layout-1\">\r\n    <div class=\"property-info-inner\">\r\n        <div class=\"ere__loop-property-info-item property-area\" data-toggle=\"tooltip\" title=\"Size\">\r\n    <i class=\"fa fa-arrows\"><\/i>\r\n    <div class=\"ere__lpi-content\">\r\n        <span class=\"ere__lpi-value\">13.743 m<sup>2<\/sup><\/span>\r\n        <span class=\"ere__lpi-label\">Size<\/span>\r\n    <\/div>\r\n<\/div>\r\n\r\n    <\/div>\r\n<\/div>\r\n\n\t\t<\/div>\n\t<\/div>\n<\/div><div class=\"property-item ere-property-is-featured\">\n\t<div class=\"property-inner\">\n        <div class=\"property-image\">\r\n    <img loading=\"lazy\" decoding=\"async\" width=\"330\"\r\n     height=\"180\"\r\n     src=\"https:\/\/edelterra.com\/wp-content\/uploads\/2026\/03\/2531-Propiedades-Ellusives_foto1-p39-2026-02-03-scaled-330x180.jpg\"\r\n     onerror=\"this.src = 'https:\/\/edelterra.com\/wp-content\/plugins\/essential-real-estate\/public\/assets\/images\/map-marker-icon.png';\"\r\n     alt=\"Terrenos con Rol Propio en Chorrillos: Alta Rentabilidad para Proyectos de Construcci\u00f3n\"\r\n     title=\"Terrenos con Rol Propio en Chorrillos: Alta Rentabilidad para Proyectos de Construcci\u00f3n\">\r\n\r\n<div class=\"ere__loop-property-action property-action\">\r\n    <a data-toggle=\"tooltip\"\r\n   title=\"(16) Photos\"\r\n   data-property-id=\"37\"\r\n   href=\"javascript:void(0)\" class=\"property-view-gallery ere__loop-property_action-item\">\r\n    <i class=\"fa fa-camera\"><\/i>\r\n<\/a>\r\n<a href=\"javascript:void(0)\" class=\"property-favorite ere__loop-property_action-item\" data-property-id=\"37\"\r\n   data-toggle=\"tooltip\"\r\n   title=\"Add to Favorite\"\r\n   data-title-not-favorite=\"Add to Favorite\"\r\n   data-title-favorited=\"It is my favorite\"\r\n   data-icon-not-favorite=\"fa fa-star-o\"\r\n   data-icon-favorited=\"fa fa-star\">\r\n    <i class=\"fa fa-star-o\"><\/i>\r\n<\/a>\r\n<a class=\"compare-property ere__loop-property_action-item\" href=\"javascript:void(0)\"\r\n   data-property-id=\"37\" data-toggle=\"tooltip\"\r\n   title=\"Compare\">\r\n    <i class=\"fa fa-plus\"><\/i>\r\n<\/a>\r\n<\/div><div class=\"ere__loop-property-badge ere__lpb-featured-label\">\r\n            <span class=\"ere__loop-property-badge-item ere__featured\">\r\n    <span class=\"ere__lpbi-inner\">\r\n        Featured    <\/span>\r\n<\/span>\r\n    <\/div>\r\n<div class=\"ere__loop-property-badge ere__lpb-status\">\r\n                    <span style=\"--ere-loop-property-badge-bg-color:#888\" class=\"ere__loop-property-badge-item ere__term-status venta\" >\r\n            <span class=\"ere__lpbi-inner\">\r\n                En Venta            <\/span>\r\n        <\/span>\r\n    <\/div>\r\n<a class=\"property-link\" href=\"https:\/\/edelterra.com\/en\/property\/se-vende-propiedad-de-400-m%c2%b2-en-sector-chorrillos-vina-del-mar\/\" title=\"Terrenos con Rol Propio en Chorrillos: Alta Rentabilidad para Proyectos de Construcci\u00f3n\"><\/a>\r\n<\/div>\r\n\r\n\t\t<div class=\"property-item-content\">\n\t\t\t<div class=\"property-heading\">\n                <h2 class=\"property-title\">\n    <a href=\"https:\/\/edelterra.com\/en\/property\/se-vende-propiedad-de-400-m%c2%b2-en-sector-chorrillos-vina-del-mar\/\" title=\"Terrenos con Rol Propio en Chorrillos: Alta Rentabilidad para Proyectos de Construcci\u00f3n\">Terrenos con Rol Propio en Chorrillos: Alta Rentabilidad para Proyectos de Construcci\u00f3n<\/a>\n<\/h2>\n\t<span class=\"property-price ere__loop-property-price\">\n\t\t\t\t\t<span class=\"property-price-prefix\">UF<\/span>\n\t\t\t\t$2.450\t\t\t\t\t<span class=\"property-price-postfix\">\/ (Aprox.$100.000.000)<\/span>\n\t\t\t<\/span>\n\t\t\t<\/div>\n            <div class=\"property-location ere__loop-property-location\" title=\"Pje. Siete 2409 chorrillos, vi\u00f1a del mar\">\n\t<i class=\"fa fa-map-marker\"><\/i>\n\t<a target=\"_blank\" href=\"http:\/\/maps.google.com\/?q=Pje.%20Siete%202409%20chorrillos,%20vi\u00f1a%20del%20mar\"><span>Pje. Siete 2409 chorrillos, vi\u00f1a del mar<\/span><\/a>\n<\/div>\n<div class=\"property-element-inline\">\r\n    <div class=\"property-type-list\"><i class=\"fa fa-tag\"><\/i><a href=\"https:\/\/edelterra.com\/en\/property-type\/terreno\/\" rel=\"tag\">Terreno<\/a><\/div><div class=\"property-agent\">\r\n    <a href=\"#\" title=\"German Adasme\">\r\n        <i class=\"fa fa-user\"><\/i>\r\n        <span>German Adasme<\/span>\r\n    <\/a>\r\n<\/div>\r\n<div class=\"property-date\">\r\n    <i class=\"fa fa-calendar\"><\/i>\r\n     6 months ago<\/div>\r\n<\/div>\r\n<div class=\"property-excerpt\">\r\n    <p>Se encuentra disponible para la venta una propiedad con una superficie total de 400 m\u00b2, ubicada en el sector de Chorrillos, Vi\u00f1a del Mar. Esta oferta representa una oportunidad \u00fanica para quienes buscan invertir en un sector con alta demanda habitacional y excelente conectividad. La propiedad se compone de dos lotes de 200 m\u00b2 cada [&hellip;]<\/p>\n<\/div>\r\n<div class=\"ere__loop-property-info property-info layout-1\">\r\n    <div class=\"property-info-inner\">\r\n        <div class=\"ere__loop-property-info-item property-area\" data-toggle=\"tooltip\" title=\"Size\">\r\n    <i class=\"fa fa-arrows\"><\/i>\r\n    <div class=\"ere__lpi-content\">\r\n        <span class=\"ere__lpi-value\">400 m<sup>2<\/sup><\/span>\r\n        <span class=\"ere__lpi-label\">Size<\/span>\r\n    <\/div>\r\n<\/div>\r\n\r\n    <\/div>\r\n<\/div>\r\n\n\t\t<\/div>\n\t<\/div>\n<\/div><div class=\"property-item ere-property-is-featured\">\n\t<div class=\"property-inner\">\n        <div class=\"property-image\">\r\n    <img loading=\"lazy\" decoding=\"async\" width=\"330\"\r\n     height=\"180\"\r\n     src=\"https:\/\/edelterra.com\/wp-content\/uploads\/2026\/07\/79-p3264-foto5-330x180.jpg\"\r\n     onerror=\"this.src = 'https:\/\/edelterra.com\/wp-content\/plugins\/essential-real-estate\/public\/assets\/images\/map-marker-icon.png';\"\r\n     alt=\"\u00a1Oportunidad de Inversi\u00f3n en Papudo! Propiedad con 3 Casas Independientes y Rentabilidad Inmediata\"\r\n     title=\"\u00a1Oportunidad de Inversi\u00f3n en Papudo! Propiedad con 3 Casas Independientes y Rentabilidad Inmediata\">\r\n\r\n<div class=\"ere__loop-property-action property-action\">\r\n    <a data-toggle=\"tooltip\"\r\n   title=\"(5) Photos\"\r\n   data-property-id=\"3264\"\r\n   href=\"javascript:void(0)\" class=\"property-view-gallery ere__loop-property_action-item\">\r\n    <i class=\"fa fa-camera\"><\/i>\r\n<\/a>\r\n<a href=\"javascript:void(0)\" class=\"property-favorite ere__loop-property_action-item\" data-property-id=\"3264\"\r\n   data-toggle=\"tooltip\"\r\n   title=\"Add to Favorite\"\r\n   data-title-not-favorite=\"Add to Favorite\"\r\n   data-title-favorited=\"It is my favorite\"\r\n   data-icon-not-favorite=\"fa fa-star-o\"\r\n   data-icon-favorited=\"fa fa-star\">\r\n    <i class=\"fa fa-star-o\"><\/i>\r\n<\/a>\r\n<a class=\"compare-property ere__loop-property_action-item\" href=\"javascript:void(0)\"\r\n   data-property-id=\"3264\" data-toggle=\"tooltip\"\r\n   title=\"Compare\">\r\n    <i class=\"fa fa-plus\"><\/i>\r\n<\/a>\r\n<\/div><div class=\"ere__loop-property-badge ere__lpb-featured-label\">\r\n            <span class=\"ere__loop-property-badge-item ere__featured\">\r\n    <span class=\"ere__lpbi-inner\">\r\n        Featured    <\/span>\r\n<\/span>\r\n    <\/div>\r\n<div class=\"ere__loop-property-badge ere__lpb-status\">\r\n                    <span style=\"--ere-loop-property-badge-bg-color:#888\" class=\"ere__loop-property-badge-item ere__term-status venta\" >\r\n            <span class=\"ere__lpbi-inner\">\r\n                En Venta            <\/span>\r\n        <\/span>\r\n    <\/div>\r\n<a class=\"property-link\" href=\"https:\/\/edelterra.com\/en\/property\/oportunidad-de-inversion-en-papudo-propiedad-con-3-casas-independientes-y-rentabilidad-inmediata\/\" title=\"\u00a1Oportunidad de Inversi\u00f3n en Papudo! Propiedad con 3 Casas Independientes y Rentabilidad Inmediata\"><\/a>\r\n<\/div>\r\n\r\n\t\t<div class=\"property-item-content\">\n\t\t\t<div class=\"property-heading\">\n                <h2 class=\"property-title\">\n    <a href=\"https:\/\/edelterra.com\/en\/property\/oportunidad-de-inversion-en-papudo-propiedad-con-3-casas-independientes-y-rentabilidad-inmediata\/\" title=\"\u00a1Oportunidad de Inversi\u00f3n en Papudo! Propiedad con 3 Casas Independientes y Rentabilidad Inmediata\">\u00a1Oportunidad de Inversi\u00f3n en Papudo! Propiedad con 3 Casas Independientes y Rentabilidad Inmediata<\/a>\n<\/h2>\n\t<span class=\"property-price ere__loop-property-price\">\n\t\t\t\t$275.000.000\t\t\t<\/span>\n\t\t\t<\/div>\n            <div class=\"property-location ere__loop-property-location\" title=\"Papudo, Provincia de Petorca, Valparaiso\">\n\t<i class=\"fa fa-map-marker\"><\/i>\n\t<a target=\"_blank\" href=\"http:\/\/maps.google.com\/?q=Papudo,%20Provincia%20de%20Petorca,%20Valparaiso\"><span>Papudo, Provincia de Petorca, Valparaiso<\/span><\/a>\n<\/div>\n<div class=\"property-element-inline\">\r\n    <div class=\"property-type-list\"><i class=\"fa fa-tag\"><\/i><a href=\"https:\/\/edelterra.com\/en\/property-type\/casa\/\" rel=\"tag\">Casa<\/a><\/div><div class=\"property-agent\">\r\n    <a href=\"#\" title=\"German Adasme\">\r\n        <i class=\"fa fa-user\"><\/i>\r\n        <span>German Adasme<\/span>\r\n    <\/a>\r\n<\/div>\r\n<div class=\"property-date\">\r\n    <i class=\"fa fa-calendar\"><\/i>\r\n     2 months ago<\/div>\r\n<\/div>\r\n<div class=\"property-excerpt\">\r\n    <p>\u00bfBuscas una inversi\u00f3n segura y con flujo de caja garantizado? Esta propiedad en el coraz\u00f3n de Papudo es la opci\u00f3n ideal para inversionistas que buscan rentabilidad desde el primer d\u00eda. Situada en una ubicaci\u00f3n privilegiada, a solo 100 metros del CESFAM y en pleno centro de la comuna, esta propiedad cuenta con una infraestructura s\u00f3lida [&hellip;]<\/p>\n<\/div>\r\n<div class=\"ere__loop-property-info property-info layout-1\">\r\n    <div class=\"property-info-inner\">\r\n        <div class=\"ere__loop-property-info-item property-area\" data-toggle=\"tooltip\" title=\"Size\">\r\n    <i class=\"fa fa-arrows\"><\/i>\r\n    <div class=\"ere__lpi-content\">\r\n        <span class=\"ere__lpi-value\">200 m<sup>2<\/sup><\/span>\r\n        <span class=\"ere__lpi-label\">Size<\/span>\r\n    <\/div>\r\n<\/div>\r\n\r\n<div class=\"ere__loop-property-info-item property-bedrooms\" data-toggle=\"tooltip\" title=\"9 Bedrooms\">\r\n    <i class=\"fa fa-hotel\"><\/i>\r\n    <div class=\"ere__lpi-content\">\r\n        <span class=\"ere__lpi-value\">9<\/span>\r\n        <span class=\"ere__lpi-label\">Bedrooms<\/span>\r\n    <\/div>\r\n<\/div><div class=\"ere__loop-property-info-item property-bathrooms\" data-toggle=\"tooltip\" title=\"3 Bathrooms\">\r\n    <i class=\"fa fa-bath\"><\/i>\r\n    <div class=\"ere__lpi-content\">\r\n        <span class=\"ere__lpi-value\">3<\/span>\r\n        <span class=\"ere__lpi-label\">Bathrooms<\/span>\r\n    <\/div>\r\n<\/div>\r\n    <\/div>\r\n<\/div>\r\n\n\t\t<\/div>\n\t<\/div>\n<\/div><div class=\"property-item ere-property-is-featured\">\n\t<div class=\"property-inner\">\n        <div class=\"property-image\">\r\n    <img loading=\"lazy\" decoding=\"async\" width=\"330\"\r\n     height=\"180\"\r\n     src=\"https:\/\/edelterra.com\/wp-content\/uploads\/2026\/06\/www.edelterra.com_foto22-p2819-330x180.jpg\"\r\n     onerror=\"this.src = 'https:\/\/edelterra.com\/wp-content\/plugins\/essential-real-estate\/public\/assets\/images\/map-marker-icon.png';\"\r\n     alt=\"Parcela de 5.000 m\u00b2 en Fundo Caj\u00f3n de Lebu: Proyecto con Base Avanzada y Gran Conectividad\"\r\n     title=\"Parcela de 5.000 m\u00b2 en Fundo Caj\u00f3n de Lebu: Proyecto con Base Avanzada y Gran Conectividad\">\r\n\r\n<div class=\"ere__loop-property-action property-action\">\r\n    <a data-toggle=\"tooltip\"\r\n   title=\"(36) Photos\"\r\n   data-property-id=\"2819\"\r\n   href=\"javascript:void(0)\" class=\"property-view-gallery ere__loop-property_action-item\">\r\n    <i class=\"fa fa-camera\"><\/i>\r\n<\/a>\r\n<a href=\"javascript:void(0)\" class=\"property-favorite ere__loop-property_action-item\" data-property-id=\"2819\"\r\n   data-toggle=\"tooltip\"\r\n   title=\"Add to Favorite\"\r\n   data-title-not-favorite=\"Add to Favorite\"\r\n   data-title-favorited=\"It is my favorite\"\r\n   data-icon-not-favorite=\"fa fa-star-o\"\r\n   data-icon-favorited=\"fa fa-star\">\r\n    <i class=\"fa fa-star-o\"><\/i>\r\n<\/a>\r\n<a class=\"compare-property ere__loop-property_action-item\" href=\"javascript:void(0)\"\r\n   data-property-id=\"2819\" data-toggle=\"tooltip\"\r\n   title=\"Compare\">\r\n    <i class=\"fa fa-plus\"><\/i>\r\n<\/a>\r\n<\/div><div class=\"ere__loop-property-badge ere__lpb-featured-label\">\r\n            <span class=\"ere__loop-property-badge-item ere__featured\">\r\n    <span class=\"ere__lpbi-inner\">\r\n        Featured    <\/span>\r\n<\/span>\r\n    <\/div>\r\n<div class=\"ere__loop-property-badge ere__lpb-status\">\r\n                    <span style=\"--ere-loop-property-badge-bg-color:#888\" class=\"ere__loop-property-badge-item ere__term-status venta\" >\r\n            <span class=\"ere__lpbi-inner\">\r\n                En Venta            <\/span>\r\n        <\/span>\r\n    <\/div>\r\n<a class=\"property-link\" href=\"https:\/\/edelterra.com\/en\/property\/parcela-de-5-000-m%c2%b2-en-fundo-cajon-de-lebu-proyecto-con-base-avanzada-y-gran-conectividad\/\" title=\"Parcela de 5.000 m\u00b2 en Fundo Caj\u00f3n de Lebu: Proyecto con Base Avanzada y Gran Conectividad\"><\/a>\r\n<\/div>\r\n\r\n\t\t<div class=\"property-item-content\">\n\t\t\t<div class=\"property-heading\">\n                <h2 class=\"property-title\">\n    <a href=\"https:\/\/edelterra.com\/en\/property\/parcela-de-5-000-m%c2%b2-en-fundo-cajon-de-lebu-proyecto-con-base-avanzada-y-gran-conectividad\/\" title=\"Parcela de 5.000 m\u00b2 en Fundo Caj\u00f3n de Lebu: Proyecto con Base Avanzada y Gran Conectividad\">Parcela de 5.000 m\u00b2 en Fundo Caj\u00f3n de Lebu: Proyecto con Base Avanzada y Gran Conectividad<\/a>\n<\/h2>\n\t<span class=\"property-price ere__loop-property-price\">\n\t\t\t\t$68.000.000\t\t\t<\/span>\n\t\t\t<\/div>\n            <div class=\"property-location ere__loop-property-location\" title=\"Parcelas Cajon de Lebu, Villa Alemana, Limache, Valpara\u00edso\">\n\t<i class=\"fa fa-map-marker\"><\/i>\n\t<a target=\"_blank\" href=\"http:\/\/maps.google.com\/?q=Parcelas%20Cajon%20de%20Lebu,%20Villa%20Alemana,%20Limache,%20Valpara\u00edso\"><span>Parcelas Cajon de Lebu, Villa Alemana, Limache, Valpara\u00edso<\/span><\/a>\n<\/div>\n<div class=\"property-element-inline\">\r\n    <div class=\"property-type-list\"><i class=\"fa fa-tag\"><\/i><a href=\"https:\/\/edelterra.com\/en\/property-type\/parcela\/\" rel=\"tag\">Parcela<\/a><\/div><div class=\"property-agent\">\r\n    <a href=\"#\" title=\"German Adasme\">\r\n        <i class=\"fa fa-user\"><\/i>\r\n        <span>German Adasme<\/span>\r\n    <\/a>\r\n<\/div>\r\n<div class=\"property-date\">\r\n    <i class=\"fa fa-calendar\"><\/i>\r\n     3 months ago<\/div>\r\n<\/div>\r\n<div class=\"property-excerpt\">\r\n    <p>Precio: $68.000.000 CLP Descripci\u00f3n:Atractiva propiedad de 5.000 m\u00b2 disponible para venta en el consolidado sector de Fundo Caj\u00f3n de Lebu (comuna de Limache, con acceso inmediato por el \u00e1rea de Pe\u00f1ablanca, Villa Alemana). El inmueble destaca por su relieve plano de f\u00e1cil aprovechamiento, un frente resguardado por port\u00f3n vehicular y cierres perimetrales completos que protegen [&hellip;]<\/p>\n<\/div>\r\n<div class=\"ere__loop-property-info property-info layout-1\">\r\n    <div class=\"property-info-inner\">\r\n        <div class=\"ere__loop-property-info-item property-bathrooms\" data-toggle=\"tooltip\" title=\"1 Bathroom\">\r\n    <i class=\"fa fa-bath\"><\/i>\r\n    <div class=\"ere__lpi-content\">\r\n        <span class=\"ere__lpi-value\">1<\/span>\r\n        <span class=\"ere__lpi-label\">Bathroom<\/span>\r\n    <\/div>\r\n<\/div>\r\n    <\/div>\r\n<\/div>\r\n\n\t\t<\/div>\n\t<\/div>\n<\/div><div class=\"property-item ere-property-is-featured\">\n\t<div class=\"property-inner\">\n        <div class=\"property-image\">\r\n    <img loading=\"lazy\" decoding=\"async\" width=\"330\"\r\n     height=\"180\"\r\n     src=\"https:\/\/edelterra.com\/wp-content\/uploads\/2026\/06\/www.edelterra.com_foto2-p67-330x180.jpg\"\r\n     onerror=\"this.src = 'https:\/\/edelterra.com\/wp-content\/plugins\/essential-real-estate\/public\/assets\/images\/map-marker-icon.png';\"\r\n     alt=\"Venta: Propiedad Industrial-Agr\u00edcola y Residencial en Limache (20.000 m2)\"\r\n     title=\"Venta: Propiedad Industrial-Agr\u00edcola y Residencial en Limache (20.000 m2)\">\r\n\r\n<div class=\"ere__loop-property-action property-action\">\r\n    <a data-toggle=\"tooltip\"\r\n   title=\"(35) Photos\"\r\n   data-property-id=\"2781\"\r\n   href=\"javascript:void(0)\" class=\"property-view-gallery ere__loop-property_action-item\">\r\n    <i class=\"fa fa-camera\"><\/i>\r\n<\/a>\r\n<a href=\"javascript:void(0)\" class=\"property-favorite ere__loop-property_action-item\" data-property-id=\"2781\"\r\n   data-toggle=\"tooltip\"\r\n   title=\"Add to Favorite\"\r\n   data-title-not-favorite=\"Add to Favorite\"\r\n   data-title-favorited=\"It is my favorite\"\r\n   data-icon-not-favorite=\"fa fa-star-o\"\r\n   data-icon-favorited=\"fa fa-star\">\r\n    <i class=\"fa fa-star-o\"><\/i>\r\n<\/a>\r\n<a class=\"compare-property ere__loop-property_action-item\" href=\"javascript:void(0)\"\r\n   data-property-id=\"2781\" data-toggle=\"tooltip\"\r\n   title=\"Compare\">\r\n    <i class=\"fa fa-plus\"><\/i>\r\n<\/a>\r\n<\/div><div class=\"ere__loop-property-badge ere__lpb-featured-label\">\r\n            <span class=\"ere__loop-property-badge-item ere__featured\">\r\n    <span class=\"ere__lpbi-inner\">\r\n        Featured    <\/span>\r\n<\/span>\r\n    <\/div>\r\n<div class=\"ere__loop-property-badge ere__lpb-status\">\r\n                    <span style=\"--ere-loop-property-badge-bg-color:#888\" class=\"ere__loop-property-badge-item ere__term-status venta\" >\r\n            <span class=\"ere__lpbi-inner\">\r\n                En Venta            <\/span>\r\n        <\/span>\r\n    <\/div>\r\n<a class=\"property-link\" href=\"https:\/\/edelterra.com\/en\/property\/venta-propiedad-industrial-agricola-y-residencial-en-limache-20-000-m2\/\" title=\"Venta: Propiedad Industrial-Agr\u00edcola y Residencial en Limache (20.000 m2)\"><\/a>\r\n<\/div>\r\n\r\n\t\t<div class=\"property-item-content\">\n\t\t\t<div class=\"property-heading\">\n                <h2 class=\"property-title\">\n    <a href=\"https:\/\/edelterra.com\/en\/property\/venta-propiedad-industrial-agricola-y-residencial-en-limache-20-000-m2\/\" title=\"Venta: Propiedad Industrial-Agr\u00edcola y Residencial en Limache (20.000 m2)\">Venta: Propiedad Industrial-Agr\u00edcola y Residencial en Limache (20.000 m2)<\/a>\n<\/h2>\n\t<span class=\"property-price ere__loop-property-price\">\n\t\t\t\t\t<span class=\"property-price-prefix\">UF<\/span>\n\t\t\t\t$44.000\t\t\t\t\t<span class=\"property-price-postfix\">\/ (~$1.792.089.640 CLP)<\/span>\n\t\t\t<\/span>\n\t\t\t<\/div>\n            <div class=\"property-location ere__loop-property-location\" title=\"Limache, Valparaiso\">\n\t<i class=\"fa fa-map-marker\"><\/i>\n\t<a target=\"_blank\" href=\"http:\/\/maps.google.com\/?q=Limache,%20Valparaiso\"><span>Limache, Valparaiso<\/span><\/a>\n<\/div>\n<div class=\"property-element-inline\">\r\n    <div class=\"property-type-list\"><i class=\"fa fa-tag\"><\/i><a href=\"https:\/\/edelterra.com\/en\/property-type\/comercial\/\" rel=\"tag\">Comercial<\/a><\/div><div class=\"property-agent\">\r\n    <a href=\"#\" title=\"German Adasme\">\r\n        <i class=\"fa fa-user\"><\/i>\r\n        <span>German Adasme<\/span>\r\n    <\/a>\r\n<\/div>\r\n<div class=\"property-date\">\r\n    <i class=\"fa fa-calendar\"><\/i>\r\n     3 months ago<\/div>\r\n<\/div>\r\n<div class=\"property-excerpt\">\r\n    <p>Espectacular Propiedad de 20.000m2 (2 Ha) en Limache: Casa Patronal, Galpones y Centro de Eventos Descripci\u00f3n:Gran oportunidad de inversi\u00f3n en Limache, Regi\u00f3n de Valpara\u00edso. Propiedad de 2 hect\u00e1reas (20.000 m\u00b2) con conectividad estrat\u00e9gica, infraestructura de primer nivel y alto potencial comercial, tur\u00edstico o inmobiliario. \ud83d\udccd UBICACI\u00d3N Y CONECTIVIDAD Situada en Limache, a pasos del Troncal [&hellip;]<\/p>\n<\/div>\r\n<div class=\"ere__loop-property-info property-info layout-1\">\r\n    <div class=\"property-info-inner\">\r\n        <div class=\"ere__loop-property-info-item property-bedrooms\" data-toggle=\"tooltip\" title=\"4 Bedrooms\">\r\n    <i class=\"fa fa-hotel\"><\/i>\r\n    <div class=\"ere__lpi-content\">\r\n        <span class=\"ere__lpi-value\">4<\/span>\r\n        <span class=\"ere__lpi-label\">Bedrooms<\/span>\r\n    <\/div>\r\n<\/div><div class=\"ere__loop-property-info-item property-bathrooms\" data-toggle=\"tooltip\" title=\"2 Bathrooms\">\r\n    <i class=\"fa fa-bath\"><\/i>\r\n    <div class=\"ere__lpi-content\">\r\n        <span class=\"ere__lpi-value\">2<\/span>\r\n        <span class=\"ere__lpi-label\">Bathrooms<\/span>\r\n    <\/div>\r\n<\/div>\r\n    <\/div>\r\n<\/div>\r\n\n\t\t<\/div>\n\t<\/div>\n<\/div><div class=\"property-item ere-property-is-featured\">\n\t<div class=\"property-inner\">\n        <div class=\"property-image\">\r\n    <img loading=\"lazy\" decoding=\"async\" width=\"330\"\r\n     height=\"180\"\r\n     src=\"https:\/\/edelterra.com\/wp-content\/uploads\/2026\/04\/WWW.EDELTERRA.COM_foto2-56-p2437-330x180.jpg\"\r\n     onerror=\"this.src = 'https:\/\/edelterra.com\/wp-content\/plugins\/essential-real-estate\/public\/assets\/images\/map-marker-icon.png';\"\r\n     alt=\"Vende Amplio Departamento en Condominio Puerta de Hierro \u2013 Quilpu\u00e9 Centro\"\r\n     title=\"Vende Amplio Departamento en Condominio Puerta de Hierro \u2013 Quilpu\u00e9 Centro\">\r\n\r\n<div class=\"ere__loop-property-action property-action\">\r\n    <a data-toggle=\"tooltip\"\r\n   title=\"(35) Photos\"\r\n   data-property-id=\"2437\"\r\n   href=\"javascript:void(0)\" class=\"property-view-gallery ere__loop-property_action-item\">\r\n    <i class=\"fa fa-camera\"><\/i>\r\n<\/a>\r\n<a href=\"javascript:void(0)\" class=\"property-favorite ere__loop-property_action-item\" data-property-id=\"2437\"\r\n   data-toggle=\"tooltip\"\r\n   title=\"Add to Favorite\"\r\n   data-title-not-favorite=\"Add to Favorite\"\r\n   data-title-favorited=\"It is my favorite\"\r\n   data-icon-not-favorite=\"fa fa-star-o\"\r\n   data-icon-favorited=\"fa fa-star\">\r\n    <i class=\"fa fa-star-o\"><\/i>\r\n<\/a>\r\n<a class=\"compare-property ere__loop-property_action-item\" href=\"javascript:void(0)\"\r\n   data-property-id=\"2437\" data-toggle=\"tooltip\"\r\n   title=\"Compare\">\r\n    <i class=\"fa fa-plus\"><\/i>\r\n<\/a>\r\n<\/div><div class=\"ere__loop-property-badge ere__lpb-featured-label\">\r\n            <span class=\"ere__loop-property-badge-item ere__featured\">\r\n    <span class=\"ere__lpbi-inner\">\r\n        Featured    <\/span>\r\n<\/span>\r\n    <\/div>\r\n<div class=\"ere__loop-property-badge ere__lpb-status\">\r\n                    <span style=\"--ere-loop-property-badge-bg-color:#888\" class=\"ere__loop-property-badge-item ere__term-status venta\" >\r\n            <span class=\"ere__lpbi-inner\">\r\n                En Venta            <\/span>\r\n        <\/span>\r\n    <\/div>\r\n<a class=\"property-link\" href=\"https:\/\/edelterra.com\/en\/property\/vende-amplio-departamento-en-condominio-puerta-de-hierro-quilpue-centro\/\" title=\"Vende Amplio Departamento en Condominio Puerta de Hierro \u2013 Quilpu\u00e9 Centro\"><\/a>\r\n<\/div>\r\n\r\n\t\t<div class=\"property-item-content\">\n\t\t\t<div class=\"property-heading\">\n                <h2 class=\"property-title\">\n    <a href=\"https:\/\/edelterra.com\/en\/property\/vende-amplio-departamento-en-condominio-puerta-de-hierro-quilpue-centro\/\" title=\"Vende Amplio Departamento en Condominio Puerta de Hierro \u2013 Quilpu\u00e9 Centro\">Vende Amplio Departamento en Condominio Puerta de Hierro \u2013 Quilpu\u00e9 Centro<\/a>\n<\/h2>\n\t<span class=\"property-price ere__loop-property-price\">\n\t\t\t\t$173.000.000\t\t\t<\/span>\n\t\t\t<\/div>\n            <div class=\"property-location ere__loop-property-location\" title=\"Sta. Mar\u00eda 910, 2432529 Quilpu\u00e9, Valpara\u00edso\">\n\t<i class=\"fa fa-map-marker\"><\/i>\n\t<a target=\"_blank\" href=\"http:\/\/maps.google.com\/?q=Sta.%20Mar\u00eda%20910,%202432529%20Quilpu\u00e9,%20Valpara\u00edso\"><span>Sta. Mar\u00eda 910, 2432529 Quilpu\u00e9, Valpara\u00edso<\/span><\/a>\n<\/div>\n<div class=\"property-element-inline\">\r\n    <div class=\"property-type-list\"><i class=\"fa fa-tag\"><\/i><a href=\"https:\/\/edelterra.com\/en\/property-type\/departamento\/\" rel=\"tag\">Departamento<\/a><\/div><div class=\"property-agent\">\r\n    <a href=\"#\" title=\"German Adasme\">\r\n        <i class=\"fa fa-user\"><\/i>\r\n        <span>German Adasme<\/span>\r\n    <\/a>\r\n<\/div>\r\n<div class=\"property-date\">\r\n    <i class=\"fa fa-calendar\"><\/i>\r\n     4 months ago<\/div>\r\n<\/div>\r\n<div class=\"property-excerpt\">\r\n    <p>Se vende excelente departamento de 90 m\u00b2 ubicado en el exclusivo Edificio La Fragua (Calle Santa Mar\u00eda 910). Una propiedad ideal para familias que buscan amplitud y seguridad en el coraz\u00f3n de Quilpu\u00e9. Distribuci\u00f3n: 4 dormitorios, 2 ba\u00f1os, luminoso living-comedor con salida a una gran terraza, cocina independiente con logia. Comodidades: Incluye 1 estacionamiento y [&hellip;]<\/p>\n<\/div>\r\n<div class=\"ere__loop-property-info property-info layout-1\">\r\n    <div class=\"property-info-inner\">\r\n        <div class=\"ere__loop-property-info-item property-area\" data-toggle=\"tooltip\" title=\"Size\">\r\n    <i class=\"fa fa-arrows\"><\/i>\r\n    <div class=\"ere__lpi-content\">\r\n        <span class=\"ere__lpi-value\">90 m<sup>2<\/sup><\/span>\r\n        <span class=\"ere__lpi-label\">Size<\/span>\r\n    <\/div>\r\n<\/div>\r\n\r\n<div class=\"ere__loop-property-info-item property-bedrooms\" data-toggle=\"tooltip\" title=\"4 Bedrooms\">\r\n    <i class=\"fa fa-hotel\"><\/i>\r\n    <div class=\"ere__lpi-content\">\r\n        <span class=\"ere__lpi-value\">4<\/span>\r\n        <span class=\"ere__lpi-label\">Bedrooms<\/span>\r\n    <\/div>\r\n<\/div><div class=\"ere__loop-property-info-item property-bathrooms\" data-toggle=\"tooltip\" title=\"2 Bathrooms\">\r\n    <i class=\"fa fa-bath\"><\/i>\r\n    <div class=\"ere__lpi-content\">\r\n        <span class=\"ere__lpi-value\">2<\/span>\r\n        <span class=\"ere__lpi-label\">Bathrooms<\/span>\r\n    <\/div>\r\n<\/div>\r\n    <\/div>\r\n<\/div>\r\n\n\t\t<\/div>\n\t<\/div>\n<\/div><div class=\"property-item ere-property-is-featured\">\n\t<div class=\"property-inner\">\n        <div class=\"property-image\">\r\n    <img loading=\"lazy\" decoding=\"async\" width=\"330\"\r\n     height=\"180\"\r\n     src=\"https:\/\/edelterra.com\/wp-content\/uploads\/2026\/04\/www.edelterra.com_foto52-p2237-51-330x180.jpg\"\r\n     onerror=\"this.src = 'https:\/\/edelterra.com\/wp-content\/plugins\/essential-real-estate\/public\/assets\/images\/map-marker-icon.png';\"\r\n     alt=\"Mansion en Sierra Santa Elena: La Cumbre del Lujo y la Privacidad\"\r\n     title=\"Mansion en Sierra Santa Elena: La Cumbre del Lujo y la Privacidad\">\r\n\r\n<div class=\"ere__loop-property-action property-action\">\r\n    <a data-toggle=\"tooltip\"\r\n   title=\"(62) Photos\"\r\n   data-property-id=\"2237\"\r\n   href=\"javascript:void(0)\" class=\"property-view-gallery ere__loop-property_action-item\">\r\n    <i class=\"fa fa-camera\"><\/i>\r\n<\/a>\r\n<a href=\"javascript:void(0)\" class=\"property-favorite ere__loop-property_action-item\" data-property-id=\"2237\"\r\n   data-toggle=\"tooltip\"\r\n   title=\"Add to Favorite\"\r\n   data-title-not-favorite=\"Add to Favorite\"\r\n   data-title-favorited=\"It is my favorite\"\r\n   data-icon-not-favorite=\"fa fa-star-o\"\r\n   data-icon-favorited=\"fa fa-star\">\r\n    <i class=\"fa fa-star-o\"><\/i>\r\n<\/a>\r\n<a class=\"compare-property ere__loop-property_action-item\" href=\"javascript:void(0)\"\r\n   data-property-id=\"2237\" data-toggle=\"tooltip\"\r\n   title=\"Compare\">\r\n    <i class=\"fa fa-plus\"><\/i>\r\n<\/a>\r\n<\/div><div class=\"ere__loop-property-badge ere__lpb-featured-label\">\r\n            <span class=\"ere__loop-property-badge-item ere__featured\">\r\n    <span class=\"ere__lpbi-inner\">\r\n        Featured    <\/span>\r\n<\/span>\r\n    <\/div>\r\n<div class=\"ere__loop-property-badge ere__lpb-status\">\r\n                    <span style=\"--ere-loop-property-badge-bg-color:#888\" class=\"ere__loop-property-badge-item ere__term-status venta\" >\r\n            <span class=\"ere__lpbi-inner\">\r\n                En Venta            <\/span>\r\n        <\/span>\r\n    <\/div>\r\n<a class=\"property-link\" href=\"https:\/\/edelterra.com\/en\/property\/mansion-en-sierra-santa-elena\/\" title=\"Mansion en Sierra Santa Elena: La Cumbre del Lujo y la Privacidad\"><\/a>\r\n<\/div>\r\n\r\n\t\t<div class=\"property-item-content\">\n\t\t\t<div class=\"property-heading\">\n                <h2 class=\"property-title\">\n    <a href=\"https:\/\/edelterra.com\/en\/property\/mansion-en-sierra-santa-elena\/\" title=\"Mansion en Sierra Santa Elena: La Cumbre del Lujo y la Privacidad\">Mansion en Sierra Santa Elena: La Cumbre del Lujo y la Privacidad<\/a>\n<\/h2>\n\t<span class=\"property-price ere__loop-property-price\">\n\t\t\t\t\t<span class=\"property-price-prefix\">US<\/span>\n\t\t\t\t$2.300.000\t\t\t\t\t<span class=\"property-price-postfix\">\/ US Dollar<\/span>\n\t\t\t<\/span>\n\t\t\t<\/div>\n            <div class=\"property-location ere__loop-property-location\" title=\"Sierra Santa Elena, El Salvador\">\n\t<i class=\"fa fa-map-marker\"><\/i>\n\t<a target=\"_blank\" href=\"http:\/\/maps.google.com\/?q=Sierra%20Santa%20Elena,%20El%20Salvador\"><span>Sierra Santa Elena, El Salvador<\/span><\/a>\n<\/div>\n<div class=\"property-element-inline\">\r\n    <div class=\"property-type-list\"><i class=\"fa fa-tag\"><\/i><a href=\"https:\/\/edelterra.com\/en\/property-type\/mansion\/\" rel=\"tag\">Mansion<\/a><\/div><div class=\"property-agent\">\r\n    <a href=\"#\" title=\"German Adasme\">\r\n        <i class=\"fa fa-user\"><\/i>\r\n        <span>German Adasme<\/span>\r\n    <\/a>\r\n<\/div>\r\n<div class=\"property-date\">\r\n    <i class=\"fa fa-calendar\"><\/i>\r\n     5 months ago<\/div>\r\n<\/div>\r\n<div class=\"property-excerpt\">\r\n    <p>Residencia de Autor en Sierra Santa Elena: Un Refugio Elevado sobre la Ciudad Precio de Venta: $2,300,000 USD Ubicada en el enclave m\u00e1s prestigioso y seguro de San Salvador, esta majestuosa mansi\u00f3n redefine el concepto de sofisticaci\u00f3n. Con una imponente construcci\u00f3n de 1,330 m\u00b2 sobre un terreno que garantiza privacidad absoluta, la propiedad es una [&hellip;]<\/p>\n<\/div>\r\n<div class=\"ere__loop-property-info property-info layout-1\">\r\n    <div class=\"property-info-inner\">\r\n        <div class=\"ere__loop-property-info-item property-area\" data-toggle=\"tooltip\" title=\"Size\">\r\n    <i class=\"fa fa-arrows\"><\/i>\r\n    <div class=\"ere__lpi-content\">\r\n        <span class=\"ere__lpi-value\">1.330 m<sup>2<\/sup><\/span>\r\n        <span class=\"ere__lpi-label\">Size<\/span>\r\n    <\/div>\r\n<\/div>\r\n\r\n<div class=\"ere__loop-property-info-item property-bedrooms\" data-toggle=\"tooltip\" title=\"6 Bedrooms\">\r\n    <i class=\"fa fa-hotel\"><\/i>\r\n    <div class=\"ere__lpi-content\">\r\n        <span class=\"ere__lpi-value\">6<\/span>\r\n        <span class=\"ere__lpi-label\">Bedrooms<\/span>\r\n    <\/div>\r\n<\/div><div class=\"ere__loop-property-info-item property-bathrooms\" data-toggle=\"tooltip\" title=\"8 Bathrooms\">\r\n    <i class=\"fa fa-bath\"><\/i>\r\n    <div class=\"ere__lpi-content\">\r\n        <span class=\"ere__lpi-value\">8<\/span>\r\n        <span class=\"ere__lpi-label\">Bathrooms<\/span>\r\n    <\/div>\r\n<\/div>\r\n    <\/div>\r\n<\/div>\r\n\n\t\t<\/div>\n\t<\/div>\n<\/div><div class=\"property-item ere-property-is-featured\">\n\t<div class=\"property-inner\">\n        <div class=\"property-image\">\r\n    <img loading=\"lazy\" decoding=\"async\" width=\"330\"\r\n     height=\"180\"\r\n     src=\"https:\/\/edelterra.com\/wp-content\/uploads\/2026\/03\/Propiedades-Ellusives_foto3-p33-20260107-330x180.jpg\"\r\n     onerror=\"this.src = 'https:\/\/edelterra.com\/wp-content\/plugins\/essential-real-estate\/public\/assets\/images\/map-marker-icon.png';\"\r\n     alt=\"Oportunidad de Inversi\u00f3n: Edificio con Vista al Mar en Playa Ancha\"\r\n     title=\"Oportunidad de Inversi\u00f3n: Edificio con Vista al Mar en Playa Ancha\">\r\n\r\n<div class=\"ere__loop-property-action property-action\">\r\n    <a data-toggle=\"tooltip\"\r\n   title=\"(8) Photos\"\r\n   data-property-id=\"2047\"\r\n   href=\"javascript:void(0)\" class=\"property-view-gallery ere__loop-property_action-item\">\r\n    <i class=\"fa fa-camera\"><\/i>\r\n<\/a>\r\n<a href=\"javascript:void(0)\" class=\"property-favorite ere__loop-property_action-item\" data-property-id=\"2047\"\r\n   data-toggle=\"tooltip\"\r\n   title=\"Add to Favorite\"\r\n   data-title-not-favorite=\"Add to Favorite\"\r\n   data-title-favorited=\"It is my favorite\"\r\n   data-icon-not-favorite=\"fa fa-star-o\"\r\n   data-icon-favorited=\"fa fa-star\">\r\n    <i class=\"fa fa-star-o\"><\/i>\r\n<\/a>\r\n<a class=\"compare-property ere__loop-property_action-item\" href=\"javascript:void(0)\"\r\n   data-property-id=\"2047\" data-toggle=\"tooltip\"\r\n   title=\"Compare\">\r\n    <i class=\"fa fa-plus\"><\/i>\r\n<\/a>\r\n<\/div><div class=\"ere__loop-property-badge ere__lpb-featured-label\">\r\n            <span class=\"ere__loop-property-badge-item ere__featured\">\r\n    <span class=\"ere__lpbi-inner\">\r\n        Featured    <\/span>\r\n<\/span>\r\n    <\/div>\r\n<div class=\"ere__loop-property-badge ere__lpb-status\">\r\n                    <span style=\"--ere-loop-property-badge-bg-color:#888\" class=\"ere__loop-property-badge-item ere__term-status venta\" >\r\n            <span class=\"ere__lpbi-inner\">\r\n                En Venta            <\/span>\r\n        <\/span>\r\n    <\/div>\r\n<a class=\"property-link\" href=\"https:\/\/edelterra.com\/en\/property\/oportunidad-de-inversion-edificio-con-vista-al-mar-en-playa-ancha\/\" title=\"Oportunidad de Inversi\u00f3n: Edificio con Vista al Mar en Playa Ancha\"><\/a>\r\n<\/div>\r\n\r\n\t\t<div class=\"property-item-content\">\n\t\t\t<div class=\"property-heading\">\n                <h2 class=\"property-title\">\n    <a href=\"https:\/\/edelterra.com\/en\/property\/oportunidad-de-inversion-edificio-con-vista-al-mar-en-playa-ancha\/\" title=\"Oportunidad de Inversi\u00f3n: Edificio con Vista al Mar en Playa Ancha\">Oportunidad de Inversi\u00f3n: Edificio con Vista al Mar en Playa Ancha<\/a>\n<\/h2>\n\t<span class=\"property-price ere__loop-property-price\">\n\t\t\t\t\t<span class=\"property-price-prefix\">UF<\/span>\n\t\t\t\t$15.500\t\t\t<\/span>\n\t\t\t<\/div>\n            <div class=\"property-location ere__loop-property-location\" title=\"Av. Playa Ancha, Valpara\u00edso, Chile\">\n\t<i class=\"fa fa-map-marker\"><\/i>\n\t<a target=\"_blank\" href=\"http:\/\/maps.google.com\/?q=Av.%20Playa%20Ancha,%20Valpara\u00edso,%20Chile\"><span>Av. Playa Ancha, Valpara\u00edso, Chile<\/span><\/a>\n<\/div>\n<div class=\"property-element-inline\">\r\n    <div class=\"property-type-list\"><i class=\"fa fa-tag\"><\/i><a href=\"https:\/\/edelterra.com\/en\/property-type\/edificio\/\" rel=\"tag\">Edificio<\/a><\/div><div class=\"property-agent\">\r\n    <a href=\"#\" title=\"German Adasme\">\r\n        <i class=\"fa fa-user\"><\/i>\r\n        <span>German Adasme<\/span>\r\n    <\/a>\r\n<\/div>\r\n<div class=\"property-date\">\r\n    <i class=\"fa fa-calendar\"><\/i>\r\n     5 months ago<\/div>\r\n<\/div>\r\n<div class=\"property-excerpt\">\r\n    <p>Oportunidad de Inversi\u00f3n: Edificio con Vista al Mar en Playa Ancha Se vende propiedad de 1.260 m\u00b2 construidos, distribuida en tres niveles y estrat\u00e9gicamente ubicada a pasos del Paseo 21 de Mayo. Con una vista panor\u00e1mica al oc\u00e9ano y emplazada en una zona de alta plusval\u00eda tur\u00edstica, este inmueble es ideal para proyectos hoteleros o [&hellip;]<\/p>\n<\/div>\r\n<div class=\"ere__loop-property-info property-info layout-1\">\r\n    <div class=\"property-info-inner\">\r\n        <div class=\"ere__loop-property-info-item property-bathrooms\" data-toggle=\"tooltip\" title=\"9 Bathrooms\">\r\n    <i class=\"fa fa-bath\"><\/i>\r\n    <div class=\"ere__lpi-content\">\r\n        <span class=\"ere__lpi-value\">9<\/span>\r\n        <span class=\"ere__lpi-label\">Bathrooms<\/span>\r\n    <\/div>\r\n<\/div>\r\n    <\/div>\r\n<\/div>\r\n\n\t\t<\/div>\n\t<\/div>\n<\/div><div class=\"property-item\">\n\t<div class=\"property-inner\">\n        <div class=\"property-image\">\r\n    <img loading=\"lazy\" decoding=\"async\" width=\"330\"\r\n     height=\"180\"\r\n     src=\"https:\/\/edelterra.com\/wp-content\/uploads\/2026\/06\/www.edelterra.com_foto1-64-p2968-330x180.jpg\"\r\n     onerror=\"this.src = 'https:\/\/edelterra.com\/wp-content\/plugins\/essential-real-estate\/public\/assets\/images\/map-marker-icon.png';\"\r\n     alt=\"Venta Departamento 3D 2B | San Mart\u00edn, Villa Alemana Centro | 3.400 UF (~$138.670.000)\"\r\n     title=\"Venta Departamento 3D 2B | San Mart\u00edn, Villa Alemana Centro | 3.400 UF (~$138.670.000)\">\r\n\r\n<div class=\"ere__loop-property-action property-action\">\r\n    <a data-toggle=\"tooltip\"\r\n   title=\"(40) Photos\"\r\n   data-property-id=\"2968\"\r\n   href=\"javascript:void(0)\" class=\"property-view-gallery ere__loop-property_action-item\">\r\n    <i class=\"fa fa-camera\"><\/i>\r\n<\/a>\r\n<a href=\"javascript:void(0)\" class=\"property-favorite ere__loop-property_action-item\" data-property-id=\"2968\"\r\n   data-toggle=\"tooltip\"\r\n   title=\"Add to Favorite\"\r\n   data-title-not-favorite=\"Add to Favorite\"\r\n   data-title-favorited=\"It is my favorite\"\r\n   data-icon-not-favorite=\"fa fa-star-o\"\r\n   data-icon-favorited=\"fa fa-star\">\r\n    <i class=\"fa fa-star-o\"><\/i>\r\n<\/a>\r\n<a class=\"compare-property ere__loop-property_action-item\" href=\"javascript:void(0)\"\r\n   data-property-id=\"2968\" data-toggle=\"tooltip\"\r\n   title=\"Compare\">\r\n    <i class=\"fa fa-plus\"><\/i>\r\n<\/a>\r\n<\/div><div class=\"ere__loop-property-badge ere__lpb-status\">\r\n                    <span style=\"--ere-loop-property-badge-bg-color:#888\" class=\"ere__loop-property-badge-item ere__term-status venta\" >\r\n            <span class=\"ere__lpbi-inner\">\r\n                En Venta            <\/span>\r\n        <\/span>\r\n    <\/div>\r\n<a class=\"property-link\" href=\"https:\/\/edelterra.com\/en\/property\/venta-departamento-3d-2b-san-martin-villa-alemana-centro-3-400-uf-138-670-000\/\" title=\"Venta Departamento 3D 2B | San Mart\u00edn, Villa Alemana Centro | 3.400 UF (~$138.670.000)\"><\/a>\r\n<\/div>\r\n\r\n\t\t<div class=\"property-item-content\">\n\t\t\t<div class=\"property-heading\">\n                <h2 class=\"property-title\">\n    <a href=\"https:\/\/edelterra.com\/en\/property\/venta-departamento-3d-2b-san-martin-villa-alemana-centro-3-400-uf-138-670-000\/\" title=\"Venta Departamento 3D 2B | San Mart\u00edn, Villa Alemana Centro | 3.400 UF (~$138.670.000)\">Venta Departamento 3D 2B | San Mart\u00edn, Villa Alemana Centro | 3.400 UF (~$138.670.000)<\/a>\n<\/h2>\n\t<span class=\"property-price ere__loop-property-price\">\n\t\t\t\t\t<span class=\"property-price-prefix\">UF<\/span>\n\t\t\t\t$3.400\t\t\t\t\t<span class=\"property-price-postfix\">\/ (~$138.670.000)<\/span>\n\t\t\t<\/span>\n\t\t\t<\/div>\n            <div class=\"property-location ere__loop-property-location\" title=\"San Martin 141, Villa Alemana\">\n\t<i class=\"fa fa-map-marker\"><\/i>\n\t<a target=\"_blank\" href=\"http:\/\/maps.google.com\/?q=San%20Martin%20141,%20Villa%20Alemana\"><span>San Martin 141, Villa Alemana<\/span><\/a>\n<\/div>\n<div class=\"property-element-inline\">\r\n    <div class=\"property-type-list\"><i class=\"fa fa-tag\"><\/i><a href=\"https:\/\/edelterra.com\/en\/property-type\/departamento\/\" rel=\"tag\">Departamento<\/a><\/div><div class=\"property-agent\">\r\n    <a href=\"#\" title=\"German Adasme\">\r\n        <i class=\"fa fa-user\"><\/i>\r\n        <span>German Adasme<\/span>\r\n    <\/a>\r\n<\/div>\r\n<div class=\"property-date\">\r\n    <i class=\"fa fa-calendar\"><\/i>\r\n     3 months ago<\/div>\r\n<\/div>\r\n<div class=\"property-excerpt\">\r\n    <p>En venta una excelente propiedad residencial con un perfil estrat\u00e9gico, ideal tanto para inversi\u00f3n como para vivienda habitacional. El inmueble se emplaza en una ubicaci\u00f3n privilegiada en pleno centro de Villa Alemana (San Mart\u00edn 141), garantizando una conectividad \u00f3ptima, alta plusval\u00eda y acceso inmediato a servicios comerciales, financieros y de transporte. Detalles de la Propiedad: [&hellip;]<\/p>\n<\/div>\r\n<div class=\"ere__loop-property-info property-info layout-1\">\r\n    <div class=\"property-info-inner\">\r\n        <div class=\"ere__loop-property-info-item property-area\" data-toggle=\"tooltip\" title=\"Size\">\r\n    <i class=\"fa fa-arrows\"><\/i>\r\n    <div class=\"ere__lpi-content\">\r\n        <span class=\"ere__lpi-value\">65 m<sup>2<\/sup><\/span>\r\n        <span class=\"ere__lpi-label\">Size<\/span>\r\n    <\/div>\r\n<\/div>\r\n\r\n<div class=\"ere__loop-property-info-item property-bedrooms\" data-toggle=\"tooltip\" title=\"3 Bedrooms\">\r\n    <i class=\"fa fa-hotel\"><\/i>\r\n    <div class=\"ere__lpi-content\">\r\n        <span class=\"ere__lpi-value\">3<\/span>\r\n        <span class=\"ere__lpi-label\">Bedrooms<\/span>\r\n    <\/div>\r\n<\/div><div class=\"ere__loop-property-info-item property-bathrooms\" data-toggle=\"tooltip\" title=\"2 Bathrooms\">\r\n    <i class=\"fa fa-bath\"><\/i>\r\n    <div class=\"ere__lpi-content\">\r\n        <span class=\"ere__lpi-value\">2<\/span>\r\n        <span class=\"ere__lpi-label\">Bathrooms<\/span>\r\n    <\/div>\r\n<\/div>\r\n    <\/div>\r\n<\/div>\r\n\n\t\t<\/div>\n\t<\/div>\n<\/div>        <\/div>\n            <\/div>\n<\/div>\n\n\n\n<\/div>\n\n\n<div data-spectra-id=\"spectra-ms3rvnnf-tom4a6\"\tstyle=\"overflow: visible\" class=\"spectra-is-root-container alignfull spectra-overlay-color spectra-overflow wp-block-spectra-container\" data-orientation=\"vertical\"\t>\n\t\n<div data-spectra-id=\"spectra-ms3rw0c1-fvjaks\" style=\"display: flex;justify-content: center\" class=\"wp-block-spectra-separator\">\n\t<div class=\"spectra-separator-line\" style=\"margin-left: auto;margin-right: auto;background-color: currentColor\"><\/div>\n<\/div>\n\n<\/div>\n\n\n<div data-spectra-id=\"71f7405a\"\tstyle=\"overflow: visible;--spectra-background-color: var(--ast-global-color-5);--spectra-overlay-opacity: 1\" class=\"spectra-is-root-container alignfull spectra-overlay-color spectra-overflow spectra-background-color spectra-dim-ratio wp-block-spectra-container\" data-orientation=\"vertical\"\t>\n\t\n<div data-spectra-id=\"spectra-mgqfji8g-xjbufu\" style=\"overflow: visible\" class=\"spectra-overlay-color spectra-overflow wp-block-spectra-container\" data-orientation=\"vertical\">\n\t\n<div data-spectra-id=\"spectra-67c74aef-root\" style=\"overflow: visible\" class=\"spectra-overlay-color spectra-overflow wp-block-spectra-container\" data-orientation=\"vertical\">\n\t\n\t<h2 data-spectra-id=\"spectra-67c74aef-heading\" class=\"wp-block-spectra-content\">\n\t\tPortal web y redes sociales\t<\/h2>\n\n<\/div>\n\n\n<div data-spectra-id=\"spectra-0e5f7db4-root\" style=\"overflow: visible\" class=\"spectra-overlay-color spectra-overflow wp-block-spectra-container\" data-orientation=\"vertical\">\n\t\n\t<p data-spectra-id=\"spectra-0e5f7db4-desc\" class=\"wp-block-spectra-content\">\n\t\tContamos con mas sitios web asociados para aumentar la visibilidad de tu publicaci\u00f3n, ademas de publicaciones en redes sociales como Marketplace, facebook, tik-tok y youtube.<br>Aumentemos tu visibilidad para vender o comprar esa propiedad!\t<\/p>\n\n<\/div>\n\n<\/div>\n\n<\/div>\n\n\n<div data-spectra-id=\"737cf484\"\tstyle=\"overflow: visible;--spectra-background-gradient: radial-gradient( at center center, var(--ast-global-color-1) 0%, var(--ast-global-color-0) 100%);--spectra-overlay-opacity: 0.6\" class=\"spectra-is-root-container alignfull spectra-overlay-color spectra-overflow spectra-background-gradient spectra-dim-ratio wp-block-spectra-container\" data-orientation=\"vertical\"\t>\n\t\n<div data-spectra-id=\"spectra-mgqgdatr-onh284\" style=\"overflow: visible\" class=\"spectra-overlay-color spectra-overflow wp-block-spectra-container\" data-orientation=\"vertical\">\n\t\n\t<h2 data-spectra-id=\"spectra-a1136e67-title\" style=\"color:var(--ast-global-color-5)\" class=\"wp-block-spectra-content has-text-color\">\n\t\tLl\u00e1manos, Escr\u00edbenos!\t<\/h2>\n\n\n\t<p data-spectra-id=\"spectra-a1136e67-desc\" style=\"color:var(--ast-global-color-5)\" class=\"wp-block-spectra-content has-text-color\">\n\t\tcontactanos si estas en busca de una propiedad o si quieres vender una\t<\/p>\n\n\n<div data-spectra-id=\"spectra-a1136e67-buttons\" class=\"wp-block-button spectra-buttons wp-block-spectra-buttons\">\n\t\n<a data-spectra-id=\"spectra-a1136e67-button\" href=\"https:\/\/edelterra.com\/contacto\/\" target=\"_self\" aria-label=\"Contacto\" style=\"background-color:#00000000;--spectra-text-color: var(--ast-global-color-5);--spectra-text-color-hover: #000f2b;--spectra-background-color-hover: #ffffff\" class=\"wp-block-button__link wp-element-button spectra-text-color spectra-text-color-hover spectra-background-color-hover wp-block-spectra-button has-text-color has-var-ast-global-color-5-color has-background\">\n<div class=\"spectra-button__link\">Contacto<\/div><\/a>\n\n<\/div>\n\n<\/div>\n\n<\/div>\n","protected":false},"excerpt":{"rendered":"","protected":false},"author":1,"featured_media":0,"parent":0,"menu_order":0,"comment_status":"closed","ping_status":"closed","template":"","meta":{"_uag_custom_page_level_css":"","site-sidebar-layout":"no-sidebar","site-content-layout":"plain-container","ast-site-content-layout":"full-width-container","site-content-style":"unboxed","site-sidebar-style":"unboxed","ast-global-header-display":"","ast-banner-title-visibility":"","ast-main-header-display":"","ast-hfb-above-header-display":"","ast-hfb-below-header-display":"","ast-hfb-mobile-header-display":"","site-post-title":"disabled","ast-breadcrumbs-content":"","ast-featured-img":"disabled","footer-sml-layout":"","ast-disable-related-posts":"","theme-transparent-header-meta":"enabled","adv-header-id-meta":"","stick-header-meta":"","header-above-stick-meta":"","header-main-stick-meta":"","header-below-stick-meta":"","astra-migrate-meta-layouts":"set","ast-page-background-enabled":"default","ast-page-background-meta":{"desktop":{"background-color":"","background-image":"","background-repeat":"repeat","background-position":"center center","background-size":"auto","background-attachment":"scroll","background-type":"","background-media":"","overlay-type":"","overlay-color":"","overlay-opacity":"","overlay-gradient":""},"tablet":{"background-color":"","background-image":"","background-repeat":"repeat","background-position":"center center","background-size":"auto","background-attachment":"scroll","background-type":"","background-media":"","overlay-type":"","overlay-color":"","overlay-opacity":"","overlay-gradient":""},"mobile":{"background-color":"","background-image":"","background-repeat":"repeat","background-position":"center center","background-size":"auto","background-attachment":"scroll","background-type":"","background-media":"","overlay-type":"","overlay-color":"","overlay-opacity":"","overlay-gradient":""}},"ast-content-background-meta":{"desktop":{"background-color":"var(--ast-global-color-5)","background-image":"","background-repeat":"repeat","background-position":"center center","background-size":"auto","background-attachment":"scroll","background-type":"","background-media":"","overlay-type":"","overlay-color":"","overlay-opacity":"","overlay-gradient":""},"tablet":{"background-color":"var(--ast-global-color-5)","background-image":"","background-repeat":"repeat","background-position":"center center","background-size":"auto","background-attachment":"scroll","background-type":"","background-media":"","overlay-type":"","overlay-color":"","overlay-opacity":"","overlay-gradient":""},"mobile":{"background-color":"var(--ast-global-color-5)","background-image":"","background-repeat":"repeat","background-position":"center center","background-size":"auto","background-attachment":"scroll","background-type":"","background-media":"","overlay-type":"","overlay-color":"","overlay-opacity":"","overlay-gradient":""}},"footnotes":""},"class_list":["post-217","page","type-page","status-publish","hentry"],"uagb_featured_image_src":{"full":false,"thumbnail":false,"medium":false,"medium_large":false,"large":false,"1536x1536":false,"2048x2048":false,"trp-custom-language-flag":false},"uagb_author_info":{"display_name":"webmaster","author_link":"https:\/\/edelterra.com\/en\/author\/728ad0a5e33bc57e\/"},"uagb_comment_info":0,"uagb_excerpt":null,"_links":{"self":[{"href":"https:\/\/edelterra.com\/en\/wp-json\/wp\/v2\/pages\/217","targetHints":{"allow":["GET"]}}],"collection":[{"href":"https:\/\/edelterra.com\/en\/wp-json\/wp\/v2\/pages"}],"about":[{"href":"https:\/\/edelterra.com\/en\/wp-json\/wp\/v2\/types\/page"}],"author":[{"embeddable":true,"href":"https:\/\/edelterra.com\/en\/wp-json\/wp\/v2\/users\/1"}],"replies":[{"embeddable":true,"href":"https:\/\/edelterra.com\/en\/wp-json\/wp\/v2\/comments?post=217"}],"version-history":[{"count":87,"href":"https:\/\/edelterra.com\/en\/wp-json\/wp\/v2\/pages\/217\/revisions"}],"predecessor-version":[{"id":3480,"href":"https:\/\/edelterra.com\/en\/wp-json\/wp\/v2\/pages\/217\/revisions\/3480"}],"wp:attachment":[{"href":"https:\/\/edelterra.com\/en\/wp-json\/wp\/v2\/media?parent=217"}],"curies":[{"name":"wp","href":"https:\/\/api.w.org\/{rel}","templated":true}]}}